{"id":12620,"date":"2019-01-02T10:15:25","date_gmt":"2019-01-02T09:15:25","guid":{"rendered":"http:\/\/tc.nagencyserver.it\/?page_id=12620"},"modified":"2021-05-14T16:47:17","modified_gmt":"2021-05-14T14:47:17","slug":"home","status":"publish","type":"page","link":"https:\/\/tempodicottura.it\/","title":{"rendered":"Tempo di cottura &#8211; Ricette di Natalia Cattelani"},"content":{"rendered":"<ul>\n<li>\n<p>        <img decoding=\"async\" src=\"\/wp-content\/uploads\/2019\/07\/ricette-in-tv-natalia-cattelani.jpg\" alt=\"\"\/><\/p>\n<h1>\u00e8 sempre mezzogiorno<\/h1>\n<p>I miei dolci in tv<\/p>\n<div>\n<p>Tutti i venerd\u00ec su Rai1, dolci facili e buoni<\/p>\n<\/div>\n<p><a href=\"\/category\/ricette-in-tv\/\">tutte le ricette<\/a><\/p>\n<\/li>\n<li>\n<p>        <img decoding=\"async\" src=\"\/wp-content\/uploads\/2020\/04\/home-libri.jpg\" alt=\"\"\/><\/p>\n<h1>Dolci per mille occasioni<\/h1>\n<p>LIBRI<\/p>\n<div>\n<p>Il mio ultimo libro!<\/p>\n<\/div>\n<p><a href=\"\/i-miei-libri\">SCOPRI DI PI\u00d9<\/a><\/p>\n<\/li>\n<li>\n<p>        <img decoding=\"async\" src=\"\/wp-content\/uploads\/2021\/01\/home_ricette_merende_natalia_cattelani.jpg\" alt=\"\"\/><\/p>\n<h1>Merende gustose<\/h1>\n<div>Tante ricette semplici per dolci, torte e biscotti.<\/div>\n<p><a href=\"\/category\/ricette-per-portata\/merende\/\">ricette per la merenda<\/a><\/p>\n<\/li>\n<\/ul>\n<p><img decoding=\"async\" src=\"\/wp-content\/uploads\/2020\/11\/Natalia-Cattelani-rai1-e-sempre-mezzogiorno.jpg\" alt=\"\"\/><\/p>\n<div>\n<h3 style=\"min-height: 30px; text-align: center;\">Cerca tra le mie ricette<\/h3>\n<\/div>\n<div>\n<h3 style=\"min-height: 30px; text-align: center;color:white;\"> Cerca<\/h3>\n<\/div>\n<h2><span class=\"titolomodulihomeslenn\">Ricette in tv<\/span><\/h2>\n<h3><a href=\"\/category\/ricette-in-tv\/\">Ricette in TV<\/a><\/h3>\n<div>\n<style type=\"text\/css\">#sp-post-carousel-pro-13093 .sp-pcp-post{\n\t\t\t\tmargin-right: 20px;\n\t\t\t}#sp-post-carousel-pro-13093.sp-post-carousel-pro-area{\n\t\t\t\tmargin-right: -20px;\n\t\t\t}\n\t\t\t#sp-post-carousel-pro-13093 .sp-pcp-post-meta,\n\t\t\t.sp-pcp-modal-post-13093 .sp-pcp-post-meta{\n\t\t\t\ttext-align: left;\n\t\t\t}\n\t\t\t#sp-post-carousel-pro-13093 .sp-pcp-post-meta li i{\n\t\t\t\tcolor: #1c1c1c;\n\t\t\t}\n\t\t\t#sp-post-carousel-pro-13093 .sp-pcp-post-meta li,\n\t\t\t#sp-post-carousel-pro-13093 .sp-pcp-post-meta li a,\n\t\t\t.sp-pcp-modal-post-13093 .sp-pcp-post-meta li,\n\t\t\t.sp-pcp-modal-post-13093 .sp-pcp-post-meta li a{\n\t\t\t\tcolor: #1c1c1c;\n\t\t\t\tfont-size: 14px;\n\t\t\t\tline-height: 16px;\n\t\t\t\ttext-transform: none;\n\t\t\t\tletter-spacing: normal;\n\t\t\t\t\n\t\t\t\tfont-family: Montserrat;\n\t\t\t\tfont-weight: 300;\n\t\t\t\tfont-style: normal;\n\t\t\t\t\n\t\t\t}\n\t\t\t\n\t\t\t#sp-post-carousel-pro-13093 .sp-pcp-post-meta li a:hover,\n\t\t\t#sp-post-carousel-pro-13093 .sp-pcp-post-meta li a.pcpro-post-like.liked,\n\t\t\t.sp-pcp-modal-post-13093 .sp-pcp-post-meta li a:hover,\n\t\t\t.sp-pcp-modal-post-13093 .sp-pcp-post-meta li a.pcpro-post-like.liked{\n\t\t\t\tcolor: #e44646;\n\t\t\t}#sp-post-carousel-pro-13093 .sp-pcp-top-cats,\n\t\t\t\t#sp-post-carousel-pro-13093 .sp-pcp-category{\n\t\t\t\t\ttext-align: left;\n\t\t\t\t}#sp-post-carousel-pro-13093.sp-post-carousel-pro-area .slick-arrow{\n\t\t\t\t\tbackground-color: transparent;\n\t\t\t\t\tborder: 1px solid #cccccc;\n\t\t\t\t\tborder-radius: 0px;\n\t\t\t\t}\n\t\t\t\t#sp-post-carousel-pro-13093.sp-post-carousel-pro-area .slick-arrow i{\n\t\t\t\t\tcolor: #cccccc;\n\t\t\t\t}\n\t\t\t\t#sp-post-carousel-pro-13093.sp-post-carousel-pro-area .slick-arrow:hover i{\n\t\t\t\t\tcolor: #ffffff;\n\t\t\t\t}\n\t\t\t\t#sp-post-carousel-pro-13093.sp-post-carousel-pro-area .slick-arrow:hover{\n\t\t\t\t\tbackground-color: #444444;\n\t\t\t\t\tborder-color: #444444;\n\t\t\t\t}\n\t\t\t\t.sp-post-carousel-pro-section13093.sp_nav_position_vertical_center .slick-next{\n\t\t\t\t\tright: 20px;\n\t\t\t\t}\n\t\t\t\t.sp-post-carousel-pro-section13093 .sp-post-carousel-pro-area{\n\t\t\t\t\tpadding: 0 45px;\n\t\t\t\t}\n\t\t\t\t#sp-post-carousel-pro-13093 .sp-pcp-post a.sp-pcp-read-more{\n\t\t\t\t\tbackground-color: #e10735;\n\t\t\t\t\tpadding: 6px 15px;\n\t\t\t\t}\n\t\t\t\t#sp-post-carousel-pro-13093 .sp-pcp-post a.sp-pcp-read-more:hover{\n\t\t\t\t\tbackground-color: #e96443;\n\t\t\t\t}#sp-post-carousel-pro-13093 a.sp-pcp-read-more{\n\t\t\t\t\tcolor: #ffffff;\n\t\t\t\t\tdisplay: inline-block;\n\t\t\t\t\tfont-size: 14px;\n\t\t\t\t\tline-height: 20px;\n\t\t\t\t\ttext-transform: none;\n\t\t\t\t\tletter-spacing: normal;\n\t\t\t\t\t\n\t\t\t\t\tfont-family: Raleway;\n\t\t\t\t\tfont-weight: 400;\n\t\t\t\t\tfont-style: normal;\n\t\t\t\t\t\n\t\t\t\t}\n\t\t\t\t#sp-post-carousel-pro-13093 .sp-pcp-post .sp-pcp-readmore-area{\n\t\t\t\t\ttext-align: left;\n\t\t\t\t}\n\t\t\t\t#sp-post-carousel-pro-13093 .sp-pcp-post a.sp-pcp-read-more:hover{\n\t\t\t\t\tcolor: #ffffff;\n\t\t\t\t}#sp-post-carousel-pro-13093 .sp-pcp-post a.sp-pcp-read-more{\n\t\t\t\t\t\tmargin-bottom: 16px;\n\t\t\t\t\t}#sp-post-carousel-pro-13093 .sp-pcp-post-title,\n\t\t\t\t#sp-post-carousel-pro-13093 .sp-pcp-post-title a,\n\t\t\t\t.sp-pcp-modal-post-13093 .sp-pcp-post-title{\n\t\t\t\t\tfont-family: Montserrat;\n\t\t\t\t\tfont-weight: 300;\n\t\t\t\t\tfont-style: normal;\n\t\t\t\t\t\n\t\t\t\t\tcolor: #e10735;\n\t\t\t\t\tfont-size: 25px;\n\t\t\t\t\tline-height: 25px;\n\t\t\t\t\ttext-transform: none;\n\t\t\t\t\tletter-spacing: normal;\n\t\t\t\t\ttext-align: left;\n\t\t\t\t}\n\t\t\t\t#sp-post-carousel-pro-13093 .sp-pcp-post .sp-pcp-post-title:hover,\n\t\t\t\t#sp-post-carousel-pro-13093 .sp-pcp-post .sp-pcp-post-title a:hover{\n\t\t\t\t\tcolor: #c40e34;\n\t\t\t\t}#sp-post-carousel-pro-13093.sp-post-carousel-pro-area{\n\t\t\t\t\tdisplay: none;\n\t\t\t\t}\n\t\t\t\t#sp-post-carousel-pro-13093.sp-post-carousel-pro-area.slick-initialized {\n\t\t\t\t\tdisplay: block;\n\t\t\t\t}\n\t\t\t\t<\/style><div class=\"sp-post-carousel-pro-section sp-post-carousel-pro-section13093 sp_nav_position_vertical_center pagination-type-dots sp_pcp_theme_one\"><div id=\"sp-post-carousel-pro-13093\" data-arrowtype=\"angle\" class=\"sp-post-carousel-pro-area sp-post-carousel-pro\" data-slick='{\"pauseOnHover\":true, \"slidesToShow\": 4,  \"speed\": 600, \"dots\": false, \"arrows\": true, \"infinite\": true, \"slidesToScroll\": 2, \"swipe\": true, \"draggable\": true, \"autoplay\": true, \"autoplaySpeed\": 3000, \"responsive\": [{ \"breakpoint\": 1100, \"settings\": { \"slidesToShow\": 4 }},{ \"breakpoint\": 990, \"settings\": { \"slidesToShow\":  2 }},{ \"breakpoint\": 650, \"settings\": {\"slidesToShow\": 1 }}]}'><div class=\"sp-pcp-post sp-pcp-item-visible \"><div class=\"sp-pcp-post-relative\"><a href=\"https:\/\/tempodicottura.it\/2026\/06\/24\/angel-food-cake-la-torta-soffice-come-una-nuvola-fatta-di-soli-albumi\/\" class=\"sp-pcp-post-image  \"><img decoding=\"async\" class=\"sp-pcp-post-img\" src=\"https:\/\/tempodicottura.it\/wp-content\/uploads\/2026\/06\/angel-food-cake-500x450.jpeg\"><\/a><h2 class=\"sp-pcp-post-title\"><a href=\"https:\/\/tempodicottura.it\/2026\/06\/24\/angel-food-cake-la-torta-soffice-come-una-nuvola-fatta-di-soli-albumi\/\">Angel Food Cake: la torta soffice come una nuvola (fatta di soli albumi!)<\/a><\/h2><div class=\"sp-pcp-post-meta\">\n\t\t\t\t\t\t<ul><li><time class=\"entry-date published updated\" datetime=\"2026-06-24T12:00:04+02:00\">24 Giugno 2026<\/time><time class=\"updated sp-hidden\" datetime=\"2026-06-11T09:22:47+02:00\">11 Giugno 2026<\/time><\/li><li><a href=\"https:\/\/tempodicottura.it\/category\/feste\/\" rel=\"category tag\">Feste<\/a>, <a href=\"https:\/\/tempodicottura.it\/category\/ricette-per-portata\/dolci\/\" rel=\"category tag\">Dolci e Torte<\/a>, <a href=\"https:\/\/tempodicottura.it\/category\/feste\/foodcraft\/\" rel=\"category tag\">Food&amp;Craft<\/a>, <a href=\"https:\/\/tempodicottura.it\/category\/primavera\/\" rel=\"category tag\">Primavera<\/a>, <a href=\"https:\/\/tempodicottura.it\/category\/ricette-in-tv\/\" rel=\"category tag\">Ricette in tv<\/a>, <a href=\"https:\/\/tempodicottura.it\/category\/ricette-per-portata\/\" rel=\"category tag\">Ricette per portata<\/a><\/li><\/ul>\n\t\t\t\t\t<\/div><div class=\"sp-pcp-social-share-button sp-text-left\"><a class=\"sp-facebook\" style=\"color:#ffffff;background-color:#cccccc;border-radius:20px;\" onClick=\"window.open('http:\/\/www.facebook.com\/sharer.php?u=https:\/\/tempodicottura.it\/2026\/06\/24\/angel-food-cake-la-torta-soffice-come-una-nuvola-fatta-di-soli-albumi\/','Facebook','width=600,height=300,left='+(screen.availWidth\/2-300)+',top='+(screen.availHeight\/2-150)+''); return false;\" href=\"http:\/\/www.facebook.com\/sharer.php?u=https:\/\/tempodicottura.it\/2026\/06\/24\/angel-food-cake-la-torta-soffice-come-una-nuvola-fatta-di-soli-albumi\/\"><i class=\"fa fa-facebook\"><\/i><\/a><a class=\"sp-twitter\" style=\"color:#ffffff;background-color:#cccccc;border-radius:20px;\" onClick=\"window.open('http:\/\/twitter.com\/share?url=https:\/\/tempodicottura.it\/2026\/06\/24\/angel-food-cake-la-torta-soffice-come-una-nuvola-fatta-di-soli-albumi\/&amp;text=Angel Food Cake: la torta soffice come una nuvola (fatta di soli albumi!)','Twitter share','width=600,height=300,left='+(screen.availWidth\/2-300)+',top='+(screen.availHeight\/2-150)+''); return false;\" href=\"http:\/\/twitter.com\/share?url=https:\/\/tempodicottura.it\/2026\/06\/24\/angel-food-cake-la-torta-soffice-come-una-nuvola-fatta-di-soli-albumi\/&amp;text=Angel Food Cake: la torta soffice come una nuvola (fatta di soli albumi!)\"><i class=\"fa fa-twitter\"><\/i><\/a><a class=\"sp-pinterest\" style=\"color:#ffffff;background-color:#cccccc;border-radius:20px;\" href='javascript:void((function()%7Bvar%20e=document.createElement(&apos;script&apos;);e.setAttribute(&apos;type&apos;,&apos;text\/javascript&apos;);e.setAttribute(&apos;charset&apos;,&apos;UTF-8&apos;);e.setAttribute(&apos;src&apos;,&apos;https:\/\/assets.pinterest.com\/js\/pinmarklet.js?r=&apos;+Math.random()*99999999);document.body.appendChild(e)%7D)());'><i class=\"fa fa-pinterest\"><\/i><\/a><a class=\"sp-envelope\" style=\"color:#ffffff;background-color:#cccccc;border-radius:20px;\" href=\"mailto:?Subject=Angel Food Cake: la torta soffice come una nuvola (fatta di soli albumi!)&amp;Body=https:\/\/tempodicottura.it\/2026\/06\/24\/angel-food-cake-la-torta-soffice-come-una-nuvola-fatta-di-soli-albumi\/\"><i class=\"fa fa-envelope-o\"><\/i><\/a><\/div><\/div><\/div><div class=\"sp-pcp-post sp-pcp-item-visible \"><div class=\"sp-pcp-post-relative\"><a href=\"https:\/\/tempodicottura.it\/2026\/05\/28\/long-cake-la-torta-trend-del-momento-per-i-tuoi-dolci-estivi\/\" class=\"sp-pcp-post-image  \"><img decoding=\"async\" class=\"sp-pcp-post-img\" src=\"https:\/\/tempodicottura.it\/wp-content\/uploads\/2026\/05\/long-cake-500x450.jpeg\"><\/a><h2 class=\"sp-pcp-post-title\"><a href=\"https:\/\/tempodicottura.it\/2026\/05\/28\/long-cake-la-torta-trend-del-momento-per-i-tuoi-dolci-estivi\/\">Long Cake: La Torta Trend del Momento per i Tuoi Dolci Estivi<\/a><\/h2><div class=\"sp-pcp-post-meta\">\n\t\t\t\t\t\t<ul><li><time class=\"entry-date published updated\" datetime=\"2026-05-28T12:07:17+02:00\">28 Maggio 2026<\/time><\/li><li><a href=\"https:\/\/tempodicottura.it\/category\/dolci-di-casa\/\" rel=\"category tag\">dolci di casa<\/a>, <a href=\"https:\/\/tempodicottura.it\/category\/ricette-per-portata\/dolci\/\" rel=\"category tag\">Dolci e Torte<\/a>, <a href=\"https:\/\/tempodicottura.it\/category\/estate\/\" rel=\"category tag\">Estate<\/a>, <a href=\"https:\/\/tempodicottura.it\/category\/feste\/\" rel=\"category tag\">Feste<\/a>, <a href=\"https:\/\/tempodicottura.it\/category\/feste\/foodcraft\/\" rel=\"category tag\">Food&amp;Craft<\/a>, <a href=\"https:\/\/tempodicottura.it\/category\/ricette-in-tv\/\" rel=\"category tag\">Ricette in tv<\/a>, <a href=\"https:\/\/tempodicottura.it\/category\/ricette-per-portata\/\" rel=\"category tag\">Ricette per portata<\/a><\/li><\/ul>\n\t\t\t\t\t<\/div><div class=\"sp-pcp-social-share-button sp-text-left\"><a class=\"sp-facebook\" style=\"color:#ffffff;background-color:#cccccc;border-radius:20px;\" onClick=\"window.open('http:\/\/www.facebook.com\/sharer.php?u=https:\/\/tempodicottura.it\/2026\/05\/28\/long-cake-la-torta-trend-del-momento-per-i-tuoi-dolci-estivi\/','Facebook','width=600,height=300,left='+(screen.availWidth\/2-300)+',top='+(screen.availHeight\/2-150)+''); return false;\" href=\"http:\/\/www.facebook.com\/sharer.php?u=https:\/\/tempodicottura.it\/2026\/05\/28\/long-cake-la-torta-trend-del-momento-per-i-tuoi-dolci-estivi\/\"><i class=\"fa fa-facebook\"><\/i><\/a><a class=\"sp-twitter\" style=\"color:#ffffff;background-color:#cccccc;border-radius:20px;\" onClick=\"window.open('http:\/\/twitter.com\/share?url=https:\/\/tempodicottura.it\/2026\/05\/28\/long-cake-la-torta-trend-del-momento-per-i-tuoi-dolci-estivi\/&amp;text=Long Cake: La Torta Trend del Momento per i Tuoi Dolci Estivi','Twitter share','width=600,height=300,left='+(screen.availWidth\/2-300)+',top='+(screen.availHeight\/2-150)+''); return false;\" href=\"http:\/\/twitter.com\/share?url=https:\/\/tempodicottura.it\/2026\/05\/28\/long-cake-la-torta-trend-del-momento-per-i-tuoi-dolci-estivi\/&amp;text=Long Cake: La Torta Trend del Momento per i Tuoi Dolci Estivi\"><i class=\"fa fa-twitter\"><\/i><\/a><a class=\"sp-pinterest\" style=\"color:#ffffff;background-color:#cccccc;border-radius:20px;\" href='javascript:void((function()%7Bvar%20e=document.createElement(&apos;script&apos;);e.setAttribute(&apos;type&apos;,&apos;text\/javascript&apos;);e.setAttribute(&apos;charset&apos;,&apos;UTF-8&apos;);e.setAttribute(&apos;src&apos;,&apos;https:\/\/assets.pinterest.com\/js\/pinmarklet.js?r=&apos;+Math.random()*99999999);document.body.appendChild(e)%7D)());'><i class=\"fa fa-pinterest\"><\/i><\/a><a class=\"sp-envelope\" style=\"color:#ffffff;background-color:#cccccc;border-radius:20px;\" href=\"mailto:?Subject=Long Cake: La Torta Trend del Momento per i Tuoi Dolci Estivi&amp;Body=https:\/\/tempodicottura.it\/2026\/05\/28\/long-cake-la-torta-trend-del-momento-per-i-tuoi-dolci-estivi\/\"><i class=\"fa fa-envelope-o\"><\/i><\/a><\/div><\/div><\/div><div class=\"sp-pcp-post sp-pcp-item-visible \"><div class=\"sp-pcp-post-relative\"><a href=\"https:\/\/tempodicottura.it\/2026\/05\/20\/cheesecake-allalbicocche-il-dolce-estivo-senza-cottura\/\" class=\"sp-pcp-post-image  \"><img decoding=\"async\" class=\"sp-pcp-post-img\" src=\"https:\/\/tempodicottura.it\/wp-content\/uploads\/2026\/05\/cheesecake-allalbicocche-1-500x450.jpeg\"><\/a><h2 class=\"sp-pcp-post-title\"><a href=\"https:\/\/tempodicottura.it\/2026\/05\/20\/cheesecake-allalbicocche-il-dolce-estivo-senza-cottura\/\">Cheesecake all&#8217;Albicocche: Il Dolce Estivo Senza Cottura<\/a><\/h2><div class=\"sp-pcp-post-meta\">\n\t\t\t\t\t\t<ul><li><time class=\"entry-date published updated\" datetime=\"2026-05-20T12:00:18+02:00\">20 Maggio 2026<\/time><time class=\"updated sp-hidden\" datetime=\"2026-05-19T20:32:48+02:00\">19 Maggio 2026<\/time><\/li><li><a href=\"https:\/\/tempodicottura.it\/category\/dolci-di-casa\/\" rel=\"category tag\">dolci di casa<\/a>, <a href=\"https:\/\/tempodicottura.it\/category\/ricette-per-portata\/dolci\/\" rel=\"category tag\">Dolci e Torte<\/a>, <a href=\"https:\/\/tempodicottura.it\/category\/estate\/\" rel=\"category tag\">Estate<\/a>, <a href=\"https:\/\/tempodicottura.it\/category\/ricette-in-tv\/\" rel=\"category tag\">Ricette in tv<\/a>, <a href=\"https:\/\/tempodicottura.it\/category\/ricette-per-portata\/\" rel=\"category tag\">Ricette per portata<\/a><\/li><\/ul>\n\t\t\t\t\t<\/div><div class=\"sp-pcp-social-share-button sp-text-left\"><a class=\"sp-facebook\" style=\"color:#ffffff;background-color:#cccccc;border-radius:20px;\" onClick=\"window.open('http:\/\/www.facebook.com\/sharer.php?u=https:\/\/tempodicottura.it\/2026\/05\/20\/cheesecake-allalbicocche-il-dolce-estivo-senza-cottura\/','Facebook','width=600,height=300,left='+(screen.availWidth\/2-300)+',top='+(screen.availHeight\/2-150)+''); return false;\" href=\"http:\/\/www.facebook.com\/sharer.php?u=https:\/\/tempodicottura.it\/2026\/05\/20\/cheesecake-allalbicocche-il-dolce-estivo-senza-cottura\/\"><i class=\"fa fa-facebook\"><\/i><\/a><a class=\"sp-twitter\" style=\"color:#ffffff;background-color:#cccccc;border-radius:20px;\" onClick=\"window.open('http:\/\/twitter.com\/share?url=https:\/\/tempodicottura.it\/2026\/05\/20\/cheesecake-allalbicocche-il-dolce-estivo-senza-cottura\/&amp;text=Cheesecake all&#8217;Albicocche: Il Dolce Estivo Senza Cottura','Twitter share','width=600,height=300,left='+(screen.availWidth\/2-300)+',top='+(screen.availHeight\/2-150)+''); return false;\" href=\"http:\/\/twitter.com\/share?url=https:\/\/tempodicottura.it\/2026\/05\/20\/cheesecake-allalbicocche-il-dolce-estivo-senza-cottura\/&amp;text=Cheesecake all&#8217;Albicocche: Il Dolce Estivo Senza Cottura\"><i class=\"fa fa-twitter\"><\/i><\/a><a class=\"sp-pinterest\" style=\"color:#ffffff;background-color:#cccccc;border-radius:20px;\" href='javascript:void((function()%7Bvar%20e=document.createElement(&apos;script&apos;);e.setAttribute(&apos;type&apos;,&apos;text\/javascript&apos;);e.setAttribute(&apos;charset&apos;,&apos;UTF-8&apos;);e.setAttribute(&apos;src&apos;,&apos;https:\/\/assets.pinterest.com\/js\/pinmarklet.js?r=&apos;+Math.random()*99999999);document.body.appendChild(e)%7D)());'><i class=\"fa fa-pinterest\"><\/i><\/a><a class=\"sp-envelope\" style=\"color:#ffffff;background-color:#cccccc;border-radius:20px;\" href=\"mailto:?Subject=Cheesecake all&#8217;Albicocche: Il Dolce Estivo Senza Cottura&amp;Body=https:\/\/tempodicottura.it\/2026\/05\/20\/cheesecake-allalbicocche-il-dolce-estivo-senza-cottura\/\"><i class=\"fa fa-envelope-o\"><\/i><\/a><\/div><\/div><\/div><div class=\"sp-pcp-post sp-pcp-item-visible \"><div class=\"sp-pcp-post-relative\"><a href=\"https:\/\/tempodicottura.it\/2026\/05\/06\/rotolo-alla-frutta-senza-cottura-il-dolce-fresco-e-facile-dellestate\/\" class=\"sp-pcp-post-image  \"><img decoding=\"async\" class=\"sp-pcp-post-img\" src=\"https:\/\/tempodicottura.it\/wp-content\/uploads\/2026\/05\/rotolo-alla-frutta-senza-cottura--500x450.jpeg\"><\/a><h2 class=\"sp-pcp-post-title\"><a href=\"https:\/\/tempodicottura.it\/2026\/05\/06\/rotolo-alla-frutta-senza-cottura-il-dolce-fresco-e-facile-dellestate\/\">Rotolo alla Frutta Senza Cottura: il Dolce Fresco e Facile dell\u2019Estate<\/a><\/h2><div class=\"sp-pcp-post-meta\">\n\t\t\t\t\t\t<ul><li><time class=\"entry-date published updated\" datetime=\"2026-05-06T12:00:17+02:00\">6 Maggio 2026<\/time><time class=\"updated sp-hidden\" datetime=\"2026-05-05T17:27:37+02:00\">5 Maggio 2026<\/time><\/li><li><a href=\"https:\/\/tempodicottura.it\/category\/dolci-di-casa\/\" rel=\"category tag\">dolci di casa<\/a>, <a href=\"https:\/\/tempodicottura.it\/category\/ricette-per-portata\/dolci\/\" rel=\"category tag\">Dolci e Torte<\/a>, <a href=\"https:\/\/tempodicottura.it\/category\/estate\/\" rel=\"category tag\">Estate<\/a>, <a href=\"https:\/\/tempodicottura.it\/category\/ricette-in-tv\/\" rel=\"category tag\">Ricette in tv<\/a>, <a href=\"https:\/\/tempodicottura.it\/category\/ricette-per-portata\/\" rel=\"category tag\">Ricette per portata<\/a>, <a href=\"https:\/\/tempodicottura.it\/category\/video\/\" rel=\"category tag\">Video<\/a><\/li><\/ul>\n\t\t\t\t\t<\/div><div class=\"sp-pcp-social-share-button sp-text-left\"><a class=\"sp-facebook\" style=\"color:#ffffff;background-color:#cccccc;border-radius:20px;\" onClick=\"window.open('http:\/\/www.facebook.com\/sharer.php?u=https:\/\/tempodicottura.it\/2026\/05\/06\/rotolo-alla-frutta-senza-cottura-il-dolce-fresco-e-facile-dellestate\/','Facebook','width=600,height=300,left='+(screen.availWidth\/2-300)+',top='+(screen.availHeight\/2-150)+''); return false;\" href=\"http:\/\/www.facebook.com\/sharer.php?u=https:\/\/tempodicottura.it\/2026\/05\/06\/rotolo-alla-frutta-senza-cottura-il-dolce-fresco-e-facile-dellestate\/\"><i class=\"fa fa-facebook\"><\/i><\/a><a class=\"sp-twitter\" style=\"color:#ffffff;background-color:#cccccc;border-radius:20px;\" onClick=\"window.open('http:\/\/twitter.com\/share?url=https:\/\/tempodicottura.it\/2026\/05\/06\/rotolo-alla-frutta-senza-cottura-il-dolce-fresco-e-facile-dellestate\/&amp;text=Rotolo alla Frutta Senza Cottura: il Dolce Fresco e Facile dell\u2019Estate','Twitter share','width=600,height=300,left='+(screen.availWidth\/2-300)+',top='+(screen.availHeight\/2-150)+''); return false;\" href=\"http:\/\/twitter.com\/share?url=https:\/\/tempodicottura.it\/2026\/05\/06\/rotolo-alla-frutta-senza-cottura-il-dolce-fresco-e-facile-dellestate\/&amp;text=Rotolo alla Frutta Senza Cottura: il Dolce Fresco e Facile dell\u2019Estate\"><i class=\"fa fa-twitter\"><\/i><\/a><a class=\"sp-pinterest\" style=\"color:#ffffff;background-color:#cccccc;border-radius:20px;\" href='javascript:void((function()%7Bvar%20e=document.createElement(&apos;script&apos;);e.setAttribute(&apos;type&apos;,&apos;text\/javascript&apos;);e.setAttribute(&apos;charset&apos;,&apos;UTF-8&apos;);e.setAttribute(&apos;src&apos;,&apos;https:\/\/assets.pinterest.com\/js\/pinmarklet.js?r=&apos;+Math.random()*99999999);document.body.appendChild(e)%7D)());'><i class=\"fa fa-pinterest\"><\/i><\/a><a class=\"sp-envelope\" style=\"color:#ffffff;background-color:#cccccc;border-radius:20px;\" href=\"mailto:?Subject=Rotolo alla Frutta Senza Cottura: il Dolce Fresco e Facile dell\u2019Estate&amp;Body=https:\/\/tempodicottura.it\/2026\/05\/06\/rotolo-alla-frutta-senza-cottura-il-dolce-fresco-e-facile-dellestate\/\"><i class=\"fa fa-envelope-o\"><\/i><\/a><\/div><\/div><\/div><div class=\"sp-pcp-post sp-pcp-item-visible \"><div class=\"sp-pcp-post-relative\"><a href=\"https:\/\/tempodicottura.it\/2026\/04\/15\/tartellette-alla-crema-con-frutta-fresca\/\" class=\"sp-pcp-post-image  \"><img decoding=\"async\" class=\"sp-pcp-post-img\" src=\"https:\/\/tempodicottura.it\/wp-content\/uploads\/2026\/04\/tartellette-alla.crema-con-frutta-fresca--500x450.jpeg\"><\/a><h2 class=\"sp-pcp-post-title\"><a href=\"https:\/\/tempodicottura.it\/2026\/04\/15\/tartellette-alla-crema-con-frutta-fresca\/\">Tartellette alla crema con frutta fresca<\/a><\/h2><div class=\"sp-pcp-post-meta\">\n\t\t\t\t\t\t<ul><li><time class=\"entry-date published updated\" datetime=\"2026-04-15T12:00:47+02:00\">15 Aprile 2026<\/time><time class=\"updated sp-hidden\" datetime=\"2026-04-14T19:35:54+02:00\">14 Aprile 2026<\/time><\/li><li><a href=\"https:\/\/tempodicottura.it\/category\/dolci-di-casa\/\" rel=\"category tag\">dolci di casa<\/a>, <a href=\"https:\/\/tempodicottura.it\/category\/ricette-per-portata\/dolci\/\" rel=\"category tag\">Dolci e Torte<\/a>, <a href=\"https:\/\/tempodicottura.it\/category\/estate\/\" rel=\"category tag\">Estate<\/a>, <a href=\"https:\/\/tempodicottura.it\/category\/feste\/\" rel=\"category tag\">Feste<\/a>, <a href=\"https:\/\/tempodicottura.it\/category\/feste\/foodcraft\/\" rel=\"category tag\">Food&amp;Craft<\/a>, <a href=\"https:\/\/tempodicottura.it\/category\/primavera\/\" rel=\"category tag\">Primavera<\/a>, <a href=\"https:\/\/tempodicottura.it\/category\/ricette-in-tv\/\" rel=\"category tag\">Ricette in tv<\/a><\/li><\/ul>\n\t\t\t\t\t<\/div><div class=\"sp-pcp-social-share-button sp-text-left\"><a class=\"sp-facebook\" style=\"color:#ffffff;background-color:#cccccc;border-radius:20px;\" onClick=\"window.open('http:\/\/www.facebook.com\/sharer.php?u=https:\/\/tempodicottura.it\/2026\/04\/15\/tartellette-alla-crema-con-frutta-fresca\/','Facebook','width=600,height=300,left='+(screen.availWidth\/2-300)+',top='+(screen.availHeight\/2-150)+''); return false;\" href=\"http:\/\/www.facebook.com\/sharer.php?u=https:\/\/tempodicottura.it\/2026\/04\/15\/tartellette-alla-crema-con-frutta-fresca\/\"><i class=\"fa fa-facebook\"><\/i><\/a><a class=\"sp-twitter\" style=\"color:#ffffff;background-color:#cccccc;border-radius:20px;\" onClick=\"window.open('http:\/\/twitter.com\/share?url=https:\/\/tempodicottura.it\/2026\/04\/15\/tartellette-alla-crema-con-frutta-fresca\/&amp;text=Tartellette alla crema con frutta fresca','Twitter share','width=600,height=300,left='+(screen.availWidth\/2-300)+',top='+(screen.availHeight\/2-150)+''); return false;\" href=\"http:\/\/twitter.com\/share?url=https:\/\/tempodicottura.it\/2026\/04\/15\/tartellette-alla-crema-con-frutta-fresca\/&amp;text=Tartellette alla crema con frutta fresca\"><i class=\"fa fa-twitter\"><\/i><\/a><a class=\"sp-pinterest\" style=\"color:#ffffff;background-color:#cccccc;border-radius:20px;\" href='javascript:void((function()%7Bvar%20e=document.createElement(&apos;script&apos;);e.setAttribute(&apos;type&apos;,&apos;text\/javascript&apos;);e.setAttribute(&apos;charset&apos;,&apos;UTF-8&apos;);e.setAttribute(&apos;src&apos;,&apos;https:\/\/assets.pinterest.com\/js\/pinmarklet.js?r=&apos;+Math.random()*99999999);document.body.appendChild(e)%7D)());'><i class=\"fa fa-pinterest\"><\/i><\/a><a class=\"sp-envelope\" style=\"color:#ffffff;background-color:#cccccc;border-radius:20px;\" href=\"mailto:?Subject=Tartellette alla crema con frutta fresca&amp;Body=https:\/\/tempodicottura.it\/2026\/04\/15\/tartellette-alla-crema-con-frutta-fresca\/\"><i class=\"fa fa-envelope-o\"><\/i><\/a><\/div><\/div><\/div><div class=\"sp-pcp-post sp-pcp-item-visible \"><div class=\"sp-pcp-post-relative\"><a href=\"https:\/\/tempodicottura.it\/2026\/03\/18\/whoopie-pie-i-dolcetti-soffici-americani-perfetti-per-ogni-festa\/\" class=\"sp-pcp-post-image  \"><img decoding=\"async\" class=\"sp-pcp-post-img\" src=\"https:\/\/tempodicottura.it\/wp-content\/uploads\/2026\/03\/whoopie-Pie-500x450.jpeg\"><\/a><h2 class=\"sp-pcp-post-title\"><a href=\"https:\/\/tempodicottura.it\/2026\/03\/18\/whoopie-pie-i-dolcetti-soffici-americani-perfetti-per-ogni-festa\/\">Whoopie Pie: i dolcetti soffici americani perfetti per ogni festa<\/a><\/h2><div class=\"sp-pcp-post-meta\">\n\t\t\t\t\t\t<ul><li><time class=\"entry-date published updated\" datetime=\"2026-03-18T12:00:12+01:00\">18 Marzo 2026<\/time><time class=\"updated sp-hidden\" datetime=\"2026-03-17T17:39:57+01:00\">17 Marzo 2026<\/time><\/li><li><a href=\"https:\/\/tempodicottura.it\/category\/feste\/\" rel=\"category tag\">Feste<\/a>, <a href=\"https:\/\/tempodicottura.it\/category\/ricette-per-portata\/cucinano-i-ragazzi-2\/\" rel=\"category tag\">Cucinano i ragazzi<\/a>, <a href=\"https:\/\/tempodicottura.it\/category\/ricette-per-portata\/dolci\/\" rel=\"category tag\">Dolci e Torte<\/a>, <a href=\"https:\/\/tempodicottura.it\/category\/feste\/foodcraft\/\" rel=\"category tag\">Food&amp;Craft<\/a>, <a href=\"https:\/\/tempodicottura.it\/category\/inverno\/\" rel=\"category tag\">Inverno<\/a>, <a href=\"https:\/\/tempodicottura.it\/category\/ricette-per-portata\/merende\/\" rel=\"category tag\">Merende<\/a>, <a href=\"https:\/\/tempodicottura.it\/category\/ricette-in-tv\/\" rel=\"category tag\">Ricette in tv<\/a>, <a href=\"https:\/\/tempodicottura.it\/category\/ricette-per-portata\/\" rel=\"category tag\">Ricette per portata<\/a><\/li><\/ul>\n\t\t\t\t\t<\/div><div class=\"sp-pcp-social-share-button sp-text-left\"><a class=\"sp-facebook\" style=\"color:#ffffff;background-color:#cccccc;border-radius:20px;\" onClick=\"window.open('http:\/\/www.facebook.com\/sharer.php?u=https:\/\/tempodicottura.it\/2026\/03\/18\/whoopie-pie-i-dolcetti-soffici-americani-perfetti-per-ogni-festa\/','Facebook','width=600,height=300,left='+(screen.availWidth\/2-300)+',top='+(screen.availHeight\/2-150)+''); return false;\" href=\"http:\/\/www.facebook.com\/sharer.php?u=https:\/\/tempodicottura.it\/2026\/03\/18\/whoopie-pie-i-dolcetti-soffici-americani-perfetti-per-ogni-festa\/\"><i class=\"fa fa-facebook\"><\/i><\/a><a class=\"sp-twitter\" style=\"color:#ffffff;background-color:#cccccc;border-radius:20px;\" onClick=\"window.open('http:\/\/twitter.com\/share?url=https:\/\/tempodicottura.it\/2026\/03\/18\/whoopie-pie-i-dolcetti-soffici-americani-perfetti-per-ogni-festa\/&amp;text=Whoopie Pie: i dolcetti soffici americani perfetti per ogni festa','Twitter share','width=600,height=300,left='+(screen.availWidth\/2-300)+',top='+(screen.availHeight\/2-150)+''); return false;\" href=\"http:\/\/twitter.com\/share?url=https:\/\/tempodicottura.it\/2026\/03\/18\/whoopie-pie-i-dolcetti-soffici-americani-perfetti-per-ogni-festa\/&amp;text=Whoopie Pie: i dolcetti soffici americani perfetti per ogni festa\"><i class=\"fa fa-twitter\"><\/i><\/a><a class=\"sp-pinterest\" style=\"color:#ffffff;background-color:#cccccc;border-radius:20px;\" href='javascript:void((function()%7Bvar%20e=document.createElement(&apos;script&apos;);e.setAttribute(&apos;type&apos;,&apos;text\/javascript&apos;);e.setAttribute(&apos;charset&apos;,&apos;UTF-8&apos;);e.setAttribute(&apos;src&apos;,&apos;https:\/\/assets.pinterest.com\/js\/pinmarklet.js?r=&apos;+Math.random()*99999999);document.body.appendChild(e)%7D)());'><i class=\"fa fa-pinterest\"><\/i><\/a><a class=\"sp-envelope\" style=\"color:#ffffff;background-color:#cccccc;border-radius:20px;\" href=\"mailto:?Subject=Whoopie Pie: i dolcetti soffici americani perfetti per ogni festa&amp;Body=https:\/\/tempodicottura.it\/2026\/03\/18\/whoopie-pie-i-dolcetti-soffici-americani-perfetti-per-ogni-festa\/\"><i class=\"fa fa-envelope-o\"><\/i><\/a><\/div><\/div><\/div><div class=\"sp-pcp-post sp-pcp-item-visible \"><div class=\"sp-pcp-post-relative\"><a href=\"https:\/\/tempodicottura.it\/2026\/03\/04\/la-crostata-fiore-senza-stampo\/\" class=\"sp-pcp-post-image  \"><img decoding=\"async\" class=\"sp-pcp-post-img\" src=\"https:\/\/tempodicottura.it\/wp-content\/uploads\/2026\/03\/crostata-fiore-senza-stampo-500x450.jpeg\"><\/a><h2 class=\"sp-pcp-post-title\"><a href=\"https:\/\/tempodicottura.it\/2026\/03\/04\/la-crostata-fiore-senza-stampo\/\">La crostata fiore senza stampo<\/a><\/h2><div class=\"sp-pcp-post-meta\">\n\t\t\t\t\t\t<ul><li><time class=\"entry-date published updated\" datetime=\"2026-03-04T12:00:36+01:00\">4 Marzo 2026<\/time><time class=\"updated sp-hidden\" datetime=\"2026-03-03T18:39:42+01:00\">3 Marzo 2026<\/time><\/li><li><a href=\"https:\/\/tempodicottura.it\/category\/dolci-di-casa\/\" rel=\"category tag\">dolci di casa<\/a>, <a href=\"https:\/\/tempodicottura.it\/category\/ricette-per-portata\/dolci\/\" rel=\"category tag\">Dolci e Torte<\/a>, <a href=\"https:\/\/tempodicottura.it\/category\/estate\/\" rel=\"category tag\">Estate<\/a>, <a href=\"https:\/\/tempodicottura.it\/category\/feste\/\" rel=\"category tag\">Feste<\/a>, <a href=\"https:\/\/tempodicottura.it\/category\/feste\/foodcraft\/\" rel=\"category tag\">Food&amp;Craft<\/a>, <a href=\"https:\/\/tempodicottura.it\/category\/primavera\/\" rel=\"category tag\">Primavera<\/a>, <a href=\"https:\/\/tempodicottura.it\/category\/ricette-in-tv\/\" rel=\"category tag\">Ricette in tv<\/a>, <a href=\"https:\/\/tempodicottura.it\/category\/ricette-per-portata\/\" rel=\"category tag\">Ricette per portata<\/a>, <a href=\"https:\/\/tempodicottura.it\/category\/video\/\" rel=\"category tag\">Video<\/a><\/li><\/ul>\n\t\t\t\t\t<\/div><div class=\"sp-pcp-social-share-button sp-text-left\"><a class=\"sp-facebook\" style=\"color:#ffffff;background-color:#cccccc;border-radius:20px;\" onClick=\"window.open('http:\/\/www.facebook.com\/sharer.php?u=https:\/\/tempodicottura.it\/2026\/03\/04\/la-crostata-fiore-senza-stampo\/','Facebook','width=600,height=300,left='+(screen.availWidth\/2-300)+',top='+(screen.availHeight\/2-150)+''); return false;\" href=\"http:\/\/www.facebook.com\/sharer.php?u=https:\/\/tempodicottura.it\/2026\/03\/04\/la-crostata-fiore-senza-stampo\/\"><i class=\"fa fa-facebook\"><\/i><\/a><a class=\"sp-twitter\" style=\"color:#ffffff;background-color:#cccccc;border-radius:20px;\" onClick=\"window.open('http:\/\/twitter.com\/share?url=https:\/\/tempodicottura.it\/2026\/03\/04\/la-crostata-fiore-senza-stampo\/&amp;text=La crostata fiore senza stampo','Twitter share','width=600,height=300,left='+(screen.availWidth\/2-300)+',top='+(screen.availHeight\/2-150)+''); return false;\" href=\"http:\/\/twitter.com\/share?url=https:\/\/tempodicottura.it\/2026\/03\/04\/la-crostata-fiore-senza-stampo\/&amp;text=La crostata fiore senza stampo\"><i class=\"fa fa-twitter\"><\/i><\/a><a class=\"sp-pinterest\" style=\"color:#ffffff;background-color:#cccccc;border-radius:20px;\" href='javascript:void((function()%7Bvar%20e=document.createElement(&apos;script&apos;);e.setAttribute(&apos;type&apos;,&apos;text\/javascript&apos;);e.setAttribute(&apos;charset&apos;,&apos;UTF-8&apos;);e.setAttribute(&apos;src&apos;,&apos;https:\/\/assets.pinterest.com\/js\/pinmarklet.js?r=&apos;+Math.random()*99999999);document.body.appendChild(e)%7D)());'><i class=\"fa fa-pinterest\"><\/i><\/a><a class=\"sp-envelope\" style=\"color:#ffffff;background-color:#cccccc;border-radius:20px;\" href=\"mailto:?Subject=La crostata fiore senza stampo&amp;Body=https:\/\/tempodicottura.it\/2026\/03\/04\/la-crostata-fiore-senza-stampo\/\"><i class=\"fa fa-envelope-o\"><\/i><\/a><\/div><\/div><\/div><div class=\"sp-pcp-post sp-pcp-item-visible \"><div class=\"sp-pcp-post-relative\"><a href=\"https:\/\/tempodicottura.it\/2025\/12\/31\/dolcetti-lamingtons-la-ricetta-australiana-golosa-che-conquista-tutti\/\" class=\"sp-pcp-post-image  \"><img decoding=\"async\" class=\"sp-pcp-post-img\" src=\"https:\/\/tempodicottura.it\/wp-content\/uploads\/2025\/12\/lamingtons-jpeg-500x450.jpeg\"><\/a><h2 class=\"sp-pcp-post-title\"><a href=\"https:\/\/tempodicottura.it\/2025\/12\/31\/dolcetti-lamingtons-la-ricetta-australiana-golosa-che-conquista-tutti\/\">Dolcetti Lamingtons: la ricetta australiana golosa che conquista tutti<\/a><\/h2><div class=\"sp-pcp-post-meta\">\n\t\t\t\t\t\t<ul><li><time class=\"entry-date published updated\" datetime=\"2025-12-31T12:00:43+01:00\">31 Dicembre 2025<\/time><time class=\"updated sp-hidden\" datetime=\"2025-12-31T10:00:24+01:00\">31 Dicembre 2025<\/time><\/li><li><a href=\"https:\/\/tempodicottura.it\/category\/ricette-per-portata\/buffet\/\" rel=\"category tag\">Buffet<\/a>, <a href=\"https:\/\/tempodicottura.it\/category\/dolci-di-casa\/\" rel=\"category tag\">dolci di casa<\/a>, <a href=\"https:\/\/tempodicottura.it\/category\/ricette-per-portata\/dolci\/\" rel=\"category tag\">Dolci e Torte<\/a>, <a href=\"https:\/\/tempodicottura.it\/category\/feste\/\" rel=\"category tag\">Feste<\/a>, <a href=\"https:\/\/tempodicottura.it\/category\/feste\/foodcraft\/\" rel=\"category tag\">Food&amp;Craft<\/a>, <a href=\"https:\/\/tempodicottura.it\/category\/inverno\/\" rel=\"category tag\">Inverno<\/a>, <a href=\"https:\/\/tempodicottura.it\/category\/ricette-in-tv\/\" rel=\"category tag\">Ricette in tv<\/a>, <a href=\"https:\/\/tempodicottura.it\/category\/ricette-per-portata\/\" rel=\"category tag\">Ricette per portata<\/a><\/li><\/ul>\n\t\t\t\t\t<\/div><div class=\"sp-pcp-social-share-button sp-text-left\"><a class=\"sp-facebook\" style=\"color:#ffffff;background-color:#cccccc;border-radius:20px;\" onClick=\"window.open('http:\/\/www.facebook.com\/sharer.php?u=https:\/\/tempodicottura.it\/2025\/12\/31\/dolcetti-lamingtons-la-ricetta-australiana-golosa-che-conquista-tutti\/','Facebook','width=600,height=300,left='+(screen.availWidth\/2-300)+',top='+(screen.availHeight\/2-150)+''); return false;\" href=\"http:\/\/www.facebook.com\/sharer.php?u=https:\/\/tempodicottura.it\/2025\/12\/31\/dolcetti-lamingtons-la-ricetta-australiana-golosa-che-conquista-tutti\/\"><i class=\"fa fa-facebook\"><\/i><\/a><a class=\"sp-twitter\" style=\"color:#ffffff;background-color:#cccccc;border-radius:20px;\" onClick=\"window.open('http:\/\/twitter.com\/share?url=https:\/\/tempodicottura.it\/2025\/12\/31\/dolcetti-lamingtons-la-ricetta-australiana-golosa-che-conquista-tutti\/&amp;text=Dolcetti Lamingtons: la ricetta australiana golosa che conquista tutti','Twitter share','width=600,height=300,left='+(screen.availWidth\/2-300)+',top='+(screen.availHeight\/2-150)+''); return false;\" href=\"http:\/\/twitter.com\/share?url=https:\/\/tempodicottura.it\/2025\/12\/31\/dolcetti-lamingtons-la-ricetta-australiana-golosa-che-conquista-tutti\/&amp;text=Dolcetti Lamingtons: la ricetta australiana golosa che conquista tutti\"><i class=\"fa fa-twitter\"><\/i><\/a><a class=\"sp-pinterest\" style=\"color:#ffffff;background-color:#cccccc;border-radius:20px;\" href='javascript:void((function()%7Bvar%20e=document.createElement(&apos;script&apos;);e.setAttribute(&apos;type&apos;,&apos;text\/javascript&apos;);e.setAttribute(&apos;charset&apos;,&apos;UTF-8&apos;);e.setAttribute(&apos;src&apos;,&apos;https:\/\/assets.pinterest.com\/js\/pinmarklet.js?r=&apos;+Math.random()*99999999);document.body.appendChild(e)%7D)());'><i class=\"fa fa-pinterest\"><\/i><\/a><a class=\"sp-envelope\" style=\"color:#ffffff;background-color:#cccccc;border-radius:20px;\" href=\"mailto:?Subject=Dolcetti Lamingtons: la ricetta australiana golosa che conquista tutti&amp;Body=https:\/\/tempodicottura.it\/2025\/12\/31\/dolcetti-lamingtons-la-ricetta-australiana-golosa-che-conquista-tutti\/\"><i class=\"fa fa-envelope-o\"><\/i><\/a><\/div><\/div><\/div><\/div><\/div><\/div>\n<div>\n<style type=\"text\/css\">#sp-post-carousel-pro-24166 .sp-pcp-post{\n\t\t\t\tpadding-right: 15px;\n\t\t\t\tpadding-bottom: 15px;\n\t\t\t}#sp-post-carousel-pro-24166.sp-post-carousel-pro-area{\n\t\t\t\tmargin-right: -15px;\n\t\t\t}\n\t\t\t#sp-post-carousel-pro-24166 .sp-pcp-post-meta,\n\t\t\t.sp-pcp-modal-post-24166 .sp-pcp-post-meta{\n\t\t\t\ttext-align: left;\n\t\t\t}\n\t\t\t#sp-post-carousel-pro-24166 .sp-pcp-post-meta li i{\n\t\t\t\tcolor: #1c1c1c;\n\t\t\t}\n\t\t\t#sp-post-carousel-pro-24166 .sp-pcp-post-meta li,\n\t\t\t#sp-post-carousel-pro-24166 .sp-pcp-post-meta li a,\n\t\t\t.sp-pcp-modal-post-24166 .sp-pcp-post-meta li,\n\t\t\t.sp-pcp-modal-post-24166 .sp-pcp-post-meta li a{\n\t\t\t\tcolor: #1c1c1c;\n\t\t\t\tfont-size: 14px;\n\t\t\t\tline-height: 16px;\n\t\t\t\ttext-transform: none;\n\t\t\t\tletter-spacing: normal;\n\t\t\t\t\n\t\t\t\tfont-family: Montserrat;\n\t\t\t\tfont-weight: 300;\n\t\t\t\tfont-style: normal;\n\t\t\t\t\n\t\t\t}\n\t\t\t\n\t\t\t#sp-post-carousel-pro-24166 .sp-pcp-post-meta li a:hover,\n\t\t\t#sp-post-carousel-pro-24166 .sp-pcp-post-meta li a.pcpro-post-like.liked,\n\t\t\t.sp-pcp-modal-post-24166 .sp-pcp-post-meta li a:hover,\n\t\t\t.sp-pcp-modal-post-24166 .sp-pcp-post-meta li a.pcpro-post-like.liked{\n\t\t\t\tcolor: #e44646;\n\t\t\t}#sp-post-carousel-pro-24166 .sp-pcp-post a.sp-pcp-read-more{\n\t\t\t\t\tbackground-color: #e10735;\n\t\t\t\t\tpadding: 6px 15px;\n\t\t\t\t}\n\t\t\t\t#sp-post-carousel-pro-24166 .sp-pcp-post a.sp-pcp-read-more:hover{\n\t\t\t\t\tbackground-color: #e96443;\n\t\t\t\t}#sp-post-carousel-pro-24166 a.sp-pcp-read-more{\n\t\t\t\t\tcolor: #ffffff;\n\t\t\t\t\tdisplay: inline-block;\n\t\t\t\t\tfont-size: 14px;\n\t\t\t\t\tline-height: 20px;\n\t\t\t\t\ttext-transform: none;\n\t\t\t\t\tletter-spacing: normal;\n\t\t\t\t\t\n\t\t\t\t\tfont-family: Raleway;\n\t\t\t\t\tfont-weight: 400;\n\t\t\t\t\tfont-style: normal;\n\t\t\t\t\t\n\t\t\t\t}\n\t\t\t\t#sp-post-carousel-pro-24166 .sp-pcp-post .sp-pcp-readmore-area{\n\t\t\t\t\ttext-align: left;\n\t\t\t\t}\n\t\t\t\t#sp-post-carousel-pro-24166 .sp-pcp-post a.sp-pcp-read-more:hover{\n\t\t\t\t\tcolor: #ffffff;\n\t\t\t\t}#sp-post-carousel-pro-24166 .sp-pcp-post a.sp-pcp-read-more{\n\t\t\t\t\t\tmargin-bottom: 16px;\n\t\t\t\t\t}#sp-post-carousel-pro-24166 .sp-pcp-post-title,\n\t\t\t\t#sp-post-carousel-pro-24166 .sp-pcp-post-title a,\n\t\t\t\t.sp-pcp-modal-post-24166 .sp-pcp-post-title{\n\t\t\t\t\tfont-family: Montserrat;\n\t\t\t\t\tfont-weight: 300;\n\t\t\t\t\tfont-style: normal;\n\t\t\t\t\t\n\t\t\t\t\tcolor: #e10735;\n\t\t\t\t\tfont-size: 25px;\n\t\t\t\t\tline-height: 25px;\n\t\t\t\t\ttext-transform: none;\n\t\t\t\t\tletter-spacing: normal;\n\t\t\t\t\ttext-align: left;\n\t\t\t\t}\n\t\t\t\t#sp-post-carousel-pro-24166 .sp-pcp-post .sp-pcp-post-title:hover,\n\t\t\t\t#sp-post-carousel-pro-24166 .sp-pcp-post .sp-pcp-post-title a:hover{\n\t\t\t\t\tcolor: #c40e34;\n\t\t\t\t}<\/style><div class=\"sp-post-carousel-pro-section sp-post-carousel-pro-section24166 sp_nav_position_vertical_center pagination-type-dots sp_pcp_theme_one\"><div id=\"sp-post-carousel-pro-24166\" class=\"sp-post-carousel-pro-area\"><div class=\"sp-post-carousel-pro-masonry\"><div class=\"sp-pcp-post sp-pcp-item-visible pcp-col-lg-4 pcp-col-md-4 pcp-col-sm-2 pcp-col-xs-1 post-36840 post type-post status-publish format-standard has-post-thumbnail hentry category-feste category-dolci category-foodcraft category-primavera category-ricette-in-tv category-ricette-per-portata tag-bambini tag-dolci-per-mille-occasioni tag-fragole tag-frutta tag-merenda tag-torte-soffici\"><div class=\"sp-pcp-post-relative\"><a href=\"https:\/\/tempodicottura.it\/2026\/06\/24\/angel-food-cake-la-torta-soffice-come-una-nuvola-fatta-di-soli-albumi\/\" class=\"sp-pcp-post-image  \"><img decoding=\"async\" class=\"sp-pcp-post-img\" src=\"https:\/\/tempodicottura.it\/wp-content\/uploads\/2026\/06\/angel-food-cake-500x450.jpeg\"><\/a><h2 class=\"sp-pcp-post-title\"><a href=\"https:\/\/tempodicottura.it\/2026\/06\/24\/angel-food-cake-la-torta-soffice-come-una-nuvola-fatta-di-soli-albumi\/\">Angel Food Cake: la torta soffice come una nuvola (fatta di soli albumi!)<\/a><\/h2><div class=\"sp-pcp-post-meta\">\n\t\t\t\t\t\t<ul><li><time class=\"entry-date published updated\" datetime=\"2026-06-24T12:00:04+02:00\">24 Giugno 2026<\/time><time class=\"updated sp-hidden\" datetime=\"2026-06-11T09:22:47+02:00\">11 Giugno 2026<\/time><\/li><\/ul>\n\t\t\t\t\t<\/div><\/div><\/div><div class=\"sp-pcp-post sp-pcp-item-visible pcp-col-lg-4 pcp-col-md-4 pcp-col-sm-2 pcp-col-xs-1 post-36788 post type-post status-publish format-standard has-post-thumbnail hentry category-dolci-di-casa category-dolci category-estate category-feste category-foodcraft category-ricette-in-tv category-ricette-per-portata tag-dolci-per-le-feste tag-estate tag-frutta tag-longcake tag-ricette-dolci\"><div class=\"sp-pcp-post-relative\"><a href=\"https:\/\/tempodicottura.it\/2026\/05\/28\/long-cake-la-torta-trend-del-momento-per-i-tuoi-dolci-estivi\/\" class=\"sp-pcp-post-image  \"><img decoding=\"async\" class=\"sp-pcp-post-img\" src=\"https:\/\/tempodicottura.it\/wp-content\/uploads\/2026\/05\/long-cake-500x450.jpeg\"><\/a><h2 class=\"sp-pcp-post-title\"><a href=\"https:\/\/tempodicottura.it\/2026\/05\/28\/long-cake-la-torta-trend-del-momento-per-i-tuoi-dolci-estivi\/\">Long Cake: La Torta Trend del Momento per i Tuoi Dolci Estivi<\/a><\/h2><div class=\"sp-pcp-post-meta\">\n\t\t\t\t\t\t<ul><li><time class=\"entry-date published updated\" datetime=\"2026-05-28T12:07:17+02:00\">28 Maggio 2026<\/time><\/li><\/ul>\n\t\t\t\t\t<\/div><\/div><\/div><div class=\"sp-pcp-post sp-pcp-item-visible pcp-col-lg-4 pcp-col-md-4 pcp-col-sm-2 pcp-col-xs-1 post-36773 post type-post status-publish format-standard has-post-thumbnail hentry category-dolci-di-casa category-dolci category-estate category-ricette-in-tv category-ricette-per-portata tag-cheesecake-facile tag-dolce-senza-cottura tag-dolci-estivi tag-ricette-con-albicocche\"><div class=\"sp-pcp-post-relative\"><a href=\"https:\/\/tempodicottura.it\/2026\/05\/20\/cheesecake-allalbicocche-il-dolce-estivo-senza-cottura\/\" class=\"sp-pcp-post-image  \"><img decoding=\"async\" class=\"sp-pcp-post-img\" src=\"https:\/\/tempodicottura.it\/wp-content\/uploads\/2026\/05\/cheesecake-allalbicocche-1-500x450.jpeg\"><\/a><h2 class=\"sp-pcp-post-title\"><a href=\"https:\/\/tempodicottura.it\/2026\/05\/20\/cheesecake-allalbicocche-il-dolce-estivo-senza-cottura\/\">Cheesecake all&#8217;Albicocche: Il Dolce Estivo Senza Cottura<\/a><\/h2><div class=\"sp-pcp-post-meta\">\n\t\t\t\t\t\t<ul><li><time class=\"entry-date published updated\" datetime=\"2026-05-20T12:00:18+02:00\">20 Maggio 2026<\/time><time class=\"updated sp-hidden\" datetime=\"2026-05-19T20:32:48+02:00\">19 Maggio 2026<\/time><\/li><\/ul>\n\t\t\t\t\t<\/div><\/div><\/div><div class=\"sp-pcp-post sp-pcp-item-visible pcp-col-lg-4 pcp-col-md-4 pcp-col-sm-2 pcp-col-xs-1 post-36747 post type-post status-publish format-standard has-post-thumbnail hentry category-dolci-di-casa category-dolci category-estate category-ricette-in-tv category-ricette-per-portata category-video tag-dolce-senza-cottura tag-dolci-estivi tag-festa-della-mamma tag-ricette-veloci tag-rotolo-alla-frutta\"><div class=\"sp-pcp-post-relative\"><a href=\"https:\/\/tempodicottura.it\/2026\/05\/06\/rotolo-alla-frutta-senza-cottura-il-dolce-fresco-e-facile-dellestate\/\" class=\"sp-pcp-post-image  \"><img decoding=\"async\" class=\"sp-pcp-post-img\" src=\"https:\/\/tempodicottura.it\/wp-content\/uploads\/2026\/05\/rotolo-alla-frutta-senza-cottura--500x450.jpeg\"><\/a><h2 class=\"sp-pcp-post-title\"><a href=\"https:\/\/tempodicottura.it\/2026\/05\/06\/rotolo-alla-frutta-senza-cottura-il-dolce-fresco-e-facile-dellestate\/\">Rotolo alla Frutta Senza Cottura: il Dolce Fresco e Facile dell\u2019Estate<\/a><\/h2><div class=\"sp-pcp-post-meta\">\n\t\t\t\t\t\t<ul><li><time class=\"entry-date published updated\" datetime=\"2026-05-06T12:00:17+02:00\">6 Maggio 2026<\/time><time class=\"updated sp-hidden\" datetime=\"2026-05-05T17:27:37+02:00\">5 Maggio 2026<\/time><\/li><\/ul>\n\t\t\t\t\t<\/div><\/div><\/div><\/div><\/div><\/div><\/div>\n<p>\n    <a href=\"https:\/\/tempodicottura.it\/category\/ricette-in-tv\/\">altre ricette in tv<\/a>\n<\/p>\n<p><a href=\"\/natalia-cattelani\/\"><img decoding=\"async\" src=\"\/wp-content\/uploads\/2019\/07\/chi-sono.png\" alt=\"\"\/><\/a><br \/>\n<a href=\"\/i-miei-libri\/\"><img decoding=\"async\" src=\"\/wp-content\/uploads\/2019\/07\/libri.png\" alt=\"\"\/><\/a><\/p>\n<div>\n<div style=\"font-size: 12px; text-align: justify; padding: 0 5%;\">\n<h4 style=\"text-align: left;\">Iscriviti alla newsletter e ricevi in regalo il mio libro &#8220;Tutti in cucina&#8221;<\/h4>\n\n<div class=\"wpcf7 no-js\" id=\"wpcf7-f10673-o1\" lang=\"it-IT\" dir=\"ltr\" data-wpcf7-id=\"10673\">\n<div class=\"screen-reader-response\"><p role=\"status\" aria-live=\"polite\" aria-atomic=\"true\"><\/p> <ul><\/ul><\/div>\n<form action=\"\/wp-json\/wp\/v2\/pages\/12620#wpcf7-f10673-o1\" method=\"post\" class=\"wpcf7-form init\" aria-label=\"Modulo di contatto\" novalidate=\"novalidate\" data-status=\"init\">\n<fieldset class=\"hidden-fields-container\"><input type=\"hidden\" name=\"_wpcf7\" value=\"10673\" \/><input type=\"hidden\" name=\"_wpcf7_version\" value=\"6.1.6\" \/><input type=\"hidden\" name=\"_wpcf7_locale\" value=\"it_IT\" \/><input type=\"hidden\" name=\"_wpcf7_unit_tag\" value=\"wpcf7-f10673-o1\" \/><input type=\"hidden\" name=\"_wpcf7_container_post\" value=\"0\" \/><input type=\"hidden\" name=\"_wpcf7_posted_data_hash\" value=\"\" \/><input type=\"hidden\" name=\"_wpcf7_recaptcha_response\" value=\"\" \/>\n<\/fieldset>\n<div class=\"nomecognomebarnat\">\n\t<p><label>Nome e Cognome<\/label><br \/>\n<span class=\"wpcf7-form-control-wrap\" data-name=\"your-name\"><input size=\"40\" maxlength=\"400\" class=\"wpcf7-form-control wpcf7-text wpcf7-validates-as-required\" aria-required=\"true\" aria-invalid=\"false\" value=\"\" type=\"text\" name=\"your-name\" \/><\/span>\n\t<\/p>\n<\/div>\n<div class=\"latuaemail\">\n\t<p><label>Email<\/label><br \/>\n<span class=\"wpcf7-form-control-wrap\" data-name=\"your-email\"><input size=\"40\" maxlength=\"400\" class=\"wpcf7-form-control wpcf7-email wpcf7-validates-as-required wpcf7-text wpcf7-validates-as-email\" aria-required=\"true\" aria-invalid=\"false\" value=\"\" type=\"email\" name=\"your-email\" \/><\/span>\n\t<\/p>\n<\/div>\n<div style=\"font-size: 14px; text-align: justify;\">\n\t<p>[mailpoetsignup* mailpoetsignup-983 list:5 list:7 subscriber-choice default:on \"Scegli se iscriverti alla newsletter 2 volte al mese con contenuti inediti e ricette oppure alla notifica in tempo reale dell\u2019uscita di una nuova ricetta. Puoi anche scegliere entrambe.\"]\n\t<\/p>\n<\/div>\n<p><label style=\"margin-left: -18px;\"><span class=\"wpcf7-form-control-wrap\" data-name=\"acceptance-698\"><span class=\"wpcf7-form-control wpcf7-acceptance\"><span class=\"wpcf7-list-item\"><label><input type=\"checkbox\" name=\"acceptance-698\" value=\"1\" aria-invalid=\"false\" \/><span class=\"wpcf7-list-item-label\"><a class=\"change-consent\" onclick=\"window.__tcfapi('displayConsentUi', 2, function() {} );\">Acconsento al trattamento dei dati personali<\/a><\/span><\/label><\/span><\/span><\/span><\/label>\n<\/p>\n<div class=\"tastoiscrizionebarnat\">\n\t<p><input class=\"wpcf7-form-control wpcf7-submit has-spinner\" type=\"submit\" value=\"Mi iscrivo!\" \/>\n\t<\/p>\n<\/div><input type=\"hidden\" id=\"ct_checkjs_cf7_31fefc0e570cb3860f2a6d4b38c6490d\" name=\"ct_checkjs_cf7\" value=\"0\" \/><input\n                    class=\"apbct_special_field apbct_email_id__wp_contact_form_7\"\n                    name=\"apbct__email_id__wp_contact_form_7\"\n                    aria-label=\"apbct__label_id__wp_contact_form_7\"\n                    type=\"text\" size=\"30\" maxlength=\"200\" autocomplete=\"off\"\n                    value=\"\"\n                \/><div class=\"wpcf7-response-output\" aria-hidden=\"true\"><\/div>\n<\/form>\n<\/div>\n<\/div>\n<\/div>\n<h2><span style=\"titolomodulihomeslenn\">Ultime ricette<\/span><\/h2>\n<h3><span style=\"titolomodulihomeslenn\">Ultime ricette<\/span><\/h3>\n<div>\n<style type=\"text\/css\">#sp-post-carousel-pro-16323 .sp-pcp-post{\n\t\t\t\tmargin-right: 20px;\n\t\t\t}#sp-post-carousel-pro-16323.sp-post-carousel-pro-area{\n\t\t\t\tmargin-right: -20px;\n\t\t\t}\n\t\t\t#sp-post-carousel-pro-16323 .sp-pcp-post-meta,\n\t\t\t.sp-pcp-modal-post-16323 .sp-pcp-post-meta{\n\t\t\t\ttext-align: left;\n\t\t\t}\n\t\t\t#sp-post-carousel-pro-16323 .sp-pcp-post-meta li i{\n\t\t\t\tcolor: #333333;\n\t\t\t}\n\t\t\t#sp-post-carousel-pro-16323 .sp-pcp-post-meta li,\n\t\t\t#sp-post-carousel-pro-16323 .sp-pcp-post-meta li a,\n\t\t\t.sp-pcp-modal-post-16323 .sp-pcp-post-meta li,\n\t\t\t.sp-pcp-modal-post-16323 .sp-pcp-post-meta li a{\n\t\t\t\tcolor: #333333;\n\t\t\t\tfont-size: 14px;\n\t\t\t\tline-height: 16px;\n\t\t\t\ttext-transform: none;\n\t\t\t\tletter-spacing: normal;\n\t\t\t\t\n\t\t\t\tfont-family: Montserrat;\n\t\t\t\tfont-weight: 300;\n\t\t\t\tfont-style: normal;\n\t\t\t\t\n\t\t\t}\n\t\t\t\n\t\t\t#sp-post-carousel-pro-16323 .sp-pcp-post-meta li a:hover,\n\t\t\t#sp-post-carousel-pro-16323 .sp-pcp-post-meta li a.pcpro-post-like.liked,\n\t\t\t.sp-pcp-modal-post-16323 .sp-pcp-post-meta li a:hover,\n\t\t\t.sp-pcp-modal-post-16323 .sp-pcp-post-meta li a.pcpro-post-like.liked{\n\t\t\t\tcolor: #e44646;\n\t\t\t}#sp-post-carousel-pro-16323 .sp-pcp-top-cats,\n\t\t\t\t#sp-post-carousel-pro-16323 .sp-pcp-category{\n\t\t\t\t\ttext-align: left;\n\t\t\t\t}#sp-post-carousel-pro-16323.sp-post-carousel-pro-area .slick-arrow{\n\t\t\t\t\tbackground-color: transparent;\n\t\t\t\t\tborder: 1px solid #cccccc;\n\t\t\t\t\tborder-radius: 0px;\n\t\t\t\t}\n\t\t\t\t#sp-post-carousel-pro-16323.sp-post-carousel-pro-area .slick-arrow i{\n\t\t\t\t\tcolor: #cccccc;\n\t\t\t\t}\n\t\t\t\t#sp-post-carousel-pro-16323.sp-post-carousel-pro-area .slick-arrow:hover i{\n\t\t\t\t\tcolor: #ffffff;\n\t\t\t\t}\n\t\t\t\t#sp-post-carousel-pro-16323.sp-post-carousel-pro-area .slick-arrow:hover{\n\t\t\t\t\tbackground-color: #444444;\n\t\t\t\t\tborder-color: #444444;\n\t\t\t\t}\n\t\t\t\t.sp-post-carousel-pro-section16323.sp_nav_position_vertical_center .slick-next{\n\t\t\t\t\tright: 20px;\n\t\t\t\t}\n\t\t\t\t.sp-post-carousel-pro-section16323 .sp-post-carousel-pro-area{\n\t\t\t\t\tpadding: 0 45px;\n\t\t\t\t}\n\t\t\t\t#sp-post-carousel-pro-16323 .sp-pcp-post a.sp-pcp-read-more{\n\t\t\t\t\tbackground-color: #e10735;\n\t\t\t\t\tpadding: 6px 15px;\n\t\t\t\t}\n\t\t\t\t#sp-post-carousel-pro-16323 .sp-pcp-post a.sp-pcp-read-more:hover{\n\t\t\t\t\tbackground-color: #e96443;\n\t\t\t\t}#sp-post-carousel-pro-16323 a.sp-pcp-read-more{\n\t\t\t\t\tcolor: #ffffff;\n\t\t\t\t\tdisplay: inline-block;\n\t\t\t\t\tfont-size: 14px;\n\t\t\t\t\tline-height: 20px;\n\t\t\t\t\ttext-transform: none;\n\t\t\t\t\tletter-spacing: normal;\n\t\t\t\t\t\n\t\t\t\t\tfont-family: Raleway;\n\t\t\t\t\tfont-weight: 400;\n\t\t\t\t\tfont-style: normal;\n\t\t\t\t\t\n\t\t\t\t}\n\t\t\t\t#sp-post-carousel-pro-16323 .sp-pcp-post .sp-pcp-readmore-area{\n\t\t\t\t\ttext-align: left;\n\t\t\t\t}\n\t\t\t\t#sp-post-carousel-pro-16323 .sp-pcp-post a.sp-pcp-read-more:hover{\n\t\t\t\t\tcolor: #ffffff;\n\t\t\t\t}#sp-post-carousel-pro-16323 .sp-pcp-post a.sp-pcp-read-more{\n\t\t\t\t\t\tmargin-bottom: 16px;\n\t\t\t\t\t}#sp-post-carousel-pro-16323 .sp-pcp-post .sp-pcp-post-image{\n\t\t\t\t\tborder: 1px solid #dddddd;\n\t\t\t\t}\n\t\t\t\t#sp-post-carousel-pro-16323 .sp-pcp-post-relative:hover .sp-pcp-post-image{\n\t\t\t\t\tborder-color: #dddddd;\n\t\t\t\t}#sp-post-carousel-pro-16323 .sp-pcp-post-title,\n\t\t\t\t#sp-post-carousel-pro-16323 .sp-pcp-post-title a,\n\t\t\t\t.sp-pcp-modal-post-16323 .sp-pcp-post-title{\n\t\t\t\t\tfont-family: Montserrat;\n\t\t\t\t\tfont-weight: 300;\n\t\t\t\t\tfont-style: normal;\n\t\t\t\t\t\n\t\t\t\t\tcolor: #e10735;\n\t\t\t\t\tfont-size: 25px;\n\t\t\t\t\tline-height: 25px;\n\t\t\t\t\ttext-transform: none;\n\t\t\t\t\tletter-spacing: normal;\n\t\t\t\t\ttext-align: left;\n\t\t\t\t}\n\t\t\t\t#sp-post-carousel-pro-16323 .sp-pcp-post .sp-pcp-post-title:hover,\n\t\t\t\t#sp-post-carousel-pro-16323 .sp-pcp-post .sp-pcp-post-title a:hover{\n\t\t\t\t\tcolor: #c40e34;\n\t\t\t\t}#sp-post-carousel-pro-16323.sp-post-carousel-pro-area{\n\t\t\t\t\tdisplay: none;\n\t\t\t\t}\n\t\t\t\t#sp-post-carousel-pro-16323.sp-post-carousel-pro-area.slick-initialized {\n\t\t\t\t\tdisplay: block;\n\t\t\t\t}\n\t\t\t\t<\/style><div class=\"sp-post-carousel-pro-section sp-post-carousel-pro-section16323 sp_nav_position_vertical_center pagination-type-dots sp_pcp_theme_one\"><div id=\"sp-post-carousel-pro-16323\" data-arrowtype=\"angle\" class=\"sp-post-carousel-pro-area sp-post-carousel-pro\" data-slick='{\"pauseOnHover\":true, \"slidesToShow\": 4,  \"speed\": 600, \"dots\": false, \"arrows\": true, \"infinite\": true, \"slidesToScroll\": 2, \"swipe\": true, \"draggable\": true, \"autoplay\": true, \"autoplaySpeed\": 3000, \"responsive\": [{ \"breakpoint\": 1100, \"settings\": { \"slidesToShow\": 4 }},{ \"breakpoint\": 990, \"settings\": { \"slidesToShow\":  2 }},{ \"breakpoint\": 650, \"settings\": {\"slidesToShow\": 1 }}]}'><div class=\"sp-pcp-post sp-pcp-item-visible \"><div class=\"sp-pcp-post-relative\"><a href=\"https:\/\/tempodicottura.it\/2026\/09\/02\/tagliatelle-al-ragu-bianco-di-pollo-con-zucchine-e-zafferano\/\" class=\"sp-pcp-post-image  sp-zoom-in\"><img decoding=\"async\" class=\"sp-pcp-post-img\" src=\"https:\/\/tempodicottura.it\/wp-content\/uploads\/2026\/09\/Tagliatelle-al-ragu-bianco-di-pollo-con-zucchine-e-zafferano-500x450.jpeg\"><\/a><h2 class=\"sp-pcp-post-title\"><a href=\"https:\/\/tempodicottura.it\/2026\/09\/02\/tagliatelle-al-ragu-bianco-di-pollo-con-zucchine-e-zafferano\/\">Tagliatelle al rag\u00f9 bianco di pollo con zucchine e zafferano<\/a><\/h2><div class=\"sp-pcp-post-meta\">\n\t\t\t\t\t\t<ul><li><time class=\"entry-date published updated\" datetime=\"2026-09-02T12:20:48+02:00\">2 Settembre 2026<\/time><\/li><li><a href=\"https:\/\/tempodicottura.it\/category\/estate\/\" rel=\"category tag\">Estate<\/a>, <a href=\"https:\/\/tempodicottura.it\/category\/ricette-per-portata\/primi\/\" rel=\"category tag\">Primi<\/a>, <a href=\"https:\/\/tempodicottura.it\/category\/ricette-per-portata\/\" rel=\"category tag\">Ricette per portata<\/a>, <a href=\"https:\/\/tempodicottura.it\/category\/video\/\" rel=\"category tag\">Video<\/a><\/li><li><a href=\"#\" class=\"pcpro-post-like\" data-post_id=\"36936\" title=\"Like\"><i class='fa fa-heart-o'><\/i>0<\/a><\/li><\/ul>\n\t\t\t\t\t<\/div><div class=\"sp-pcp-social-share-button sp-text-left\"><a class=\"sp-facebook\" style=\"color:#ffffff;background-color:#cccccc;border-radius:20px;\" onClick=\"window.open('http:\/\/www.facebook.com\/sharer.php?u=https:\/\/tempodicottura.it\/2026\/09\/02\/tagliatelle-al-ragu-bianco-di-pollo-con-zucchine-e-zafferano\/','Facebook','width=600,height=300,left='+(screen.availWidth\/2-300)+',top='+(screen.availHeight\/2-150)+''); return false;\" href=\"http:\/\/www.facebook.com\/sharer.php?u=https:\/\/tempodicottura.it\/2026\/09\/02\/tagliatelle-al-ragu-bianco-di-pollo-con-zucchine-e-zafferano\/\"><i class=\"fa fa-facebook\"><\/i><\/a><a class=\"sp-twitter\" style=\"color:#ffffff;background-color:#cccccc;border-radius:20px;\" onClick=\"window.open('http:\/\/twitter.com\/share?url=https:\/\/tempodicottura.it\/2026\/09\/02\/tagliatelle-al-ragu-bianco-di-pollo-con-zucchine-e-zafferano\/&amp;text=Tagliatelle al rag\u00f9 bianco di pollo con zucchine e zafferano','Twitter share','width=600,height=300,left='+(screen.availWidth\/2-300)+',top='+(screen.availHeight\/2-150)+''); return false;\" href=\"http:\/\/twitter.com\/share?url=https:\/\/tempodicottura.it\/2026\/09\/02\/tagliatelle-al-ragu-bianco-di-pollo-con-zucchine-e-zafferano\/&amp;text=Tagliatelle al rag\u00f9 bianco di pollo con zucchine e zafferano\"><i class=\"fa fa-twitter\"><\/i><\/a><a class=\"sp-pinterest\" style=\"color:#ffffff;background-color:#cccccc;border-radius:20px;\" href='javascript:void((function()%7Bvar%20e=document.createElement(&apos;script&apos;);e.setAttribute(&apos;type&apos;,&apos;text\/javascript&apos;);e.setAttribute(&apos;charset&apos;,&apos;UTF-8&apos;);e.setAttribute(&apos;src&apos;,&apos;https:\/\/assets.pinterest.com\/js\/pinmarklet.js?r=&apos;+Math.random()*99999999);document.body.appendChild(e)%7D)());'><i class=\"fa fa-pinterest\"><\/i><\/a><a class=\"sp-envelope\" style=\"color:#ffffff;background-color:#cccccc;border-radius:20px;\" href=\"mailto:?Subject=Tagliatelle al rag\u00f9 bianco di pollo con zucchine e zafferano&amp;Body=https:\/\/tempodicottura.it\/2026\/09\/02\/tagliatelle-al-ragu-bianco-di-pollo-con-zucchine-e-zafferano\/\"><i class=\"fa fa-envelope-o\"><\/i><\/a><\/div><\/div><\/div><div class=\"sp-pcp-post sp-pcp-item-visible \"><div class=\"sp-pcp-post-relative\"><a href=\"https:\/\/tempodicottura.it\/2026\/08\/26\/torta-salata-pomodori-robiola-e-pesto\/\" class=\"sp-pcp-post-image  sp-zoom-in\"><img decoding=\"async\" class=\"sp-pcp-post-img\" src=\"https:\/\/tempodicottura.it\/wp-content\/uploads\/2026\/08\/torta-salata-pomodori-robiola-e-pesto-500x450.jpeg\"><\/a><h2 class=\"sp-pcp-post-title\"><a href=\"https:\/\/tempodicottura.it\/2026\/08\/26\/torta-salata-pomodori-robiola-e-pesto\/\">Torta salata pomodori robiola e pesto<\/a><\/h2><div class=\"sp-pcp-post-meta\">\n\t\t\t\t\t\t<ul><li><time class=\"entry-date published updated\" datetime=\"2026-08-26T12:00:41+02:00\">26 Agosto 2026<\/time><time class=\"updated sp-hidden\" datetime=\"2026-08-26T11:59:10+02:00\">26 Agosto 2026<\/time><\/li><li><a href=\"https:\/\/tempodicottura.it\/category\/ricette-per-portata\/dolci\/\" rel=\"category tag\">Dolci e Torte<\/a><\/li><li><a href=\"#\" class=\"pcpro-post-like\" data-post_id=\"36924\" title=\"Like\"><i class='fa fa-heart-o'><\/i>0<\/a><\/li><\/ul>\n\t\t\t\t\t<\/div><div class=\"sp-pcp-social-share-button sp-text-left\"><a class=\"sp-facebook\" style=\"color:#ffffff;background-color:#cccccc;border-radius:20px;\" onClick=\"window.open('http:\/\/www.facebook.com\/sharer.php?u=https:\/\/tempodicottura.it\/2026\/08\/26\/torta-salata-pomodori-robiola-e-pesto\/','Facebook','width=600,height=300,left='+(screen.availWidth\/2-300)+',top='+(screen.availHeight\/2-150)+''); return false;\" href=\"http:\/\/www.facebook.com\/sharer.php?u=https:\/\/tempodicottura.it\/2026\/08\/26\/torta-salata-pomodori-robiola-e-pesto\/\"><i class=\"fa fa-facebook\"><\/i><\/a><a class=\"sp-twitter\" style=\"color:#ffffff;background-color:#cccccc;border-radius:20px;\" onClick=\"window.open('http:\/\/twitter.com\/share?url=https:\/\/tempodicottura.it\/2026\/08\/26\/torta-salata-pomodori-robiola-e-pesto\/&amp;text=Torta salata pomodori robiola e pesto','Twitter share','width=600,height=300,left='+(screen.availWidth\/2-300)+',top='+(screen.availHeight\/2-150)+''); return false;\" href=\"http:\/\/twitter.com\/share?url=https:\/\/tempodicottura.it\/2026\/08\/26\/torta-salata-pomodori-robiola-e-pesto\/&amp;text=Torta salata pomodori robiola e pesto\"><i class=\"fa fa-twitter\"><\/i><\/a><a class=\"sp-pinterest\" style=\"color:#ffffff;background-color:#cccccc;border-radius:20px;\" href='javascript:void((function()%7Bvar%20e=document.createElement(&apos;script&apos;);e.setAttribute(&apos;type&apos;,&apos;text\/javascript&apos;);e.setAttribute(&apos;charset&apos;,&apos;UTF-8&apos;);e.setAttribute(&apos;src&apos;,&apos;https:\/\/assets.pinterest.com\/js\/pinmarklet.js?r=&apos;+Math.random()*99999999);document.body.appendChild(e)%7D)());'><i class=\"fa fa-pinterest\"><\/i><\/a><a class=\"sp-envelope\" style=\"color:#ffffff;background-color:#cccccc;border-radius:20px;\" href=\"mailto:?Subject=Torta salata pomodori robiola e pesto&amp;Body=https:\/\/tempodicottura.it\/2026\/08\/26\/torta-salata-pomodori-robiola-e-pesto\/\"><i class=\"fa fa-envelope-o\"><\/i><\/a><\/div><\/div><\/div><div class=\"sp-pcp-post sp-pcp-item-visible \"><div class=\"sp-pcp-post-relative\"><a href=\"https:\/\/tempodicottura.it\/2026\/08\/19\/branzino-in-padella-salvacena-il-segreto-per-un-pranzo-sano-e-veloce-anche-da-surgelato\/\" class=\"sp-pcp-post-image  sp-zoom-in\"><img decoding=\"async\" class=\"sp-pcp-post-img\" src=\"https:\/\/tempodicottura.it\/wp-content\/uploads\/2026\/08\/Branzino-in-padella-salvacena-500x450.jpeg\"><\/a><h2 class=\"sp-pcp-post-title\"><a href=\"https:\/\/tempodicottura.it\/2026\/08\/19\/branzino-in-padella-salvacena-il-segreto-per-un-pranzo-sano-e-veloce-anche-da-surgelato\/\">Branzino in Padella Salvacena: Il Segreto per un Pranzo Sano e Veloce (Anche da Surgelato!)<\/a><\/h2><div class=\"sp-pcp-post-meta\">\n\t\t\t\t\t\t<ul><li><time class=\"entry-date published updated\" datetime=\"2026-08-19T12:00:34+02:00\">19 Agosto 2026<\/time><time class=\"updated sp-hidden\" datetime=\"2026-08-19T11:59:36+02:00\">19 Agosto 2026<\/time><\/li><li><a href=\"https:\/\/tempodicottura.it\/category\/ricette-per-portata\/\" rel=\"category tag\">Ricette per portata<\/a>, <a href=\"https:\/\/tempodicottura.it\/category\/ricette-per-portata\/secondi\/\" rel=\"category tag\">Secondi<\/a>, <a href=\"https:\/\/tempodicottura.it\/category\/video\/\" rel=\"category tag\">Video<\/a><\/li><li><a href=\"#\" class=\"pcpro-post-like\" data-post_id=\"36914\" title=\"Like\"><i class='fa fa-heart-o'><\/i>0<\/a><\/li><\/ul>\n\t\t\t\t\t<\/div><div class=\"sp-pcp-social-share-button sp-text-left\"><a class=\"sp-facebook\" style=\"color:#ffffff;background-color:#cccccc;border-radius:20px;\" onClick=\"window.open('http:\/\/www.facebook.com\/sharer.php?u=https:\/\/tempodicottura.it\/2026\/08\/19\/branzino-in-padella-salvacena-il-segreto-per-un-pranzo-sano-e-veloce-anche-da-surgelato\/','Facebook','width=600,height=300,left='+(screen.availWidth\/2-300)+',top='+(screen.availHeight\/2-150)+''); return false;\" href=\"http:\/\/www.facebook.com\/sharer.php?u=https:\/\/tempodicottura.it\/2026\/08\/19\/branzino-in-padella-salvacena-il-segreto-per-un-pranzo-sano-e-veloce-anche-da-surgelato\/\"><i class=\"fa fa-facebook\"><\/i><\/a><a class=\"sp-twitter\" style=\"color:#ffffff;background-color:#cccccc;border-radius:20px;\" onClick=\"window.open('http:\/\/twitter.com\/share?url=https:\/\/tempodicottura.it\/2026\/08\/19\/branzino-in-padella-salvacena-il-segreto-per-un-pranzo-sano-e-veloce-anche-da-surgelato\/&amp;text=Branzino in Padella Salvacena: Il Segreto per un Pranzo Sano e Veloce (Anche da Surgelato!)','Twitter share','width=600,height=300,left='+(screen.availWidth\/2-300)+',top='+(screen.availHeight\/2-150)+''); return false;\" href=\"http:\/\/twitter.com\/share?url=https:\/\/tempodicottura.it\/2026\/08\/19\/branzino-in-padella-salvacena-il-segreto-per-un-pranzo-sano-e-veloce-anche-da-surgelato\/&amp;text=Branzino in Padella Salvacena: Il Segreto per un Pranzo Sano e Veloce (Anche da Surgelato!)\"><i class=\"fa fa-twitter\"><\/i><\/a><a class=\"sp-pinterest\" style=\"color:#ffffff;background-color:#cccccc;border-radius:20px;\" href='javascript:void((function()%7Bvar%20e=document.createElement(&apos;script&apos;);e.setAttribute(&apos;type&apos;,&apos;text\/javascript&apos;);e.setAttribute(&apos;charset&apos;,&apos;UTF-8&apos;);e.setAttribute(&apos;src&apos;,&apos;https:\/\/assets.pinterest.com\/js\/pinmarklet.js?r=&apos;+Math.random()*99999999);document.body.appendChild(e)%7D)());'><i class=\"fa fa-pinterest\"><\/i><\/a><a class=\"sp-envelope\" style=\"color:#ffffff;background-color:#cccccc;border-radius:20px;\" href=\"mailto:?Subject=Branzino in Padella Salvacena: Il Segreto per un Pranzo Sano e Veloce (Anche da Surgelato!)&amp;Body=https:\/\/tempodicottura.it\/2026\/08\/19\/branzino-in-padella-salvacena-il-segreto-per-un-pranzo-sano-e-veloce-anche-da-surgelato\/\"><i class=\"fa fa-envelope-o\"><\/i><\/a><\/div><\/div><\/div><div class=\"sp-pcp-post sp-pcp-item-visible \"><div class=\"sp-pcp-post-relative\"><a href=\"https:\/\/tempodicottura.it\/2026\/08\/05\/cheesecake-lime-e-mirtilli-senza-cottura\/\" class=\"sp-pcp-post-image  sp-zoom-in\"><img decoding=\"async\" class=\"sp-pcp-post-img\" src=\"https:\/\/tempodicottura.it\/wp-content\/uploads\/2026\/08\/cheesecake-lime-e-Mirtilli-senza-cottura-500x450.jpeg\"><\/a><h2 class=\"sp-pcp-post-title\"><a href=\"https:\/\/tempodicottura.it\/2026\/08\/05\/cheesecake-lime-e-mirtilli-senza-cottura\/\">Cheesecake Lime e Mirtilli Senza Cottura<\/a><\/h2><div class=\"sp-pcp-post-meta\">\n\t\t\t\t\t\t<ul><li><time class=\"entry-date published updated\" datetime=\"2026-08-05T12:00:58+02:00\">5 Agosto 2026<\/time><time class=\"updated sp-hidden\" datetime=\"2026-08-05T11:53:40+02:00\">5 Agosto 2026<\/time><\/li><li><a href=\"https:\/\/tempodicottura.it\/category\/dolci-di-casa\/\" rel=\"category tag\">dolci di casa<\/a>, <a href=\"https:\/\/tempodicottura.it\/category\/ricette-per-portata\/dolci\/\" rel=\"category tag\">Dolci e Torte<\/a>, <a href=\"https:\/\/tempodicottura.it\/category\/estate\/\" rel=\"category tag\">Estate<\/a>, <a href=\"https:\/\/tempodicottura.it\/category\/ricette-per-portata\/\" rel=\"category tag\">Ricette per portata<\/a>, <a href=\"https:\/\/tempodicottura.it\/category\/video\/\" rel=\"category tag\">Video<\/a><\/li><li><a href=\"#\" class=\"pcpro-post-like\" data-post_id=\"36905\" title=\"Like\"><i class='fa fa-heart-o'><\/i>0<\/a><\/li><\/ul>\n\t\t\t\t\t<\/div><div class=\"sp-pcp-social-share-button sp-text-left\"><a class=\"sp-facebook\" style=\"color:#ffffff;background-color:#cccccc;border-radius:20px;\" onClick=\"window.open('http:\/\/www.facebook.com\/sharer.php?u=https:\/\/tempodicottura.it\/2026\/08\/05\/cheesecake-lime-e-mirtilli-senza-cottura\/','Facebook','width=600,height=300,left='+(screen.availWidth\/2-300)+',top='+(screen.availHeight\/2-150)+''); return false;\" href=\"http:\/\/www.facebook.com\/sharer.php?u=https:\/\/tempodicottura.it\/2026\/08\/05\/cheesecake-lime-e-mirtilli-senza-cottura\/\"><i class=\"fa fa-facebook\"><\/i><\/a><a class=\"sp-twitter\" style=\"color:#ffffff;background-color:#cccccc;border-radius:20px;\" onClick=\"window.open('http:\/\/twitter.com\/share?url=https:\/\/tempodicottura.it\/2026\/08\/05\/cheesecake-lime-e-mirtilli-senza-cottura\/&amp;text=Cheesecake Lime e Mirtilli Senza Cottura','Twitter share','width=600,height=300,left='+(screen.availWidth\/2-300)+',top='+(screen.availHeight\/2-150)+''); return false;\" href=\"http:\/\/twitter.com\/share?url=https:\/\/tempodicottura.it\/2026\/08\/05\/cheesecake-lime-e-mirtilli-senza-cottura\/&amp;text=Cheesecake Lime e Mirtilli Senza Cottura\"><i class=\"fa fa-twitter\"><\/i><\/a><a class=\"sp-pinterest\" style=\"color:#ffffff;background-color:#cccccc;border-radius:20px;\" href='javascript:void((function()%7Bvar%20e=document.createElement(&apos;script&apos;);e.setAttribute(&apos;type&apos;,&apos;text\/javascript&apos;);e.setAttribute(&apos;charset&apos;,&apos;UTF-8&apos;);e.setAttribute(&apos;src&apos;,&apos;https:\/\/assets.pinterest.com\/js\/pinmarklet.js?r=&apos;+Math.random()*99999999);document.body.appendChild(e)%7D)());'><i class=\"fa fa-pinterest\"><\/i><\/a><a class=\"sp-envelope\" style=\"color:#ffffff;background-color:#cccccc;border-radius:20px;\" href=\"mailto:?Subject=Cheesecake Lime e Mirtilli Senza Cottura&amp;Body=https:\/\/tempodicottura.it\/2026\/08\/05\/cheesecake-lime-e-mirtilli-senza-cottura\/\"><i class=\"fa fa-envelope-o\"><\/i><\/a><\/div><\/div><\/div><div class=\"sp-pcp-post sp-pcp-item-visible \"><div class=\"sp-pcp-post-relative\"><a href=\"https:\/\/tempodicottura.it\/2026\/07\/29\/focaccine-fritte-gonfie-e-leggere-la-ricetta-delle-mie-focaccine-nuvola\/\" class=\"sp-pcp-post-image  sp-zoom-in\"><img decoding=\"async\" class=\"sp-pcp-post-img\" src=\"https:\/\/tempodicottura.it\/wp-content\/uploads\/2026\/07\/focaccine-fritte-gonfie-e-leggere-500x450.jpeg\"><\/a><h2 class=\"sp-pcp-post-title\"><a href=\"https:\/\/tempodicottura.it\/2026\/07\/29\/focaccine-fritte-gonfie-e-leggere-la-ricetta-delle-mie-focaccine-nuvola\/\">Focaccine fritte gonfie e leggere: la ricetta delle mie focaccine nuvola<\/a><\/h2><div class=\"sp-pcp-post-meta\">\n\t\t\t\t\t\t<ul><li><time class=\"entry-date published updated\" datetime=\"2026-07-29T12:00:23+02:00\">29 Luglio 2026<\/time><time class=\"updated sp-hidden\" datetime=\"2026-07-29T09:52:36+02:00\">29 Luglio 2026<\/time><\/li><li><a href=\"https:\/\/tempodicottura.it\/category\/estate\/\" rel=\"category tag\">Estate<\/a>, <a href=\"https:\/\/tempodicottura.it\/category\/ricette-per-portata\/antipasti\/\" rel=\"category tag\">Antipasti<\/a>, <a href=\"https:\/\/tempodicottura.it\/category\/feste\/\" rel=\"category tag\">Feste<\/a>, <a href=\"https:\/\/tempodicottura.it\/category\/ricette-per-portata\/pane-e-pizza\/\" rel=\"category tag\">Pane e Pizza<\/a>, <a href=\"https:\/\/tempodicottura.it\/category\/ricette-per-portata\/piatti-unici\/\" rel=\"category tag\">Piatti Unici<\/a>, <a href=\"https:\/\/tempodicottura.it\/category\/ricette-per-portata\/\" rel=\"category tag\">Ricette per portata<\/a>, <a href=\"https:\/\/tempodicottura.it\/category\/video\/\" rel=\"category tag\">Video<\/a><\/li><li><a href=\"#\" class=\"pcpro-post-like\" data-post_id=\"36892\" title=\"Like\"><i class='fa fa-heart-o'><\/i>0<\/a><\/li><\/ul>\n\t\t\t\t\t<\/div><div class=\"sp-pcp-social-share-button sp-text-left\"><a class=\"sp-facebook\" style=\"color:#ffffff;background-color:#cccccc;border-radius:20px;\" onClick=\"window.open('http:\/\/www.facebook.com\/sharer.php?u=https:\/\/tempodicottura.it\/2026\/07\/29\/focaccine-fritte-gonfie-e-leggere-la-ricetta-delle-mie-focaccine-nuvola\/','Facebook','width=600,height=300,left='+(screen.availWidth\/2-300)+',top='+(screen.availHeight\/2-150)+''); return false;\" href=\"http:\/\/www.facebook.com\/sharer.php?u=https:\/\/tempodicottura.it\/2026\/07\/29\/focaccine-fritte-gonfie-e-leggere-la-ricetta-delle-mie-focaccine-nuvola\/\"><i class=\"fa fa-facebook\"><\/i><\/a><a class=\"sp-twitter\" style=\"color:#ffffff;background-color:#cccccc;border-radius:20px;\" onClick=\"window.open('http:\/\/twitter.com\/share?url=https:\/\/tempodicottura.it\/2026\/07\/29\/focaccine-fritte-gonfie-e-leggere-la-ricetta-delle-mie-focaccine-nuvola\/&amp;text=Focaccine fritte gonfie e leggere: la ricetta delle mie focaccine nuvola','Twitter share','width=600,height=300,left='+(screen.availWidth\/2-300)+',top='+(screen.availHeight\/2-150)+''); return false;\" href=\"http:\/\/twitter.com\/share?url=https:\/\/tempodicottura.it\/2026\/07\/29\/focaccine-fritte-gonfie-e-leggere-la-ricetta-delle-mie-focaccine-nuvola\/&amp;text=Focaccine fritte gonfie e leggere: la ricetta delle mie focaccine nuvola\"><i class=\"fa fa-twitter\"><\/i><\/a><a class=\"sp-pinterest\" style=\"color:#ffffff;background-color:#cccccc;border-radius:20px;\" href='javascript:void((function()%7Bvar%20e=document.createElement(&apos;script&apos;);e.setAttribute(&apos;type&apos;,&apos;text\/javascript&apos;);e.setAttribute(&apos;charset&apos;,&apos;UTF-8&apos;);e.setAttribute(&apos;src&apos;,&apos;https:\/\/assets.pinterest.com\/js\/pinmarklet.js?r=&apos;+Math.random()*99999999);document.body.appendChild(e)%7D)());'><i class=\"fa fa-pinterest\"><\/i><\/a><a class=\"sp-envelope\" style=\"color:#ffffff;background-color:#cccccc;border-radius:20px;\" href=\"mailto:?Subject=Focaccine fritte gonfie e leggere: la ricetta delle mie focaccine nuvola&amp;Body=https:\/\/tempodicottura.it\/2026\/07\/29\/focaccine-fritte-gonfie-e-leggere-la-ricetta-delle-mie-focaccine-nuvola\/\"><i class=\"fa fa-envelope-o\"><\/i><\/a><\/div><\/div><\/div><div class=\"sp-pcp-post sp-pcp-item-visible \"><div class=\"sp-pcp-post-relative\"><a href=\"https:\/\/tempodicottura.it\/2026\/07\/15\/la-pasta-alla-checca-il-primo-romano-estivo-pronto-in-10-minuti\/\" class=\"sp-pcp-post-image  sp-zoom-in\"><img decoding=\"async\" class=\"sp-pcp-post-img\" src=\"https:\/\/tempodicottura.it\/wp-content\/uploads\/2026\/07\/pasta-alla-checca-500x450.jpeg\"><\/a><h2 class=\"sp-pcp-post-title\"><a href=\"https:\/\/tempodicottura.it\/2026\/07\/15\/la-pasta-alla-checca-il-primo-romano-estivo-pronto-in-10-minuti\/\">La Pasta alla Checca: Il Primo Romano Estivo Pronto in 10 Minuti<\/a><\/h2><div class=\"sp-pcp-post-meta\">\n\t\t\t\t\t\t<ul><li><time class=\"entry-date published updated\" datetime=\"2026-07-15T22:31:32+02:00\">15 Luglio 2026<\/time><\/li><li><a href=\"https:\/\/tempodicottura.it\/category\/estate\/\" rel=\"category tag\">Estate<\/a>, <a href=\"https:\/\/tempodicottura.it\/category\/ricette-per-portata\/primi\/\" rel=\"category tag\">Primi<\/a>, <a href=\"https:\/\/tempodicottura.it\/category\/ricette-per-portata\/\" rel=\"category tag\">Ricette per portata<\/a>, <a href=\"https:\/\/tempodicottura.it\/category\/video\/\" rel=\"category tag\">Video<\/a><\/li><li><a href=\"#\" class=\"pcpro-post-like\" data-post_id=\"36882\" title=\"Like\"><i class='fa fa-heart-o'><\/i>0<\/a><\/li><\/ul>\n\t\t\t\t\t<\/div><div class=\"sp-pcp-social-share-button sp-text-left\"><a class=\"sp-facebook\" style=\"color:#ffffff;background-color:#cccccc;border-radius:20px;\" onClick=\"window.open('http:\/\/www.facebook.com\/sharer.php?u=https:\/\/tempodicottura.it\/2026\/07\/15\/la-pasta-alla-checca-il-primo-romano-estivo-pronto-in-10-minuti\/','Facebook','width=600,height=300,left='+(screen.availWidth\/2-300)+',top='+(screen.availHeight\/2-150)+''); return false;\" href=\"http:\/\/www.facebook.com\/sharer.php?u=https:\/\/tempodicottura.it\/2026\/07\/15\/la-pasta-alla-checca-il-primo-romano-estivo-pronto-in-10-minuti\/\"><i class=\"fa fa-facebook\"><\/i><\/a><a class=\"sp-twitter\" style=\"color:#ffffff;background-color:#cccccc;border-radius:20px;\" onClick=\"window.open('http:\/\/twitter.com\/share?url=https:\/\/tempodicottura.it\/2026\/07\/15\/la-pasta-alla-checca-il-primo-romano-estivo-pronto-in-10-minuti\/&amp;text=La Pasta alla Checca: Il Primo Romano Estivo Pronto in 10 Minuti','Twitter share','width=600,height=300,left='+(screen.availWidth\/2-300)+',top='+(screen.availHeight\/2-150)+''); return false;\" href=\"http:\/\/twitter.com\/share?url=https:\/\/tempodicottura.it\/2026\/07\/15\/la-pasta-alla-checca-il-primo-romano-estivo-pronto-in-10-minuti\/&amp;text=La Pasta alla Checca: Il Primo Romano Estivo Pronto in 10 Minuti\"><i class=\"fa fa-twitter\"><\/i><\/a><a class=\"sp-pinterest\" style=\"color:#ffffff;background-color:#cccccc;border-radius:20px;\" href='javascript:void((function()%7Bvar%20e=document.createElement(&apos;script&apos;);e.setAttribute(&apos;type&apos;,&apos;text\/javascript&apos;);e.setAttribute(&apos;charset&apos;,&apos;UTF-8&apos;);e.setAttribute(&apos;src&apos;,&apos;https:\/\/assets.pinterest.com\/js\/pinmarklet.js?r=&apos;+Math.random()*99999999);document.body.appendChild(e)%7D)());'><i class=\"fa fa-pinterest\"><\/i><\/a><a class=\"sp-envelope\" style=\"color:#ffffff;background-color:#cccccc;border-radius:20px;\" href=\"mailto:?Subject=La Pasta alla Checca: Il Primo Romano Estivo Pronto in 10 Minuti&amp;Body=https:\/\/tempodicottura.it\/2026\/07\/15\/la-pasta-alla-checca-il-primo-romano-estivo-pronto-in-10-minuti\/\"><i class=\"fa fa-envelope-o\"><\/i><\/a><\/div><\/div><\/div><\/div><\/div><\/div>\n<p>\n    <a href=\"\/tag\/inverno\/\">ricette di stagione<\/a>\n<\/p>\n<h2><span class=\"titolomodulihomeslenn\">Le mie preferite<\/span><\/h2>\n<div>\n\n<div class=\"vp-portfolio vp-uid-139d24e6 vp-id-16247 \"\n\tdata-vp-layout=\"tiles\" data-vp-content-source=\"post-based\" data-vp-items-style=\"emerge\" data-vp-items-click-action=\"url\" data-vp-items-gap=\"8\" data-vp-items-gap-vertical=\"\" data-vp-pagination=\"load-more\" data-vp-next-page-url=\"https:\/\/tempodicottura.it\/wp-json\/wp\/v2\/pages\/12620?vp_page=2\" data-vp-tiles-type=\"4|1,1|1,1|2,1|1,1|1,1|2,1|1,1|1,1|1,1|1,1|\" >\n\t<div class=\"vp-portfolio__preloader-wrap\">\n\t\t<div class=\"vp-portfolio__preloader\">\n\t\t\t<img decoding=\"async\" loading=\"eager\" src=\"https:\/\/tempodicottura.it\/wp-content\/plugins\/visual-portfolio\/assets\/images\/logo-dark.svg\" alt=\"Visual Portfolio, Posts &amp; Image Gallery for WordPress\" width=\"20\" height=\"20\" data-skip-lazy>\n\t\t<\/div>\n\t<\/div>\n\t\t<div class=\"vp-portfolio__items-wrap\">\n\t\t\t\n<div class=\"vp-portfolio__items vp-portfolio__items-style-emerge vp-portfolio__items-show-overlay-hover vp-portfolio__items-show-caption-hover\">\n\n\t\t<article\t\tclass=\"vp-portfolio__item-wrap post-32164 post type-post status-publish format-standard has-post-thumbnail hentry category-altre-ricorrenze category-dolci-di-casa category-dolci category-feste category-inverno category-merende category-ricette-per-portata category-top-10-ricette category-video tag-carneval tag-carnevale tag-dolci-per-mille-occasioni tag-dolci-per-ragazzi tag-feste tag-limone vp-portfolio__item-uid-2671cf23\" data-vp-filter=\"altre-ricorrenze,dolci-di-casa,dolci,feste,inverno,merende,ricette-per-portata,top-10-ricette,video\" \t\t>\n\t\t\t\t\t\t\t\t\t<figure class=\"vp-portfolio__item\">\n\t\t\t\t\n<div class=\"vp-portfolio__item-img-wrap\">\n\t<div class=\"vp-portfolio__item-img\">\n\t\t\t<a\n\t\thref=\"https:\/\/tempodicottura.it\/2021\/01\/27\/le-graffe\/\"\n\t\taria-label=\"Le graffe\" \t>\n\t\n\t\t<noscript><img loading=\"lazy\" decoding=\"async\" width=\"680\" height=\"907\" data-skip-lazy src=\"https:\/\/tempodicottura.it\/wp-content\/uploads\/2021\/01\/graffe-sofficissime.jpg\" class=\"wp-image-32242\" alt=\"graffe sofficissime\" srcset=\"https:\/\/tempodicottura.it\/wp-content\/uploads\/2021\/01\/graffe-sofficissime.jpg 680w, https:\/\/tempodicottura.it\/wp-content\/uploads\/2021\/01\/graffe-sofficissime-225x300.jpg 225w, https:\/\/tempodicottura.it\/wp-content\/uploads\/2021\/01\/graffe-sofficissime-500x667.jpg 500w\" sizes=\"(max-width: 680px) 100vw, 680px\" \/><\/noscript><img fetchpriority=\"high\" decoding=\"async\" width=\"680\" height=\"907\" src=\"https:\/\/tempodicottura.it\/wp-content\/uploads\/2021\/01\/graffe-sofficissime.jpg\" class=\"wp-image-32242 vp-lazyload\" alt=\"graffe sofficissime\" srcset=\"data:image\/svg+xml;base64,PHN2ZyB3aWR0aD0iNjgwIiBoZWlnaHQ9IjkwNyIgdmlld0JveD0iMCAwIDY4MCA5MDciIGZpbGw9Im5vbmUiIHhtbG5zPSJodHRwOi8vd3d3LnczLm9yZy8yMDAwL3N2ZyI+PC9zdmc+\" data-src=\"https:\/\/tempodicottura.it\/wp-content\/uploads\/2021\/01\/graffe-sofficissime.jpg\" data-srcset=\"https:\/\/tempodicottura.it\/wp-content\/uploads\/2021\/01\/graffe-sofficissime.jpg 680w, https:\/\/tempodicottura.it\/wp-content\/uploads\/2021\/01\/graffe-sofficissime-225x300.jpg 225w, https:\/\/tempodicottura.it\/wp-content\/uploads\/2021\/01\/graffe-sofficissime-500x667.jpg 500w\" data-sizes=\"auto\" loading=\"eager\">\n\t\t<div class=\"vp-portfolio__item-overlay\"><\/div>\n\n\t\t<\/a>\t<\/div>\n<\/div>\n\n\t<figcaption class=\"vp-portfolio__item-caption vp-portfolio__item-caption-text-align-center\">\n\t\t<div class=\"vp-portfolio__item-meta-wrap vp-portfolio__custom-scrollbar\">\n\t\t\t<div class=\"vp-portfolio__item-meta\">\n\t\t\t\t\n<h2 class=\"vp-portfolio__item-meta-title\">\n\t\t<a\n\t\thref=\"https:\/\/tempodicottura.it\/2021\/01\/27\/le-graffe\/\"\n\t\t\t>\n\tLe graffe<\/a><\/h2>\n\t\t\t<\/div>\n\t\t<\/div>\n\t<\/figcaption>\n\t\t\t<\/figure>\n\t\t\t\t\t<\/article>\n\t\t\n\t\t<article\t\tclass=\"vp-portfolio__item-wrap post-32028 post type-post status-publish format-standard has-post-thumbnail hentry category-autunno category-cucinano-i-ragazzi-2 category-dolci-di-casa category-dolci category-inverno category-merende category-primavera category-ricette-per-portata category-top-10-ricette tag-cacao tag-caffe tag-cake tag-ciambellone tag-ricette-per-ragazzi vp-portfolio__item-uid-4a692c3b\" data-vp-filter=\"autunno,cucinano-i-ragazzi-2,dolci-di-casa,dolci,inverno,merende,primavera,ricette-per-portata,top-10-ricette\" \t\t>\n\t\t\t\t\t\t\t\t\t<figure class=\"vp-portfolio__item\">\n\t\t\t\t\n<div class=\"vp-portfolio__item-img-wrap\">\n\t<div class=\"vp-portfolio__item-img\">\n\t\t\t<a\n\t\thref=\"https:\/\/tempodicottura.it\/2021\/01\/04\/ciambellone-soffice-al-cacao\/\"\n\t\taria-label=\"Ciambellone soffice al cacao\" \t>\n\t\n\t\t<noscript><img loading=\"lazy\" decoding=\"async\" width=\"680\" height=\"907\" data-skip-lazy src=\"https:\/\/tempodicottura.it\/wp-content\/uploads\/2021\/01\/ciambellone-soffice-al-cacao.jpg\" class=\"wp-image-32101\" alt=\"ciambelle soffice al cacao\" srcset=\"https:\/\/tempodicottura.it\/wp-content\/uploads\/2021\/01\/ciambellone-soffice-al-cacao.jpg 680w, https:\/\/tempodicottura.it\/wp-content\/uploads\/2021\/01\/ciambellone-soffice-al-cacao-225x300.jpg 225w, https:\/\/tempodicottura.it\/wp-content\/uploads\/2021\/01\/ciambellone-soffice-al-cacao-500x667.jpg 500w\" sizes=\"(max-width: 680px) 100vw, 680px\" \/><\/noscript><img decoding=\"async\" width=\"680\" height=\"907\" src=\"https:\/\/tempodicottura.it\/wp-content\/uploads\/2021\/01\/ciambellone-soffice-al-cacao.jpg\" class=\"wp-image-32101 vp-lazyload\" alt=\"ciambelle soffice al cacao\" srcset=\"data:image\/svg+xml;base64,PHN2ZyB3aWR0aD0iNjgwIiBoZWlnaHQ9IjkwNyIgdmlld0JveD0iMCAwIDY4MCA5MDciIGZpbGw9Im5vbmUiIHhtbG5zPSJodHRwOi8vd3d3LnczLm9yZy8yMDAwL3N2ZyI+PC9zdmc+\" data-src=\"https:\/\/tempodicottura.it\/wp-content\/uploads\/2021\/01\/ciambellone-soffice-al-cacao.jpg\" data-srcset=\"https:\/\/tempodicottura.it\/wp-content\/uploads\/2021\/01\/ciambellone-soffice-al-cacao.jpg 680w, https:\/\/tempodicottura.it\/wp-content\/uploads\/2021\/01\/ciambellone-soffice-al-cacao-225x300.jpg 225w, https:\/\/tempodicottura.it\/wp-content\/uploads\/2021\/01\/ciambellone-soffice-al-cacao-500x667.jpg 500w\" data-sizes=\"auto\" loading=\"eager\">\n\t\t<div class=\"vp-portfolio__item-overlay\"><\/div>\n\n\t\t<\/a>\t<\/div>\n<\/div>\n\n\t<figcaption class=\"vp-portfolio__item-caption vp-portfolio__item-caption-text-align-center\">\n\t\t<div class=\"vp-portfolio__item-meta-wrap vp-portfolio__custom-scrollbar\">\n\t\t\t<div class=\"vp-portfolio__item-meta\">\n\t\t\t\t\n<h2 class=\"vp-portfolio__item-meta-title\">\n\t\t<a\n\t\thref=\"https:\/\/tempodicottura.it\/2021\/01\/04\/ciambellone-soffice-al-cacao\/\"\n\t\t\t>\n\tCiambellone soffice al cacao<\/a><\/h2>\n\t\t\t<\/div>\n\t\t<\/div>\n\t<\/figcaption>\n\t\t\t<\/figure>\n\t\t\t\t\t<\/article>\n\t\t\n\t\t<article\t\tclass=\"vp-portfolio__item-wrap post-30317 post type-post status-publish format-standard has-post-thumbnail hentry category-autunno category-dolci-di-casa category-dolci category-merende category-primavera category-ricette-per-bambini category-ricette-per-portata category-top-10-ricette tag-cacao tag-cioccolato tag-dolci-per-bambini tag-dolci-per-ragazzi tag-merenda tag-merenda-ragazzi tag-torte-per-bambini vp-portfolio__item-uid-59b414bb\" data-vp-filter=\"autunno,dolci-di-casa,dolci,merende,primavera,ricette-per-bambini,ricette-per-portata,top-10-ricette\" \t\t>\n\t\t\t\t\t\t\t\t\t<figure class=\"vp-portfolio__item\">\n\t\t\t\t\n<div class=\"vp-portfolio__item-img-wrap\">\n\t<div class=\"vp-portfolio__item-img\">\n\t\t\t<a\n\t\thref=\"https:\/\/tempodicottura.it\/2020\/05\/24\/torta-in-tazza-al-microonde\/\"\n\t\taria-label=\"Torta in tazza al microonde\" \t>\n\t\n\t\t<noscript><img loading=\"lazy\" decoding=\"async\" width=\"600\" height=\"900\" data-skip-lazy src=\"https:\/\/tempodicottura.it\/wp-content\/uploads\/2020\/05\/MG_8647.jpg\" class=\"wp-image-30319\" alt=\"\" srcset=\"https:\/\/tempodicottura.it\/wp-content\/uploads\/2020\/05\/MG_8647.jpg 600w, https:\/\/tempodicottura.it\/wp-content\/uploads\/2020\/05\/MG_8647-200x300.jpg 200w, https:\/\/tempodicottura.it\/wp-content\/uploads\/2020\/05\/MG_8647-333x500.jpg 333w, https:\/\/tempodicottura.it\/wp-content\/uploads\/2020\/05\/MG_8647-533x800.jpg 533w\" sizes=\"(max-width: 600px) 100vw, 600px\" \/><\/noscript><img decoding=\"async\" width=\"600\" height=\"900\" src=\"https:\/\/tempodicottura.it\/wp-content\/uploads\/2020\/05\/MG_8647.jpg\" class=\"wp-image-30319 vp-lazyload\" alt srcset=\"data:image\/svg+xml;base64,PHN2ZyB3aWR0aD0iNjAwIiBoZWlnaHQ9IjkwMCIgdmlld0JveD0iMCAwIDYwMCA5MDAiIGZpbGw9Im5vbmUiIHhtbG5zPSJodHRwOi8vd3d3LnczLm9yZy8yMDAwL3N2ZyI+PC9zdmc+\" data-src=\"https:\/\/tempodicottura.it\/wp-content\/uploads\/2020\/05\/MG_8647.jpg\" data-srcset=\"https:\/\/tempodicottura.it\/wp-content\/uploads\/2020\/05\/MG_8647.jpg 600w, https:\/\/tempodicottura.it\/wp-content\/uploads\/2020\/05\/MG_8647-200x300.jpg 200w, https:\/\/tempodicottura.it\/wp-content\/uploads\/2020\/05\/MG_8647-333x500.jpg 333w, https:\/\/tempodicottura.it\/wp-content\/uploads\/2020\/05\/MG_8647-533x800.jpg 533w\" data-sizes=\"auto\" loading=\"eager\">\n\t\t<div class=\"vp-portfolio__item-overlay\"><\/div>\n\n\t\t<\/a>\t<\/div>\n<\/div>\n\n\t<figcaption class=\"vp-portfolio__item-caption vp-portfolio__item-caption-text-align-center\">\n\t\t<div class=\"vp-portfolio__item-meta-wrap vp-portfolio__custom-scrollbar\">\n\t\t\t<div class=\"vp-portfolio__item-meta\">\n\t\t\t\t\n<h2 class=\"vp-portfolio__item-meta-title\">\n\t\t<a\n\t\thref=\"https:\/\/tempodicottura.it\/2020\/05\/24\/torta-in-tazza-al-microonde\/\"\n\t\t\t>\n\tTorta in tazza al microonde<\/a><\/h2>\n\t\t\t<\/div>\n\t\t<\/div>\n\t<\/figcaption>\n\t\t\t<\/figure>\n\t\t\t\t\t<\/article>\n\t\t\n\t\t<article\t\tclass=\"vp-portfolio__item-wrap post-28332 post type-post status-publish format-standard has-post-thumbnail hentry category-antipasti category-buffet category-cucina-base category-pane-e-pizza category-ricette-per-portata category-top-10-ricette category-torte-salate category-video tag-pasta-sfoglia vp-portfolio__item-uid-e33c83e9\" data-vp-filter=\"antipasti,buffet,cucina-base,pane-e-pizza,ricette-per-portata,top-10-ricette,torte-salate,video\" \t\t>\n\t\t\t\t\t\t\t\t\t<figure class=\"vp-portfolio__item\">\n\t\t\t\t\n<div class=\"vp-portfolio__item-img-wrap\">\n\t<div class=\"vp-portfolio__item-img\">\n\t\t\t<a\n\t\thref=\"https:\/\/tempodicottura.it\/2020\/05\/02\/pasta-sfoglia-furba-e-veloce\/\"\n\t\taria-label=\"Pasta sfoglia furba e veloce\" \t>\n\t\n\t\t<noscript><img loading=\"lazy\" decoding=\"async\" width=\"600\" height=\"900\" data-skip-lazy src=\"https:\/\/tempodicottura.it\/wp-content\/uploads\/2020\/05\/MG_8984.jpg\" class=\"wp-image-28333\" alt=\"\" srcset=\"https:\/\/tempodicottura.it\/wp-content\/uploads\/2020\/05\/MG_8984.jpg 600w, https:\/\/tempodicottura.it\/wp-content\/uploads\/2020\/05\/MG_8984-200x300.jpg 200w, https:\/\/tempodicottura.it\/wp-content\/uploads\/2020\/05\/MG_8984-333x500.jpg 333w, https:\/\/tempodicottura.it\/wp-content\/uploads\/2020\/05\/MG_8984-533x800.jpg 533w\" sizes=\"(max-width: 600px) 100vw, 600px\" \/><\/noscript><img decoding=\"async\" width=\"600\" height=\"900\" src=\"https:\/\/tempodicottura.it\/wp-content\/uploads\/2020\/05\/MG_8984.jpg\" class=\"wp-image-28333 vp-lazyload\" alt srcset=\"data:image\/svg+xml;base64,PHN2ZyB3aWR0aD0iNjAwIiBoZWlnaHQ9IjkwMCIgdmlld0JveD0iMCAwIDYwMCA5MDAiIGZpbGw9Im5vbmUiIHhtbG5zPSJodHRwOi8vd3d3LnczLm9yZy8yMDAwL3N2ZyI+PC9zdmc+\" data-src=\"https:\/\/tempodicottura.it\/wp-content\/uploads\/2020\/05\/MG_8984.jpg\" data-srcset=\"https:\/\/tempodicottura.it\/wp-content\/uploads\/2020\/05\/MG_8984.jpg 600w, https:\/\/tempodicottura.it\/wp-content\/uploads\/2020\/05\/MG_8984-200x300.jpg 200w, https:\/\/tempodicottura.it\/wp-content\/uploads\/2020\/05\/MG_8984-333x500.jpg 333w, https:\/\/tempodicottura.it\/wp-content\/uploads\/2020\/05\/MG_8984-533x800.jpg 533w\" data-sizes=\"auto\" loading=\"eager\">\n\t\t<div class=\"vp-portfolio__item-overlay\"><\/div>\n\n\t\t<\/a>\t<\/div>\n<\/div>\n\n\t<figcaption class=\"vp-portfolio__item-caption vp-portfolio__item-caption-text-align-center\">\n\t\t<div class=\"vp-portfolio__item-meta-wrap vp-portfolio__custom-scrollbar\">\n\t\t\t<div class=\"vp-portfolio__item-meta\">\n\t\t\t\t\n<h2 class=\"vp-portfolio__item-meta-title\">\n\t\t<a\n\t\thref=\"https:\/\/tempodicottura.it\/2020\/05\/02\/pasta-sfoglia-furba-e-veloce\/\"\n\t\t\t>\n\tPasta sfoglia furba e veloce<\/a><\/h2>\n\t\t\t<\/div>\n\t\t<\/div>\n\t<\/figcaption>\n\t\t\t<\/figure>\n\t\t\t\t\t<\/article>\n\t\t\n\t\t<article\t\tclass=\"vp-portfolio__item-wrap post-27966 post type-post status-publish format-standard has-post-thumbnail hentry category-antipasti category-merende category-pane-e-pizza category-ricette-per-portata category-top-10-ricette tag-focacce tag-pane tag-panini tag-pizza tag-pizzette vp-portfolio__item-uid-ccd22635\" data-vp-filter=\"antipasti,merende,pane-e-pizza,ricette-per-portata,top-10-ricette\" \t\t>\n\t\t\t\t\t\t\t\t\t<figure class=\"vp-portfolio__item\">\n\t\t\t\t\n<div class=\"vp-portfolio__item-img-wrap\">\n\t<div class=\"vp-portfolio__item-img\">\n\t\t\t<a\n\t\thref=\"https:\/\/tempodicottura.it\/2020\/03\/07\/focaccine-semplici-e-buonissime\/\"\n\t\taria-label=\"Focaccine, semplici e buonissime\" \t>\n\t\n\t\t<noscript><img loading=\"lazy\" decoding=\"async\" width=\"600\" height=\"900\" data-skip-lazy src=\"https:\/\/tempodicottura.it\/wp-content\/uploads\/2020\/03\/MG_8594.jpg\" class=\"wp-image-26895\" alt=\"\" srcset=\"https:\/\/tempodicottura.it\/wp-content\/uploads\/2020\/03\/MG_8594.jpg 600w, https:\/\/tempodicottura.it\/wp-content\/uploads\/2020\/03\/MG_8594-200x300.jpg 200w, https:\/\/tempodicottura.it\/wp-content\/uploads\/2020\/03\/MG_8594-333x500.jpg 333w, https:\/\/tempodicottura.it\/wp-content\/uploads\/2020\/03\/MG_8594-533x800.jpg 533w\" sizes=\"(max-width: 600px) 100vw, 600px\" \/><\/noscript><img decoding=\"async\" width=\"600\" height=\"900\" src=\"https:\/\/tempodicottura.it\/wp-content\/uploads\/2020\/03\/MG_8594.jpg\" class=\"wp-image-26895 vp-lazyload\" alt srcset=\"data:image\/svg+xml;base64,PHN2ZyB3aWR0aD0iNjAwIiBoZWlnaHQ9IjkwMCIgdmlld0JveD0iMCAwIDYwMCA5MDAiIGZpbGw9Im5vbmUiIHhtbG5zPSJodHRwOi8vd3d3LnczLm9yZy8yMDAwL3N2ZyI+PC9zdmc+\" data-src=\"https:\/\/tempodicottura.it\/wp-content\/uploads\/2020\/03\/MG_8594.jpg\" data-srcset=\"https:\/\/tempodicottura.it\/wp-content\/uploads\/2020\/03\/MG_8594.jpg 600w, https:\/\/tempodicottura.it\/wp-content\/uploads\/2020\/03\/MG_8594-200x300.jpg 200w, https:\/\/tempodicottura.it\/wp-content\/uploads\/2020\/03\/MG_8594-333x500.jpg 333w, https:\/\/tempodicottura.it\/wp-content\/uploads\/2020\/03\/MG_8594-533x800.jpg 533w\" data-sizes=\"auto\" loading=\"eager\">\n\t\t<div class=\"vp-portfolio__item-overlay\"><\/div>\n\n\t\t<\/a>\t<\/div>\n<\/div>\n\n\t<figcaption class=\"vp-portfolio__item-caption vp-portfolio__item-caption-text-align-center\">\n\t\t<div class=\"vp-portfolio__item-meta-wrap vp-portfolio__custom-scrollbar\">\n\t\t\t<div class=\"vp-portfolio__item-meta\">\n\t\t\t\t\n<h2 class=\"vp-portfolio__item-meta-title\">\n\t\t<a\n\t\thref=\"https:\/\/tempodicottura.it\/2020\/03\/07\/focaccine-semplici-e-buonissime\/\"\n\t\t\t>\n\tFocaccine, semplici e buonissime<\/a><\/h2>\n\t\t\t<\/div>\n\t\t<\/div>\n\t<\/figcaption>\n\t\t\t<\/figure>\n\t\t\t\t\t<\/article>\n\t\t\n\t\t<article\t\tclass=\"vp-portfolio__item-wrap post-11870 post type-post status-publish format-standard has-post-thumbnail hentry category-dolci-di-casa category-dolci category-estate category-ricette-in-tv category-top-10-ricette tag-colazione tag-frutta tag-mele tag-merenda tag-torta-in-padella vp-portfolio__item-uid-5fa3fd7a\" data-vp-filter=\"dolci-di-casa,dolci,estate,ricette-in-tv,top-10-ricette\" \t\t>\n\t\t\t\t\t\t\t\t\t<figure class=\"vp-portfolio__item\">\n\t\t\t\t\n<div class=\"vp-portfolio__item-img-wrap\">\n\t<div class=\"vp-portfolio__item-img\">\n\t\t\t<a\n\t\thref=\"https:\/\/tempodicottura.it\/2018\/06\/14\/torta-di-mele-in-padella\/\"\n\t\taria-label=\"Torta di mele in padella\" \t>\n\t\n\t\t<noscript><img loading=\"lazy\" decoding=\"async\" width=\"600\" height=\"900\" data-skip-lazy src=\"https:\/\/tempodicottura.it\/wp-content\/uploads\/2018\/06\/MG_2968.jpg\" class=\"wp-image-11871\" alt=\"\" srcset=\"https:\/\/tempodicottura.it\/wp-content\/uploads\/2018\/06\/MG_2968.jpg 600w, https:\/\/tempodicottura.it\/wp-content\/uploads\/2018\/06\/MG_2968-200x300.jpg 200w, https:\/\/tempodicottura.it\/wp-content\/uploads\/2018\/06\/MG_2968-333x500.jpg 333w, https:\/\/tempodicottura.it\/wp-content\/uploads\/2018\/06\/MG_2968-533x800.jpg 533w, https:\/\/tempodicottura.it\/wp-content\/uploads\/2018\/06\/MG_2968-585x878.jpg 585w\" sizes=\"(max-width: 600px) 100vw, 600px\" \/><\/noscript><img decoding=\"async\" width=\"600\" height=\"900\" src=\"https:\/\/tempodicottura.it\/wp-content\/uploads\/2018\/06\/MG_2968.jpg\" class=\"wp-image-11871 vp-lazyload\" alt srcset=\"data:image\/svg+xml;base64,PHN2ZyB3aWR0aD0iNjAwIiBoZWlnaHQ9IjkwMCIgdmlld0JveD0iMCAwIDYwMCA5MDAiIGZpbGw9Im5vbmUiIHhtbG5zPSJodHRwOi8vd3d3LnczLm9yZy8yMDAwL3N2ZyI+PC9zdmc+\" data-src=\"https:\/\/tempodicottura.it\/wp-content\/uploads\/2018\/06\/MG_2968.jpg\" data-srcset=\"https:\/\/tempodicottura.it\/wp-content\/uploads\/2018\/06\/MG_2968.jpg 600w, https:\/\/tempodicottura.it\/wp-content\/uploads\/2018\/06\/MG_2968-200x300.jpg 200w, https:\/\/tempodicottura.it\/wp-content\/uploads\/2018\/06\/MG_2968-333x500.jpg 333w, https:\/\/tempodicottura.it\/wp-content\/uploads\/2018\/06\/MG_2968-533x800.jpg 533w, https:\/\/tempodicottura.it\/wp-content\/uploads\/2018\/06\/MG_2968-585x878.jpg 585w\" data-sizes=\"auto\" loading=\"eager\">\n\t\t<div class=\"vp-portfolio__item-overlay\"><\/div>\n\n\t\t<\/a>\t<\/div>\n<\/div>\n\n\t<figcaption class=\"vp-portfolio__item-caption vp-portfolio__item-caption-text-align-center\">\n\t\t<div class=\"vp-portfolio__item-meta-wrap vp-portfolio__custom-scrollbar\">\n\t\t\t<div class=\"vp-portfolio__item-meta\">\n\t\t\t\t\n<h2 class=\"vp-portfolio__item-meta-title\">\n\t\t<a\n\t\thref=\"https:\/\/tempodicottura.it\/2018\/06\/14\/torta-di-mele-in-padella\/\"\n\t\t\t>\n\tTorta di mele in padella<\/a><\/h2>\n\t\t\t<\/div>\n\t\t<\/div>\n\t<\/figcaption>\n\t\t\t<\/figure>\n\t\t\t\t\t<\/article>\n\t\t\n\t\t<article\t\tclass=\"vp-portfolio__item-wrap post-11721 post type-post status-publish format-standard has-post-thumbnail hentry category-pane-e-pizza category-top-10-ricette tag-pane tag-panini vp-portfolio__item-uid-5e8f7e94\" data-vp-filter=\"pane-e-pizza,top-10-ricette\" \t\t>\n\t\t\t\t\t\t\t\t\t<figure class=\"vp-portfolio__item\">\n\t\t\t\t\n<div class=\"vp-portfolio__item-img-wrap\">\n\t<div class=\"vp-portfolio__item-img\">\n\t\t\t<a\n\t\thref=\"https:\/\/tempodicottura.it\/2018\/04\/28\/panini-sofficissimi-pronti-in-90-100-minuti\/\"\n\t\taria-label=\"Panini sofficissimi pronti in 90\/100 minuti\" \t>\n\t\n\t\t<noscript><img loading=\"lazy\" decoding=\"async\" width=\"600\" height=\"900\" data-skip-lazy src=\"https:\/\/tempodicottura.it\/wp-content\/uploads\/2018\/04\/MG_2562.jpg\" class=\"wp-image-11722\" alt=\"\" srcset=\"https:\/\/tempodicottura.it\/wp-content\/uploads\/2018\/04\/MG_2562.jpg 600w, https:\/\/tempodicottura.it\/wp-content\/uploads\/2018\/04\/MG_2562-200x300.jpg 200w, https:\/\/tempodicottura.it\/wp-content\/uploads\/2018\/04\/MG_2562-333x500.jpg 333w, https:\/\/tempodicottura.it\/wp-content\/uploads\/2018\/04\/MG_2562-533x800.jpg 533w, https:\/\/tempodicottura.it\/wp-content\/uploads\/2018\/04\/MG_2562-585x878.jpg 585w\" sizes=\"(max-width: 600px) 100vw, 600px\" \/><\/noscript><img decoding=\"async\" width=\"600\" height=\"900\" src=\"https:\/\/tempodicottura.it\/wp-content\/uploads\/2018\/04\/MG_2562.jpg\" class=\"wp-image-11722 vp-lazyload\" alt srcset=\"data:image\/svg+xml;base64,PHN2ZyB3aWR0aD0iNjAwIiBoZWlnaHQ9IjkwMCIgdmlld0JveD0iMCAwIDYwMCA5MDAiIGZpbGw9Im5vbmUiIHhtbG5zPSJodHRwOi8vd3d3LnczLm9yZy8yMDAwL3N2ZyI+PC9zdmc+\" data-src=\"https:\/\/tempodicottura.it\/wp-content\/uploads\/2018\/04\/MG_2562.jpg\" data-srcset=\"https:\/\/tempodicottura.it\/wp-content\/uploads\/2018\/04\/MG_2562.jpg 600w, https:\/\/tempodicottura.it\/wp-content\/uploads\/2018\/04\/MG_2562-200x300.jpg 200w, https:\/\/tempodicottura.it\/wp-content\/uploads\/2018\/04\/MG_2562-333x500.jpg 333w, https:\/\/tempodicottura.it\/wp-content\/uploads\/2018\/04\/MG_2562-533x800.jpg 533w, https:\/\/tempodicottura.it\/wp-content\/uploads\/2018\/04\/MG_2562-585x878.jpg 585w\" data-sizes=\"auto\" loading=\"eager\">\n\t\t<div class=\"vp-portfolio__item-overlay\"><\/div>\n\n\t\t<\/a>\t<\/div>\n<\/div>\n\n\t<figcaption class=\"vp-portfolio__item-caption vp-portfolio__item-caption-text-align-center\">\n\t\t<div class=\"vp-portfolio__item-meta-wrap vp-portfolio__custom-scrollbar\">\n\t\t\t<div class=\"vp-portfolio__item-meta\">\n\t\t\t\t\n<h2 class=\"vp-portfolio__item-meta-title\">\n\t\t<a\n\t\thref=\"https:\/\/tempodicottura.it\/2018\/04\/28\/panini-sofficissimi-pronti-in-90-100-minuti\/\"\n\t\t\t>\n\tPanini sofficissimi pronti in 90\/100 minuti<\/a><\/h2>\n\t\t\t<\/div>\n\t\t<\/div>\n\t<\/figcaption>\n\t\t\t<\/figure>\n\t\t\t\t\t<\/article>\n\t\t\n\t\t<article\t\tclass=\"vp-portfolio__item-wrap post-11036 post type-post status-publish format-standard has-post-thumbnail hentry category-antipasti category-pane-e-pizza category-top-10-ricette tag-fritti tag-merenda vp-portfolio__item-uid-dcbfccf3\" data-vp-filter=\"antipasti,pane-e-pizza,top-10-ricette\" \t\t>\n\t\t\t\t\t\t\t\t\t<figure class=\"vp-portfolio__item\">\n\t\t\t\t\n<div class=\"vp-portfolio__item-img-wrap\">\n\t<div class=\"vp-portfolio__item-img\">\n\t\t\t<a\n\t\thref=\"https:\/\/tempodicottura.it\/2017\/11\/02\/il-gnocco-fritto-il-mio\/\"\n\t\taria-label=\"\u201cIl gnocco fritto\u201d il mio!\" \t>\n\t\n\t\t<noscript><img loading=\"lazy\" decoding=\"async\" width=\"600\" height=\"900\" data-skip-lazy src=\"https:\/\/tempodicottura.it\/wp-content\/uploads\/2017\/11\/IMG_0576.jpg\" class=\"wp-image-11037\" alt=\"il gnocco fritto\" srcset=\"https:\/\/tempodicottura.it\/wp-content\/uploads\/2017\/11\/IMG_0576.jpg 600w, https:\/\/tempodicottura.it\/wp-content\/uploads\/2017\/11\/IMG_0576-200x300.jpg 200w, https:\/\/tempodicottura.it\/wp-content\/uploads\/2017\/11\/IMG_0576-333x500.jpg 333w, https:\/\/tempodicottura.it\/wp-content\/uploads\/2017\/11\/IMG_0576-533x800.jpg 533w, https:\/\/tempodicottura.it\/wp-content\/uploads\/2017\/11\/IMG_0576-585x878.jpg 585w\" sizes=\"(max-width: 600px) 100vw, 600px\" \/><\/noscript><img decoding=\"async\" width=\"600\" height=\"900\" src=\"https:\/\/tempodicottura.it\/wp-content\/uploads\/2017\/11\/IMG_0576.jpg\" class=\"wp-image-11037 vp-lazyload\" alt=\"il gnocco fritto\" srcset=\"data:image\/svg+xml;base64,PHN2ZyB3aWR0aD0iNjAwIiBoZWlnaHQ9IjkwMCIgdmlld0JveD0iMCAwIDYwMCA5MDAiIGZpbGw9Im5vbmUiIHhtbG5zPSJodHRwOi8vd3d3LnczLm9yZy8yMDAwL3N2ZyI+PC9zdmc+\" data-src=\"https:\/\/tempodicottura.it\/wp-content\/uploads\/2017\/11\/IMG_0576.jpg\" data-srcset=\"https:\/\/tempodicottura.it\/wp-content\/uploads\/2017\/11\/IMG_0576.jpg 600w, https:\/\/tempodicottura.it\/wp-content\/uploads\/2017\/11\/IMG_0576-200x300.jpg 200w, https:\/\/tempodicottura.it\/wp-content\/uploads\/2017\/11\/IMG_0576-333x500.jpg 333w, https:\/\/tempodicottura.it\/wp-content\/uploads\/2017\/11\/IMG_0576-533x800.jpg 533w, https:\/\/tempodicottura.it\/wp-content\/uploads\/2017\/11\/IMG_0576-585x878.jpg 585w\" data-sizes=\"auto\" loading=\"eager\">\n\t\t<div class=\"vp-portfolio__item-overlay\"><\/div>\n\n\t\t<\/a>\t<\/div>\n<\/div>\n\n\t<figcaption class=\"vp-portfolio__item-caption vp-portfolio__item-caption-text-align-center\">\n\t\t<div class=\"vp-portfolio__item-meta-wrap vp-portfolio__custom-scrollbar\">\n\t\t\t<div class=\"vp-portfolio__item-meta\">\n\t\t\t\t\n<h2 class=\"vp-portfolio__item-meta-title\">\n\t\t<a\n\t\thref=\"https:\/\/tempodicottura.it\/2017\/11\/02\/il-gnocco-fritto-il-mio\/\"\n\t\t\t>\n\t\u201cIl gnocco fritto\u201d il mio!<\/a><\/h2>\n\t\t\t<\/div>\n\t\t<\/div>\n\t<\/figcaption>\n\t\t\t<\/figure>\n\t\t\t\t\t<\/article>\n\t\t\n\t\t<article\t\tclass=\"vp-portfolio__item-wrap post-6969 post type-post status-publish format-standard has-post-thumbnail hentry category-dolci category-top-10-ricette tag-cannella tag-frutta tag-mele tag-merenda tag-torta vp-portfolio__item-uid-43e06ba7\" data-vp-filter=\"dolci,top-10-ricette\" \t\t>\n\t\t\t\t\t\t\t\t\t<figure class=\"vp-portfolio__item\">\n\t\t\t\t\n<div class=\"vp-portfolio__item-img-wrap\">\n\t<div class=\"vp-portfolio__item-img\">\n\t\t\t<a\n\t\thref=\"https:\/\/tempodicottura.it\/2014\/01\/31\/liberiamo-una-ricetta-la-mia-torta-di-mele\/\"\n\t\taria-label=\"La mia torta di mele: liberiamo una ricetta\" \t>\n\t\n\t\t<noscript><img loading=\"lazy\" decoding=\"async\" width=\"600\" height=\"900\" data-skip-lazy src=\"https:\/\/tempodicottura.it\/wp-content\/uploads\/2014\/01\/IMG_3718.jpg\" class=\"wp-image-6970\" alt=\"torta di mele\" srcset=\"https:\/\/tempodicottura.it\/wp-content\/uploads\/2014\/01\/IMG_3718.jpg 600w, https:\/\/tempodicottura.it\/wp-content\/uploads\/2014\/01\/IMG_3718-200x300.jpg 200w, https:\/\/tempodicottura.it\/wp-content\/uploads\/2014\/01\/IMG_3718-333x500.jpg 333w, https:\/\/tempodicottura.it\/wp-content\/uploads\/2014\/01\/IMG_3718-533x800.jpg 533w, https:\/\/tempodicottura.it\/wp-content\/uploads\/2014\/01\/IMG_3718-60x90.jpg 60w\" sizes=\"(max-width: 600px) 100vw, 600px\" \/><\/noscript><img decoding=\"async\" width=\"600\" height=\"900\" src=\"https:\/\/tempodicottura.it\/wp-content\/uploads\/2014\/01\/IMG_3718.jpg\" class=\"wp-image-6970 vp-lazyload\" alt=\"torta di mele\" srcset=\"data:image\/svg+xml;base64,PHN2ZyB3aWR0aD0iNjAwIiBoZWlnaHQ9IjkwMCIgdmlld0JveD0iMCAwIDYwMCA5MDAiIGZpbGw9Im5vbmUiIHhtbG5zPSJodHRwOi8vd3d3LnczLm9yZy8yMDAwL3N2ZyI+PC9zdmc+\" data-src=\"https:\/\/tempodicottura.it\/wp-content\/uploads\/2014\/01\/IMG_3718.jpg\" data-srcset=\"https:\/\/tempodicottura.it\/wp-content\/uploads\/2014\/01\/IMG_3718.jpg 600w, https:\/\/tempodicottura.it\/wp-content\/uploads\/2014\/01\/IMG_3718-200x300.jpg 200w, https:\/\/tempodicottura.it\/wp-content\/uploads\/2014\/01\/IMG_3718-333x500.jpg 333w, https:\/\/tempodicottura.it\/wp-content\/uploads\/2014\/01\/IMG_3718-533x800.jpg 533w, https:\/\/tempodicottura.it\/wp-content\/uploads\/2014\/01\/IMG_3718-60x90.jpg 60w\" data-sizes=\"auto\" loading=\"eager\">\n\t\t<div class=\"vp-portfolio__item-overlay\"><\/div>\n\n\t\t<\/a>\t<\/div>\n<\/div>\n\n\t<figcaption class=\"vp-portfolio__item-caption vp-portfolio__item-caption-text-align-center\">\n\t\t<div class=\"vp-portfolio__item-meta-wrap vp-portfolio__custom-scrollbar\">\n\t\t\t<div class=\"vp-portfolio__item-meta\">\n\t\t\t\t\n<h2 class=\"vp-portfolio__item-meta-title\">\n\t\t<a\n\t\thref=\"https:\/\/tempodicottura.it\/2014\/01\/31\/liberiamo-una-ricetta-la-mia-torta-di-mele\/\"\n\t\t\t>\n\tLa mia torta di mele: liberiamo una ricetta<\/a><\/h2>\n\t\t\t<\/div>\n\t\t<\/div>\n\t<\/figcaption>\n\t\t\t<\/figure>\n\t\t\t\t\t<\/article>\n\t\t\n\t\t<article\t\tclass=\"vp-portfolio__item-wrap post-6319 post type-post status-publish format-standard has-post-thumbnail hentry category-cucina-base category-dolci category-top-10-ricette tag-torta vp-portfolio__item-uid-013678b6\" data-vp-filter=\"cucina-base,dolci,top-10-ricette\" \t\t>\n\t\t\t\t\t\t\t\t\t<figure class=\"vp-portfolio__item\">\n\t\t\t\t\n<div class=\"vp-portfolio__item-img-wrap\">\n\t<div class=\"vp-portfolio__item-img\">\n\t\t\t<a\n\t\thref=\"https:\/\/tempodicottura.it\/2013\/04\/10\/il-pan-di-spagna-la-cucina-di-base\/\"\n\t\taria-label=\"Il pan di spagna | La cucina di base\" \t>\n\t\n\t\t<noscript><img loading=\"lazy\" decoding=\"async\" width=\"600\" height=\"900\" data-skip-lazy src=\"https:\/\/tempodicottura.it\/wp-content\/uploads\/2013\/04\/IMG_1710.jpg\" class=\"wp-image-6321\" alt=\"pan di spagna\" srcset=\"https:\/\/tempodicottura.it\/wp-content\/uploads\/2013\/04\/IMG_1710.jpg 600w, https:\/\/tempodicottura.it\/wp-content\/uploads\/2013\/04\/IMG_1710-200x300.jpg 200w, https:\/\/tempodicottura.it\/wp-content\/uploads\/2013\/04\/IMG_1710-333x500.jpg 333w, https:\/\/tempodicottura.it\/wp-content\/uploads\/2013\/04\/IMG_1710-533x800.jpg 533w, https:\/\/tempodicottura.it\/wp-content\/uploads\/2013\/04\/IMG_1710-60x90.jpg 60w\" sizes=\"(max-width: 600px) 100vw, 600px\" \/><\/noscript><img decoding=\"async\" width=\"600\" height=\"900\" src=\"https:\/\/tempodicottura.it\/wp-content\/uploads\/2013\/04\/IMG_1710.jpg\" class=\"wp-image-6321 vp-lazyload\" alt=\"pan di spagna\" srcset=\"data:image\/svg+xml;base64,PHN2ZyB3aWR0aD0iNjAwIiBoZWlnaHQ9IjkwMCIgdmlld0JveD0iMCAwIDYwMCA5MDAiIGZpbGw9Im5vbmUiIHhtbG5zPSJodHRwOi8vd3d3LnczLm9yZy8yMDAwL3N2ZyI+PC9zdmc+\" data-src=\"https:\/\/tempodicottura.it\/wp-content\/uploads\/2013\/04\/IMG_1710.jpg\" data-srcset=\"https:\/\/tempodicottura.it\/wp-content\/uploads\/2013\/04\/IMG_1710.jpg 600w, https:\/\/tempodicottura.it\/wp-content\/uploads\/2013\/04\/IMG_1710-200x300.jpg 200w, https:\/\/tempodicottura.it\/wp-content\/uploads\/2013\/04\/IMG_1710-333x500.jpg 333w, https:\/\/tempodicottura.it\/wp-content\/uploads\/2013\/04\/IMG_1710-533x800.jpg 533w, https:\/\/tempodicottura.it\/wp-content\/uploads\/2013\/04\/IMG_1710-60x90.jpg 60w\" data-sizes=\"auto\" loading=\"eager\">\n\t\t<div class=\"vp-portfolio__item-overlay\"><\/div>\n\n\t\t<\/a>\t<\/div>\n<\/div>\n\n\t<figcaption class=\"vp-portfolio__item-caption vp-portfolio__item-caption-text-align-center\">\n\t\t<div class=\"vp-portfolio__item-meta-wrap vp-portfolio__custom-scrollbar\">\n\t\t\t<div class=\"vp-portfolio__item-meta\">\n\t\t\t\t\n<h2 class=\"vp-portfolio__item-meta-title\">\n\t\t<a\n\t\thref=\"https:\/\/tempodicottura.it\/2013\/04\/10\/il-pan-di-spagna-la-cucina-di-base\/\"\n\t\t\t>\n\tIl pan di spagna | La cucina di base<\/a><\/h2>\n\t\t\t<\/div>\n\t\t<\/div>\n\t<\/figcaption>\n\t\t\t<\/figure>\n\t\t\t\t\t<\/article>\n\t\t\n<\/div>\n\t\t<\/div>\n\t\t\n<\/div>\n<\/div>\n<h3><a href=\"https:\/\/tempodicottura.it\/category\/top-10-ricette\/\"><span style=\"titolomodulihomeslenn\">Le mie preferite<\/span><\/a><\/h3>\n<div>\n\n<div class=\"vp-portfolio vp-uid-c0df6b86 vp-id-20163 \"\n\tdata-vp-layout=\"grid\" data-vp-content-source=\"post-based\" data-vp-items-style=\"default\" data-vp-items-click-action=\"url\" data-vp-items-gap=\"40\" data-vp-items-gap-vertical=\"\" data-vp-pagination=\"load-more\" data-vp-next-page-url=\"https:\/\/tempodicottura.it\/wp-json\/wp\/v2\/pages\/12620?vp_page=2\" data-vp-grid-columns=\"2\" data-vp-grid-images-aspect-ratio=\"3:3\" >\n\t<div class=\"vp-portfolio__preloader-wrap\">\n\t\t<div class=\"vp-portfolio__preloader\">\n\t\t\t<img decoding=\"async\" loading=\"eager\" src=\"https:\/\/tempodicottura.it\/wp-content\/plugins\/visual-portfolio\/assets\/images\/logo-dark.svg\" alt=\"Visual Portfolio, Posts &amp; Image Gallery for WordPress\" width=\"20\" height=\"20\" data-skip-lazy>\n\t\t<\/div>\n\t<\/div>\n\t\t<div class=\"vp-portfolio__items-wrap\">\n\t\t\t\n<div class=\"vp-portfolio__items vp-portfolio__items-style-default vp-portfolio__items-show-overlay-hover\">\n\n\t\t<article\t\tclass=\"vp-portfolio__item-wrap post-32164 post type-post status-publish format-standard has-post-thumbnail hentry category-altre-ricorrenze category-dolci-di-casa category-dolci category-feste category-inverno category-merende category-ricette-per-portata category-top-10-ricette category-video tag-carneval tag-carnevale tag-dolci-per-mille-occasioni tag-dolci-per-ragazzi tag-feste tag-limone vp-portfolio__item-uid-2671cf23\" data-vp-filter=\"altre-ricorrenze,dolci-di-casa,dolci,feste,inverno,merende,ricette-per-portata,top-10-ricette,video\" \t\t>\n\t\t\t\t\t\t\t\t\t<figure class=\"vp-portfolio__item\">\n\t\t\t\t\n<div class=\"vp-portfolio__item-img-wrap\">\n\t<div class=\"vp-portfolio__item-img\">\n\t\t\t<a\n\t\thref=\"https:\/\/tempodicottura.it\/2021\/01\/27\/le-graffe\/\"\n\t\taria-label=\"Le graffe\" \t>\n\t\n\t\t<noscript><img loading=\"lazy\" decoding=\"async\" width=\"680\" height=\"907\" data-skip-lazy src=\"https:\/\/tempodicottura.it\/wp-content\/uploads\/2021\/01\/graffe-sofficissime.jpg\" class=\"wp-image-32242\" alt=\"graffe sofficissime\" srcset=\"https:\/\/tempodicottura.it\/wp-content\/uploads\/2021\/01\/graffe-sofficissime.jpg 680w, https:\/\/tempodicottura.it\/wp-content\/uploads\/2021\/01\/graffe-sofficissime-225x300.jpg 225w, https:\/\/tempodicottura.it\/wp-content\/uploads\/2021\/01\/graffe-sofficissime-500x667.jpg 500w\" sizes=\"(max-width: 680px) 100vw, 680px\" \/><\/noscript><img fetchpriority=\"high\" decoding=\"async\" width=\"680\" height=\"907\" src=\"https:\/\/tempodicottura.it\/wp-content\/uploads\/2021\/01\/graffe-sofficissime.jpg\" class=\"wp-image-32242 vp-lazyload\" alt=\"graffe sofficissime\" srcset=\"data:image\/svg+xml;base64,PHN2ZyB3aWR0aD0iNjgwIiBoZWlnaHQ9IjkwNyIgdmlld0JveD0iMCAwIDY4MCA5MDciIGZpbGw9Im5vbmUiIHhtbG5zPSJodHRwOi8vd3d3LnczLm9yZy8yMDAwL3N2ZyI+PC9zdmc+\" data-src=\"https:\/\/tempodicottura.it\/wp-content\/uploads\/2021\/01\/graffe-sofficissime.jpg\" data-srcset=\"https:\/\/tempodicottura.it\/wp-content\/uploads\/2021\/01\/graffe-sofficissime.jpg 680w, https:\/\/tempodicottura.it\/wp-content\/uploads\/2021\/01\/graffe-sofficissime-225x300.jpg 225w, https:\/\/tempodicottura.it\/wp-content\/uploads\/2021\/01\/graffe-sofficissime-500x667.jpg 500w\" data-sizes=\"auto\" loading=\"eager\">\n\t\t<div class=\"vp-portfolio__item-overlay\">\n\t\t\t\t\t<\/div>\n\n\t\t<\/a>\t<\/div>\n<\/div>\n\n\t<figcaption class=\"vp-portfolio__item-caption vp-portfolio__item-caption-text-align-center\">\n\t\t<div class=\"vp-portfolio__item-meta\">\n\t\t\t\n<h2 class=\"vp-portfolio__item-meta-title\">\n\t\t<a\n\t\thref=\"https:\/\/tempodicottura.it\/2021\/01\/27\/le-graffe\/\"\n\t\t\t>\n\tLe graffe<\/a><\/h2>\n\t\t<\/div>\n\t<\/figcaption>\n\t\t\t<\/figure>\n\t\t\t\t\t<\/article>\n\t\t\n\t\t<article\t\tclass=\"vp-portfolio__item-wrap post-32028 post type-post status-publish format-standard has-post-thumbnail hentry category-autunno category-cucinano-i-ragazzi-2 category-dolci-di-casa category-dolci category-inverno category-merende category-primavera category-ricette-per-portata category-top-10-ricette tag-cacao tag-caffe tag-cake tag-ciambellone tag-ricette-per-ragazzi vp-portfolio__item-uid-4a692c3b\" data-vp-filter=\"autunno,cucinano-i-ragazzi-2,dolci-di-casa,dolci,inverno,merende,primavera,ricette-per-portata,top-10-ricette\" \t\t>\n\t\t\t\t\t\t\t\t\t<figure class=\"vp-portfolio__item\">\n\t\t\t\t\n<div class=\"vp-portfolio__item-img-wrap\">\n\t<div class=\"vp-portfolio__item-img\">\n\t\t\t<a\n\t\thref=\"https:\/\/tempodicottura.it\/2021\/01\/04\/ciambellone-soffice-al-cacao\/\"\n\t\taria-label=\"Ciambellone soffice al cacao\" \t>\n\t\n\t\t<noscript><img loading=\"lazy\" decoding=\"async\" width=\"680\" height=\"907\" data-skip-lazy src=\"https:\/\/tempodicottura.it\/wp-content\/uploads\/2021\/01\/ciambellone-soffice-al-cacao.jpg\" class=\"wp-image-32101\" alt=\"ciambelle soffice al cacao\" srcset=\"https:\/\/tempodicottura.it\/wp-content\/uploads\/2021\/01\/ciambellone-soffice-al-cacao.jpg 680w, https:\/\/tempodicottura.it\/wp-content\/uploads\/2021\/01\/ciambellone-soffice-al-cacao-225x300.jpg 225w, https:\/\/tempodicottura.it\/wp-content\/uploads\/2021\/01\/ciambellone-soffice-al-cacao-500x667.jpg 500w\" sizes=\"(max-width: 680px) 100vw, 680px\" \/><\/noscript><img decoding=\"async\" width=\"680\" height=\"907\" src=\"https:\/\/tempodicottura.it\/wp-content\/uploads\/2021\/01\/ciambellone-soffice-al-cacao.jpg\" class=\"wp-image-32101 vp-lazyload\" alt=\"ciambelle soffice al cacao\" srcset=\"data:image\/svg+xml;base64,PHN2ZyB3aWR0aD0iNjgwIiBoZWlnaHQ9IjkwNyIgdmlld0JveD0iMCAwIDY4MCA5MDciIGZpbGw9Im5vbmUiIHhtbG5zPSJodHRwOi8vd3d3LnczLm9yZy8yMDAwL3N2ZyI+PC9zdmc+\" data-src=\"https:\/\/tempodicottura.it\/wp-content\/uploads\/2021\/01\/ciambellone-soffice-al-cacao.jpg\" data-srcset=\"https:\/\/tempodicottura.it\/wp-content\/uploads\/2021\/01\/ciambellone-soffice-al-cacao.jpg 680w, https:\/\/tempodicottura.it\/wp-content\/uploads\/2021\/01\/ciambellone-soffice-al-cacao-225x300.jpg 225w, https:\/\/tempodicottura.it\/wp-content\/uploads\/2021\/01\/ciambellone-soffice-al-cacao-500x667.jpg 500w\" data-sizes=\"auto\" loading=\"eager\">\n\t\t<div class=\"vp-portfolio__item-overlay\">\n\t\t\t\t\t<\/div>\n\n\t\t<\/a>\t<\/div>\n<\/div>\n\n\t<figcaption class=\"vp-portfolio__item-caption vp-portfolio__item-caption-text-align-center\">\n\t\t<div class=\"vp-portfolio__item-meta\">\n\t\t\t\n<h2 class=\"vp-portfolio__item-meta-title\">\n\t\t<a\n\t\thref=\"https:\/\/tempodicottura.it\/2021\/01\/04\/ciambellone-soffice-al-cacao\/\"\n\t\t\t>\n\tCiambellone soffice al cacao<\/a><\/h2>\n\t\t<\/div>\n\t<\/figcaption>\n\t\t\t<\/figure>\n\t\t\t\t\t<\/article>\n\t\t\n\t\t<article\t\tclass=\"vp-portfolio__item-wrap post-30317 post type-post status-publish format-standard has-post-thumbnail hentry category-autunno category-dolci-di-casa category-dolci category-merende category-primavera category-ricette-per-bambini category-ricette-per-portata category-top-10-ricette tag-cacao tag-cioccolato tag-dolci-per-bambini tag-dolci-per-ragazzi tag-merenda tag-merenda-ragazzi tag-torte-per-bambini vp-portfolio__item-uid-59b414bb\" data-vp-filter=\"autunno,dolci-di-casa,dolci,merende,primavera,ricette-per-bambini,ricette-per-portata,top-10-ricette\" \t\t>\n\t\t\t\t\t\t\t\t\t<figure class=\"vp-portfolio__item\">\n\t\t\t\t\n<div class=\"vp-portfolio__item-img-wrap\">\n\t<div class=\"vp-portfolio__item-img\">\n\t\t\t<a\n\t\thref=\"https:\/\/tempodicottura.it\/2020\/05\/24\/torta-in-tazza-al-microonde\/\"\n\t\taria-label=\"Torta in tazza al microonde\" \t>\n\t\n\t\t<noscript><img loading=\"lazy\" decoding=\"async\" width=\"600\" height=\"900\" data-skip-lazy src=\"https:\/\/tempodicottura.it\/wp-content\/uploads\/2020\/05\/MG_8647.jpg\" class=\"wp-image-30319\" alt=\"\" srcset=\"https:\/\/tempodicottura.it\/wp-content\/uploads\/2020\/05\/MG_8647.jpg 600w, https:\/\/tempodicottura.it\/wp-content\/uploads\/2020\/05\/MG_8647-200x300.jpg 200w, https:\/\/tempodicottura.it\/wp-content\/uploads\/2020\/05\/MG_8647-333x500.jpg 333w, https:\/\/tempodicottura.it\/wp-content\/uploads\/2020\/05\/MG_8647-533x800.jpg 533w\" sizes=\"(max-width: 600px) 100vw, 600px\" \/><\/noscript><img decoding=\"async\" width=\"600\" height=\"900\" src=\"https:\/\/tempodicottura.it\/wp-content\/uploads\/2020\/05\/MG_8647.jpg\" class=\"wp-image-30319 vp-lazyload\" alt srcset=\"data:image\/svg+xml;base64,PHN2ZyB3aWR0aD0iNjAwIiBoZWlnaHQ9IjkwMCIgdmlld0JveD0iMCAwIDYwMCA5MDAiIGZpbGw9Im5vbmUiIHhtbG5zPSJodHRwOi8vd3d3LnczLm9yZy8yMDAwL3N2ZyI+PC9zdmc+\" data-src=\"https:\/\/tempodicottura.it\/wp-content\/uploads\/2020\/05\/MG_8647.jpg\" data-srcset=\"https:\/\/tempodicottura.it\/wp-content\/uploads\/2020\/05\/MG_8647.jpg 600w, https:\/\/tempodicottura.it\/wp-content\/uploads\/2020\/05\/MG_8647-200x300.jpg 200w, https:\/\/tempodicottura.it\/wp-content\/uploads\/2020\/05\/MG_8647-333x500.jpg 333w, https:\/\/tempodicottura.it\/wp-content\/uploads\/2020\/05\/MG_8647-533x800.jpg 533w\" data-sizes=\"auto\" loading=\"eager\">\n\t\t<div class=\"vp-portfolio__item-overlay\">\n\t\t\t\t\t<\/div>\n\n\t\t<\/a>\t<\/div>\n<\/div>\n\n\t<figcaption class=\"vp-portfolio__item-caption vp-portfolio__item-caption-text-align-center\">\n\t\t<div class=\"vp-portfolio__item-meta\">\n\t\t\t\n<h2 class=\"vp-portfolio__item-meta-title\">\n\t\t<a\n\t\thref=\"https:\/\/tempodicottura.it\/2020\/05\/24\/torta-in-tazza-al-microonde\/\"\n\t\t\t>\n\tTorta in tazza al microonde<\/a><\/h2>\n\t\t<\/div>\n\t<\/figcaption>\n\t\t\t<\/figure>\n\t\t\t\t\t<\/article>\n\t\t\n\t\t<article\t\tclass=\"vp-portfolio__item-wrap post-28332 post type-post status-publish format-standard has-post-thumbnail hentry category-antipasti category-buffet category-cucina-base category-pane-e-pizza category-ricette-per-portata category-top-10-ricette category-torte-salate category-video tag-pasta-sfoglia vp-portfolio__item-uid-e33c83e9\" data-vp-filter=\"antipasti,buffet,cucina-base,pane-e-pizza,ricette-per-portata,top-10-ricette,torte-salate,video\" \t\t>\n\t\t\t\t\t\t\t\t\t<figure class=\"vp-portfolio__item\">\n\t\t\t\t\n<div class=\"vp-portfolio__item-img-wrap\">\n\t<div class=\"vp-portfolio__item-img\">\n\t\t\t<a\n\t\thref=\"https:\/\/tempodicottura.it\/2020\/05\/02\/pasta-sfoglia-furba-e-veloce\/\"\n\t\taria-label=\"Pasta sfoglia furba e veloce\" \t>\n\t\n\t\t<noscript><img loading=\"lazy\" decoding=\"async\" width=\"600\" height=\"900\" data-skip-lazy src=\"https:\/\/tempodicottura.it\/wp-content\/uploads\/2020\/05\/MG_8984.jpg\" class=\"wp-image-28333\" alt=\"\" srcset=\"https:\/\/tempodicottura.it\/wp-content\/uploads\/2020\/05\/MG_8984.jpg 600w, https:\/\/tempodicottura.it\/wp-content\/uploads\/2020\/05\/MG_8984-200x300.jpg 200w, https:\/\/tempodicottura.it\/wp-content\/uploads\/2020\/05\/MG_8984-333x500.jpg 333w, https:\/\/tempodicottura.it\/wp-content\/uploads\/2020\/05\/MG_8984-533x800.jpg 533w\" sizes=\"(max-width: 600px) 100vw, 600px\" \/><\/noscript><img decoding=\"async\" width=\"600\" height=\"900\" src=\"https:\/\/tempodicottura.it\/wp-content\/uploads\/2020\/05\/MG_8984.jpg\" class=\"wp-image-28333 vp-lazyload\" alt srcset=\"data:image\/svg+xml;base64,PHN2ZyB3aWR0aD0iNjAwIiBoZWlnaHQ9IjkwMCIgdmlld0JveD0iMCAwIDYwMCA5MDAiIGZpbGw9Im5vbmUiIHhtbG5zPSJodHRwOi8vd3d3LnczLm9yZy8yMDAwL3N2ZyI+PC9zdmc+\" data-src=\"https:\/\/tempodicottura.it\/wp-content\/uploads\/2020\/05\/MG_8984.jpg\" data-srcset=\"https:\/\/tempodicottura.it\/wp-content\/uploads\/2020\/05\/MG_8984.jpg 600w, https:\/\/tempodicottura.it\/wp-content\/uploads\/2020\/05\/MG_8984-200x300.jpg 200w, https:\/\/tempodicottura.it\/wp-content\/uploads\/2020\/05\/MG_8984-333x500.jpg 333w, https:\/\/tempodicottura.it\/wp-content\/uploads\/2020\/05\/MG_8984-533x800.jpg 533w\" data-sizes=\"auto\" loading=\"eager\">\n\t\t<div class=\"vp-portfolio__item-overlay\">\n\t\t\t\t\t<\/div>\n\n\t\t<\/a>\t<\/div>\n<\/div>\n\n\t<figcaption class=\"vp-portfolio__item-caption vp-portfolio__item-caption-text-align-center\">\n\t\t<div class=\"vp-portfolio__item-meta\">\n\t\t\t\n<h2 class=\"vp-portfolio__item-meta-title\">\n\t\t<a\n\t\thref=\"https:\/\/tempodicottura.it\/2020\/05\/02\/pasta-sfoglia-furba-e-veloce\/\"\n\t\t\t>\n\tPasta sfoglia furba e veloce<\/a><\/h2>\n\t\t<\/div>\n\t<\/figcaption>\n\t\t\t<\/figure>\n\t\t\t\t\t<\/article>\n\t\t\n<\/div>\n\t\t<\/div>\n\t\t\n<\/div>\n<\/div>\n<p>\n    <a href=\"https:\/\/tempodicottura.it\/category\/top-10-ricette\/\">altre ricette preferite<\/a>\n<\/p>\n<p><a href=\"\/natalia-cattelani\/\"><img decoding=\"async\" src=\"\/wp-content\/uploads\/2019\/07\/chi-sono.png\" alt=\"\"\/><\/a><br \/>\n<a href=\"\/i-miei-libri\/\"><img decoding=\"async\" src=\"\/wp-content\/uploads\/2019\/07\/libri.png\" alt=\"\"\/><\/a><\/p>\n<h3>Iscriviti alla Newsletter<\/h3>\n<div>\n<div style=\"font-size: 12px; text-align: justify; padding: 0 5%;\">\n<h3 style=\"text-align: left;\">Iscriviti alla newsletter e ricevi in regalo il mio libro &#8220;Tutti in cucina&#8221;<\/h3>\n\n<div class=\"wpcf7 no-js\" id=\"wpcf7-f10673-o2\" lang=\"it-IT\" dir=\"ltr\" data-wpcf7-id=\"10673\">\n<div class=\"screen-reader-response\"><p role=\"status\" aria-live=\"polite\" aria-atomic=\"true\"><\/p> <ul><\/ul><\/div>\n<form action=\"\/wp-json\/wp\/v2\/pages\/12620#wpcf7-f10673-o2\" method=\"post\" class=\"wpcf7-form init\" aria-label=\"Modulo di contatto\" novalidate=\"novalidate\" data-status=\"init\">\n<fieldset class=\"hidden-fields-container\"><input type=\"hidden\" name=\"_wpcf7\" value=\"10673\" \/><input type=\"hidden\" name=\"_wpcf7_version\" value=\"6.1.6\" \/><input type=\"hidden\" name=\"_wpcf7_locale\" value=\"it_IT\" \/><input type=\"hidden\" name=\"_wpcf7_unit_tag\" value=\"wpcf7-f10673-o2\" \/><input type=\"hidden\" name=\"_wpcf7_container_post\" value=\"0\" \/><input type=\"hidden\" name=\"_wpcf7_posted_data_hash\" value=\"\" \/><input type=\"hidden\" name=\"_wpcf7_recaptcha_response\" value=\"\" \/>\n<\/fieldset>\n<div class=\"nomecognomebarnat\">\n\t<p><label>Nome e Cognome<\/label><br \/>\n<span class=\"wpcf7-form-control-wrap\" data-name=\"your-name\"><input size=\"40\" maxlength=\"400\" class=\"wpcf7-form-control wpcf7-text wpcf7-validates-as-required\" aria-required=\"true\" aria-invalid=\"false\" value=\"\" type=\"text\" name=\"your-name\" \/><\/span>\n\t<\/p>\n<\/div>\n<div class=\"latuaemail\">\n\t<p><label>Email<\/label><br \/>\n<span class=\"wpcf7-form-control-wrap\" data-name=\"your-email\"><input size=\"40\" maxlength=\"400\" class=\"wpcf7-form-control wpcf7-email wpcf7-validates-as-required wpcf7-text wpcf7-validates-as-email\" aria-required=\"true\" aria-invalid=\"false\" value=\"\" type=\"email\" name=\"your-email\" \/><\/span>\n\t<\/p>\n<\/div>\n<div style=\"font-size: 14px; text-align: justify;\">\n\t<p>[mailpoetsignup* mailpoetsignup-983 list:5 list:7 subscriber-choice default:on \"Scegli se iscriverti alla newsletter 2 volte al mese con contenuti inediti e ricette oppure alla notifica in tempo reale dell\u2019uscita di una nuova ricetta. Puoi anche scegliere entrambe.\"]\n\t<\/p>\n<\/div>\n<p><label style=\"margin-left: -18px;\"><span class=\"wpcf7-form-control-wrap\" data-name=\"acceptance-698\"><span class=\"wpcf7-form-control wpcf7-acceptance\"><span class=\"wpcf7-list-item\"><label><input type=\"checkbox\" name=\"acceptance-698\" value=\"1\" aria-invalid=\"false\" \/><span class=\"wpcf7-list-item-label\"><a class=\"change-consent\" onclick=\"window.__tcfapi('displayConsentUi', 2, function() {} );\">Acconsento al trattamento dei dati personali<\/a><\/span><\/label><\/span><\/span><\/span><\/label>\n<\/p>\n<div class=\"tastoiscrizionebarnat\">\n\t<p><input class=\"wpcf7-form-control wpcf7-submit has-spinner\" type=\"submit\" value=\"Mi iscrivo!\" \/>\n\t<\/p>\n<\/div><input type=\"hidden\" id=\"ct_checkjs_cf7_82cec96096d4281b7c95cd7e74623496\" name=\"ct_checkjs_cf7\" value=\"0\" \/><input\n                    class=\"apbct_special_field apbct_email_id__wp_contact_form_7\"\n                    name=\"apbct__email_id__wp_contact_form_7\"\n                    aria-label=\"apbct__label_id__wp_contact_form_7\"\n                    type=\"text\" size=\"30\" maxlength=\"200\" autocomplete=\"off\"\n                    value=\"\"\n                \/><div class=\"wpcf7-response-output\" aria-hidden=\"true\"><\/div>\n<\/form>\n<\/div>\n<\/div>\n<\/div>\n<p><!-- {\"name\":\"Catering\",\"type\":\"layout\",\"children\":[{\"name\":\"slideshow desktop\",\"type\":\"section\",\"props\":{\"style\":\"default\",\"width\":\"xlarge\",\"vertical_align\":\"\",\"title_position\":\"top-left\",\"title_rotation\":\"left\",\"title_breakpoint\":\"xl\",\"image_position\":\"center-center\",\"class\":\"imghomedesktop\"},\"children\":[{\"name\":\"\",\"type\":\"row\",\"props\":{\"class\":\"\"},\"children\":[{\"name\":\"\",\"type\":\"column\",\"props\":{\"image_position\":\"center-center\",\"media_overlay_gradient\":\"\",\"width_medium\":\"1-1\"},\"children\":[{\"name\":\"\",\"type\":\"slideshow\",\"props\":{\"show_title\":true,\"show_meta\":true,\"show_content\":true,\"show_link\":true,\"show_thumbnail\":true,\"slideshow_min_height\":300,\"slideshow_autoplay_pause\":true,\"nav\":\"\",\"nav_position\":\"bottom-center\",\"nav_position_margin\":\"medium\",\"nav_align\":\"center\",\"nav_breakpoint\":\"s\",\"thumbnav_width\":\"100\",\"thumbnav_height\":\"75\",\"slidenav\":\"top-right\",\"slidenav_margin\":\"medium\",\"slidenav_breakpoint\":\"m\",\"slidenav_outside_breakpoint\":\"xl\",\"overlay_position\":\"top-left\",\"overlay_animation\":\"parallax\",\"title_element\":\"h1\",\"meta_style\":\"h4\",\"meta_align\":\"above-title\",\"link_text\":\"Read more\",\"link_style\":\"primary\",\"margin\":\"\",\"slideshow_height\":\"\",\"slideshow_box_shadow\":\"\",\"slideshow_box_decoration\":\"\",\"slideshow_animation\":\"\",\"slideshow_kenburns\":\"\",\"nav_margin\":\"\",\"nav_color\":\"\",\"slidenav_outside_color\":\"\",\"overlay_container\":\"xlarge\",\"overlay_container_padding\":\"\",\"overlay_style\":\"overlay-default\",\"overlay_width\":\"large\",\"title_style\":\"h2\",\"title_color\":\"primary\",\"content_style\":\"lead\",\"visibility\":\"m\",\"slideshow_max_height\":\"550\",\"slideshow_autoplay\":true,\"class\":\"titoloslideshow\",\"thumbnav_svg_color\":\"emphasis\",\"content_parallax_x_start\":\"0\",\"content_parallax_x_end\":\"0\",\"slidenav_hover\":true,\"slidenav_large\":true,\"overlay_parallax_x_start\":\"500\",\"overlay_parallax_x_end\":\"100\",\"overlay_parallax_y_start\":\"0\",\"overlay_parallax_y_end\":\"0\",\"overlay_parallax_opacity_start\":\"0\",\"overlay_parallax_opacity_end\":\"1\",\"meta_element\":\"div\",\"status\":\"\"},\"children\":[{\"name\":\"\",\"type\":\"slideshow_item\",\"props\":{\"image\":\"wp-content\\\/uploads\\\/2019\\\/07\\\/ricette-in-tv-natalia-cattelani.jpg\",\"title\":\"\\u00e8 sempre mezzogiorno\",\"meta\":\"I miei dolci in tv\",\"content\":\"\n\n<p>Tutti i venerd\\u00ec su Rai1, dolci facili e buoni<\\\/p>\",\"link\":\"\\\/category\\\/ricette-in-tv\\\/\",\"link_text\":\"tutte le ricette\"}},{\"name\":\"\",\"type\":\"slideshow_item\",\"props\":{\"image\":\"wp-content\\\/uploads\\\/2020\\\/04\\\/home-libri.jpg\",\"title\":\"Dolci per mille occasioni\",\"meta\":\"LIBRI\",\"content\":\"<\\\/p><\\\/p><\\\/p><\\\/p><\\\/p><\\\/p><\\\/p><\\\/p><\\\/p><\\\/p><\\\/p><\\\/p><\\\/p><\\\/p><\\\/p><\\\/p><\\\/p><\\\/p><\\\/p><\\\/p><\\\/p><\\\/p><\\\/p><\\\/p><\\\/p><\/p>\n\n\n\n<p>Il mio ultimo libro!<\\\/p>\",\"link\":\"\\\/i-miei-libri\",\"link_text\":\"SCOPRI DI PI\\u00d9\"}},{\"type\":\"slideshow_item\",\"props\":{\"image\":\"wp-content\\\/uploads\\\/2021\\\/01\\\/home_ricette_merende_natalia_cattelani.jpg\",\"title\":\"Merende gustose\",\"content\":\"Tante ricette semplici per dolci, torte e biscotti.\",\"link\":\"category\\\/ricette-per-portata\\\/merende\\\/\",\"link_text\":\"ricette per la merenda\"}}]}]}]}]},{\"name\":\"slideshoe mobile\",\"type\":\"section\",\"props\":{\"style\":\"default\",\"width\":\"\",\"vertical_align\":\"\",\"title_position\":\"top-left\",\"title_rotation\":\"left\",\"title_breakpoint\":\"xl\",\"image_position\":\"center-center\",\"class\":\"imghomemobile\",\"padding_remove_bottom\":true,\"padding_remove_top\":true},\"children\":[{\"name\":\"\",\"type\":\"row\",\"props\":{\"class\":\"\",\"margin_remove_bottom\":true},\"children\":[{\"name\":\"\",\"type\":\"column\",\"props\":{\"image_position\":\"center-center\",\"media_overlay_gradient\":\"\",\"width_medium\":\"1-1\"},\"children\":[{\"type\":\"image\",\"props\":{\"margin\":\"default\",\"image_svg_color\":\"emphasis\",\"text_align\":\"center\",\"image\":\"wp-content\\\/uploads\\\/2020\\\/11\\\/Natalia-Cattelani-rai1-e-sempre-mezzogiorno.jpg\"}}]}]}]},{\"name\":\"cerca fra le ricette \",\"type\":\"section\",\"props\":{\"style\":\"default\",\"width\":\"default\",\"vertical_align\":\"\",\"title_position\":\"top-left\",\"title_rotation\":\"left\",\"title_breakpoint\":\"xl\",\"image_position\":\"top-left\",\"padding\":\"xsmall\",\"animation\":\"slide-top-small\",\"padding_remove_top\":false,\"padding_remove_bottom\":false,\"image\":\"\",\"image_width\":\"400\",\"image_parallax_bgx_start\":\"20\",\"image_parallax_bgx_end\":\"410\",\"image_parallax_bgy_start\":\"-340\",\"image_parallax_bgy_end\":\"600\",\"overlap\":true,\"class\":\"boxricercahome contenitoreboxricerca imghomedesktop\",\"animation_delay\":true},\"children\":[{\"name\":\"\",\"type\":\"row\",\"props\":{\"width\":\"small\",\"margin\":\"small\",\"match\":true,\"margin_remove_top\":false,\"class\":\"\",\"column_gap\":\"collapse\",\"row_gap\":\"collapse\"},\"children\":[{\"name\":\"\",\"type\":\"column\",\"props\":{\"image_position\":\"center-center\",\"vertical_align\":\"middle\",\"style\":\"secondary\",\"padding\":\"small\",\"preserve_color\":false,\"media_overlay_gradient\":\"\",\"width_small\":\"1-1\"},\"children\":[{\"name\":\"\",\"type\":\"text\",\"props\":{\"margin\":\"\",\"column_breakpoint\":\"m\",\"content\":\"\n\n<h3 style=\\\"min-height: 30px; text-align: center;\\\">Cerca tra le mie ricette\"}},{\"name\":\"\",\"type\":\"module_position\",\"props\":{\"layout\":\"stack\",\"breakpoint\":\"m\",\"content\":\"builder-1\",\"text_align\":\"left\",\"block_align\":\"center\"}}]}]}]},{\"name\":\"cerca fra le ricette \",\"type\":\"section\",\"props\":{\"style\":\"default\",\"width\":\"\",\"vertical_align\":\"\",\"title_position\":\"top-left\",\"title_rotation\":\"left\",\"title_breakpoint\":\"xl\",\"image_position\":\"top-left\",\"padding\":\"xsmall\",\"padding_remove_top\":true,\"padding_remove_bottom\":true,\"image\":\"\",\"image_width\":\"400\",\"image_parallax_bgx_start\":\"20\",\"image_parallax_bgx_end\":\"410\",\"image_parallax_bgy_start\":\"-340\",\"image_parallax_bgy_end\":\"600\",\"overlap\":true,\"class\":\"boxricercahomemobile imghomemobile\",\"animation_delay\":true},\"children\":[{\"name\":\"\",\"type\":\"row\",\"props\":{\"margin\":\"remove-vertical\",\"match\":false,\"margin_remove_top\":true,\"class\":\"\",\"column_gap\":\"collapse\",\"row_gap\":\"collapse\"},\"children\":[{\"name\":\"\",\"type\":\"column\",\"props\":{\"image_position\":\"center-center\",\"vertical_align\":\"middle\",\"style\":\"secondary\",\"padding\":\"small\",\"preserve_color\":true,\"media_overlay_gradient\":\"\",\"width_medium\":\"1-1\"},\"children\":[{\"name\":\"\",\"type\":\"text\",\"props\":{\"margin\":\"\",\"column_breakpoint\":\"m\",\"animation\":\"none\",\"content\":\"<\\\/h3><\\\/h3><\\\/h3><\\\/h3><\\\/h3><\\\/h3><\\\/h3><\\\/h3><\\\/h3><\\\/h3><\\\/h3><\\\/h3><\\\/h3><\\\/h3><\\\/h3><\\\/h3><\\\/h3><\\\/h3><\\\/h3><\\\/h3><\\\/h3><\\\/h3><\\\/h3><\\\/h3><\\\/h3><\/h3>\n\n\n\n<h3 style=\\\"min-height: 30px; text-align: center;color:white;\\\"> Cerca\"}},{\"name\":\"\",\"type\":\"module_position\",\"props\":{\"layout\":\"stack\",\"breakpoint\":\"m\",\"content\":\"builder-1\",\"text_align\":\"left\",\"block_align\":\"center\"}}]}]}]},{\"name\":\"le ultime ricette\",\"type\":\"section\",\"props\":{\"style\":\"default\",\"width\":\"\",\"vertical_align\":\"\",\"title_position\":\"top-left\",\"title_rotation\":\"left\",\"title_breakpoint\":\"xl\",\"image_position\":\"center-center\",\"padding\":\"small\",\"animation\":\"slide-top-small\",\"padding_remove_top\":false,\"padding_remove_bottom\":true,\"class\":\"imghomedesktop\",\"animation_delay\":true},\"children\":[{\"name\":\"\",\"type\":\"row\",\"props\":{\"margin\":\"small\",\"column_gap\":\"collapse\",\"row_gap\":\"collapse\"},\"children\":[{\"name\":\"\",\"type\":\"column\",\"props\":{\"image_position\":\"center-center\",\"vertical_align\":\"middle\",\"style\":\"primary\",\"padding\":\"none\",\"media_overlay_gradient\":\"\",\"width_medium\":\"1-1\"},\"children\":[{\"name\":\"\",\"type\":\"headline\",\"props\":{\"title_element\":\"h2\",\"text_align\":\"center\",\"content\":\"<span class=\\\"titolomodulihomeslenn\\\">Ricette in tv<\\\/span>\"}}]}]}]},{\"name\":\"le mie ultime ricette intestazione mobile\",\"type\":\"section\",\"props\":{\"style\":\"default\",\"width\":\"\",\"vertical_align\":\"\",\"title_position\":\"top-left\",\"title_rotation\":\"left\",\"title_breakpoint\":\"xl\",\"image_position\":\"center-center\",\"padding\":\"small\",\"padding_remove_top\":false,\"padding_remove_bottom\":true,\"class\":\"imghomemobile\"},\"children\":[{\"name\":\"\",\"type\":\"row\",\"props\":{\"margin\":\"small\",\"column_gap\":\"collapse\",\"row_gap\":\"collapse\"},\"children\":[{\"name\":\"\",\"type\":\"column\",\"props\":{\"image_position\":\"center-center\",\"vertical_align\":\"middle\",\"style\":\"primary\",\"padding\":\"none\",\"media_overlay_gradient\":\"\",\"width_medium\":\"1-1\"},\"children\":[{\"name\":\"\",\"type\":\"headline\",\"props\":{\"title_element\":\"h3\",\"title_style\":\"h3\",\"text_align\":\"center\",\"content\":\"Ricette in TV\",\"link\":\"category\\\/ricette-in-tv\\\/\",\"margin_remove_top\":false}}]}]}]},{\"name\":\"carosello ultime ricette\",\"type\":\"section\",\"props\":{\"style\":\"default\",\"width\":\"expand\",\"vertical_align\":\"\",\"title_position\":\"top-left\",\"title_rotation\":\"left\",\"title_breakpoint\":\"xl\",\"image_position\":\"center-center\",\"padding\":\"small\",\"padding_remove_top\":true,\"padding_remove_bottom\":false,\"class\":\"imghomedesktop\"},\"children\":[{\"name\":\"\",\"type\":\"row\",\"children\":[{\"name\":\"\",\"type\":\"column\",\"props\":{\"image_position\":\"center-center\",\"media_overlay_gradient\":\"\",\"width_medium\":\"1-1\"},\"children\":[{\"name\":\"\",\"type\":\"html\",\"props\":{\"content\":\"[post-carousel-pro id=\\\"13093\\\"]\",\"class\":\"caroselloutlimericette\"}}]}]}]},{\"name\":\"carosello ultime ricette\",\"type\":\"section\",\"props\":{\"style\":\"default\",\"width\":\"expand\",\"vertical_align\":\"\",\"title_position\":\"top-left\",\"title_rotation\":\"left\",\"title_breakpoint\":\"xl\",\"image_position\":\"center-center\",\"padding\":\"small\",\"padding_remove_top\":true,\"padding_remove_bottom\":false,\"class\":\"imghomemobile\"},\"children\":[{\"name\":\"\",\"type\":\"row\",\"children\":[{\"name\":\"\",\"type\":\"column\",\"props\":{\"image_position\":\"center-center\",\"media_overlay_gradient\":\"\",\"width_medium\":\"1-1\"},\"children\":[{\"name\":\"\",\"type\":\"html\",\"props\":{\"content\":\"[post-carousel-pro id=\\\"24166\\\"]\",\"class\":\"caroselloutlimericette\"}},{\"type\":\"button\",\"props\":{\"grid_column_gap\":\"small\",\"grid_row_gap\":\"small\",\"margin\":\"default\"},\"children\":[{\"type\":\"button_item\",\"props\":{\"button_style\":\"primary\",\"icon_align\":\"left\",\"content\":\"altre ricette in tv\",\"link\":\"https:\\\/\\\/tempodicottura.it\\\/category\\\/ricette-in-tv\\\/\",\"link_title\":\"Ricette in tv\"}}]}]}]}]},{\"name\":\"highlights chi sono -libri \",\"type\":\"section\",\"props\":{\"style\":\"muted\",\"width\":\"\",\"vertical_align\":\"middle\",\"title_position\":\"top-left\",\"title_rotation\":\"left\",\"title_breakpoint\":\"xl\",\"image_position\":\"top-right\",\"padding\":\"small\",\"image\":\"\",\"image_effect\":\"parallax\",\"image_visibility\":\"l\",\"image_width\":\"600\",\"padding_remove_top\":false,\"class\":\"\"},\"children\":[{\"name\":\"\",\"type\":\"row\",\"props\":{\"layout\":\"1-3,1-3,1-3\",\"margin\":\"default\",\"match\":true,\"divider\":true,\"margin_remove_top\":false,\"class\":\"imghomedesktop\",\"column_gap\":\"small\",\"row_gap\":\"small\"},\"children\":[{\"name\":\"\",\"type\":\"column\",\"props\":{\"image_position\":\"center-center\",\"vertical_align\":\"middle\",\"image\":\"\",\"media_overlay_gradient\":\"\",\"width_medium\":\"1-3\"},\"children\":[{\"name\":\"\",\"type\":\"image\",\"props\":{\"margin\":\"\",\"text_align\":\"center\",\"image\":\"wp-content\\\/uploads\\\/2019\\\/07\\\/chi-sono.png\",\"link\":\"\\\/natalia-cattelani\\\/\",\"image_width\":\"519\",\"image_height\":\"450\",\"image_svg_color\":\"emphasis\"}}]},{\"name\":\"\",\"type\":\"column\",\"props\":{\"image_position\":\"center-center\",\"vertical_align\":\"middle\",\"media_overlay_gradient\":\"\",\"width_medium\":\"1-3\"},\"children\":[{\"name\":\"\",\"type\":\"image\",\"props\":{\"margin\":\"\",\"text_align\":\"center\",\"image\":\"wp-content\\\/uploads\\\/2019\\\/07\\\/libri.png\",\"image_height\":\"450\",\"image_width\":\"519\",\"link\":\"\\\/i-miei-libri\\\/\",\"image_svg_color\":\"emphasis\"}}]},{\"name\":\"\",\"type\":\"column\",\"props\":{\"image_position\":\"center-center\",\"vertical_align\":\"middle\",\"media_overlay_gradient\":\"\",\"width_medium\":\"1-3\"},\"children\":[{\"name\":\"\",\"type\":\"text\",\"props\":{\"margin\":\"\",\"column_breakpoint\":\"m\",\"content\":\"\n\n<div style=\\\"font-size: 12px; text-align: justify; padding: 0 5%;\\\">\\n\n\n<h4 style=\\\"text-align: left;\\\">Iscriviti alla newsletter e ricevi in regalo il mio libro \\\"Tutti in cucina\\\"<\\\/h4>\\n[contact-form-7 id=\\\"10673\\\" title=\\\"ISCRIZIONE BLOG\\\"]<\\\/div>\",\"class\":\"\"}}]}]}]},{\"name\":\"le ricette di stagione intestazione desktop\",\"type\":\"section\",\"props\":{\"style\":\"default\",\"width\":\"\",\"vertical_align\":\"\",\"title_position\":\"top-left\",\"title_rotation\":\"left\",\"title_breakpoint\":\"xl\",\"image_position\":\"center-center\",\"padding\":\"small\",\"animation\":\"slide-top-small\",\"padding_remove_top\":false,\"padding_remove_bottom\":true,\"class\":\"imghomedesktop\",\"animation_delay\":true},\"children\":[{\"name\":\"\",\"type\":\"row\",\"props\":{\"margin\":\"small\",\"column_gap\":\"collapse\",\"row_gap\":\"collapse\"},\"children\":[{\"name\":\"\",\"type\":\"column\",\"props\":{\"image_position\":\"center-center\",\"vertical_align\":\"middle\",\"style\":\"primary\",\"padding\":\"none\",\"media_overlay_gradient\":\"\",\"width_medium\":\"1-1\"},\"children\":[{\"name\":\"\",\"type\":\"headline\",\"props\":{\"title_element\":\"h2\",\"text_align\":\"center\",\"content\":\"<span style=\\\"titolomodulihomeslenn\\\">Ultime ricette\"}}]}]}]},{\"name\":\"le ricette di stagione intestazione mobile\",\"type\":\"section\",\"props\":{\"style\":\"default\",\"width\":\"\",\"vertical_align\":\"\",\"title_position\":\"top-left\",\"title_rotation\":\"left\",\"title_breakpoint\":\"xl\",\"image_position\":\"center-center\",\"padding\":\"small\",\"padding_remove_top\":false,\"padding_remove_bottom\":true,\"class\":\"imghomemobile\"},\"children\":[{\"name\":\"\",\"type\":\"row\",\"props\":{\"margin\":\"small\",\"column_gap\":\"collapse\",\"row_gap\":\"collapse\"},\"children\":[{\"name\":\"\",\"type\":\"column\",\"props\":{\"image_position\":\"center-center\",\"vertical_align\":\"middle\",\"style\":\"primary\",\"padding\":\"none\",\"media_overlay_gradient\":\"\",\"width_medium\":\"1-1\"},\"children\":[{\"name\":\"\",\"type\":\"headline\",\"props\":{\"title_element\":\"h3\",\"title_style\":\"h3\",\"text_align\":\"center\",\"content\":\"<span style=\\\"titolomodulihomeslenn\\\">Ultime ricette\"}}]}]}]},{\"name\":\"le ricette delle feste - testo\",\"type\":\"section\",\"props\":{\"style\":\"default\",\"width\":\"expand\",\"vertical_align\":\"\",\"title_position\":\"top-left\",\"title_rotation\":\"left\",\"title_breakpoint\":\"xl\",\"image_position\":\"center-center\",\"padding_remove_top\":true},\"children\":[{\"name\":\"\",\"type\":\"row\",\"children\":[{\"name\":\"\",\"type\":\"column\",\"props\":{\"image_position\":\"center-center\",\"media_overlay_gradient\":\"\",\"width_medium\":\"1-1\"},\"children\":[{\"name\":\"\",\"type\":\"html\",\"props\":{\"content\":\"[post-carousel-pro id=\\\"16323\\\"]\",\"class\":\"ricettedistagione caroselloutlimericette\"}},{\"type\":\"button\",\"props\":{\"grid_column_gap\":\"small\",\"grid_row_gap\":\"small\",\"margin\":\"default\"},\"children\":[{\"type\":\"button_item\",\"props\":{\"button_style\":\"primary\",\"icon_align\":\"left\",\"content\":\"ricette di stagione\",\"link\":\"tag\\\/inverno\\\/\"}}]}]}]}]},{\"name\":\"le mie preferite desktop\",\"type\":\"section\",\"props\":{\"style\":\"default\",\"width\":\"\",\"vertical_align\":\"\",\"title_position\":\"top-left\",\"title_rotation\":\"left\",\"title_breakpoint\":\"xl\",\"image_position\":\"center-center\",\"padding\":\"small\",\"animation\":\"slide-top-small\",\"padding_remove_top\":false,\"padding_remove_bottom\":true,\"class\":\"imghomedesktop\",\"animation_delay\":true},\"children\":[{\"name\":\"\",\"type\":\"row\",\"props\":{\"margin\":\"small\",\"column_gap\":\"collapse\",\"row_gap\":\"collapse\"},\"children\":[{\"name\":\"\",\"type\":\"column\",\"props\":{\"image_position\":\"center-center\",\"vertical_align\":\"middle\",\"style\":\"secondary\",\"padding\":\"none\",\"media_overlay_gradient\":\"\",\"width_medium\":\"1-1\"},\"children\":[{\"name\":\"\",\"type\":\"headline\",\"props\":{\"title_element\":\"h2\",\"text_align\":\"center\",\"content\":\"<span class=\\\"titolomodulihomeslenn\\\">Le mie preferite\"}}]}]}]},{\"name\":\"le mie ricette preferite desktop\",\"type\":\"section\",\"props\":{\"style\":\"default\",\"width\":\"expand\",\"vertical_align\":\"middle\",\"title_position\":\"top-left\",\"title_rotation\":\"left\",\"title_breakpoint\":\"xl\",\"image_position\":\"top-right\",\"image\":\"\",\"image_effect\":\"parallax\",\"image_visibility\":\"l\",\"image_width\":\"600\",\"css\":\"@media (max-width: 1600px)  {\\n   \\\/* .el-section > * {\\n        background-size: 480px!important;\\n    }*\\\/\\n}\",\"padding_remove_top\":true,\"class\":\"top10ricettesezione imghomedesktop\"},\"children\":[{\"name\":\"\",\"type\":\"row\",\"props\":{\"width\":\"expand\"},\"children\":[{\"name\":\"\",\"type\":\"column\",\"props\":{\"image_position\":\"center-center\",\"media_overlay_gradient\":\"\",\"width_medium\":\"1-1\"},\"children\":[{\"name\":\"\",\"type\":\"html\",\"props\":{\"content\":\"[visual_portfolio id=\\\"16247\\\" class=\\\"\\\"]\"}}]}]}]},{\"name\":\"le mie preferite intestazione mobile\",\"type\":\"section\",\"props\":{\"style\":\"default\",\"width\":\"\",\"vertical_align\":\"\",\"title_position\":\"top-left\",\"title_rotation\":\"left\",\"title_breakpoint\":\"xl\",\"image_position\":\"center-center\",\"padding\":\"small\",\"padding_remove_top\":false,\"padding_remove_bottom\":true,\"class\":\"imghomemobile\"},\"children\":[{\"name\":\"\",\"type\":\"row\",\"props\":{\"margin\":\"small\",\"column_gap\":\"collapse\",\"row_gap\":\"collapse\"},\"children\":[{\"name\":\"\",\"type\":\"column\",\"props\":{\"image_position\":\"center-center\",\"vertical_align\":\"middle\",\"style\":\"primary\",\"padding\":\"none\",\"media_overlay_gradient\":\"\",\"width_medium\":\"1-1\"},\"children\":[{\"name\":\"\",\"type\":\"headline\",\"props\":{\"title_element\":\"h3\",\"title_style\":\"h3\",\"text_align\":\"center\",\"content\":\"<span style=\\\"titolomodulihomeslenn\\\">Le mie preferite\",\"link\":\"https:\\\/\\\/tempodicottura.it\\\/category\\\/top-10-ricette\\\/\"}}]}]}]},{\"name\":\"le mie ricette preferite mobile\",\"type\":\"section\",\"props\":{\"style\":\"default\",\"width\":\"expand\",\"vertical_align\":\"middle\",\"title_position\":\"top-left\",\"title_rotation\":\"left\",\"title_breakpoint\":\"xl\",\"image_position\":\"top-right\",\"image\":\"\",\"image_effect\":\"parallax\",\"image_visibility\":\"l\",\"image_width\":\"600\",\"css\":\"@media (max-width: 1600px)  {\\n   \\\/* .el-section > * {\\n        background-size: 480px!important;\\n    }*\\\/\\n}\",\"padding_remove_top\":true,\"class\":\"top10ricettesezione imghomemobile\"},\"children\":[{\"name\":\"\",\"type\":\"row\",\"props\":{\"width\":\"expand\"},\"children\":[{\"name\":\"\",\"type\":\"column\",\"props\":{\"image_position\":\"center-center\",\"media_overlay_gradient\":\"\",\"width_medium\":\"1-1\"},\"children\":[{\"name\":\"\",\"type\":\"html\",\"props\":{\"content\":\"[visual_portfolio id=\\\"20163\\\" class=\\\"\\\"]\"}},{\"type\":\"button\",\"props\":{\"grid_column_gap\":\"small\",\"grid_row_gap\":\"small\",\"margin\":\"default\"},\"children\":[{\"type\":\"button_item\",\"props\":{\"button_style\":\"primary\",\"icon_align\":\"left\",\"content\":\"altre ricette preferite\",\"link\":\"https:\\\/\\\/tempodicottura.it\\\/category\\\/top-10-ricette\\\/\"}}]}]}]}]},{\"name\":\"highlights chi sono -libri \",\"type\":\"section\",\"props\":{\"style\":\"muted\",\"width\":\"\",\"vertical_align\":\"middle\",\"title_position\":\"top-left\",\"title_rotation\":\"left\",\"title_breakpoint\":\"xl\",\"image_position\":\"top-right\",\"padding\":\"small\",\"image\":\"\",\"image_effect\":\"parallax\",\"image_visibility\":\"l\",\"image_width\":\"600\",\"padding_remove_top\":false,\"class\":\"\"},\"children\":[{\"name\":\"\",\"type\":\"row\",\"props\":{\"layout\":\"1-3,1-3,1-3\",\"margin\":\"default\",\"match\":true,\"divider\":true,\"margin_remove_top\":false,\"class\":\"imghomemobile\",\"column_gap\":\"small\",\"row_gap\":\"small\"},\"children\":[{\"name\":\"\",\"type\":\"column\",\"props\":{\"image_position\":\"center-center\",\"vertical_align\":\"middle\",\"image\":\"\",\"media_overlay_gradient\":\"\",\"width_medium\":\"1-3\"},\"children\":[{\"name\":\"\",\"type\":\"image\",\"props\":{\"margin\":\"\",\"text_align\":\"center\",\"image\":\"wp-content\\\/uploads\\\/2019\\\/07\\\/chi-sono.png\",\"link\":\"\\\/natalia-cattelani\\\/\",\"image_width\":\"519\",\"image_height\":\"450\",\"image_svg_color\":\"emphasis\"}}]},{\"name\":\"\",\"type\":\"column\",\"props\":{\"image_position\":\"center-center\",\"vertical_align\":\"middle\",\"media_overlay_gradient\":\"\",\"width_medium\":\"1-3\"},\"children\":[{\"name\":\"\",\"type\":\"image\",\"props\":{\"margin\":\"\",\"text_align\":\"center\",\"image\":\"wp-content\\\/uploads\\\/2019\\\/07\\\/libri.png\",\"image_height\":\"450\",\"image_width\":\"519\",\"link\":\"\\\/i-miei-libri\\\/\",\"image_svg_color\":\"emphasis\"}}]},{\"name\":\"\",\"type\":\"column\",\"props\":{\"image_position\":\"center-center\",\"vertical_align\":\"middle\",\"media_overlay_gradient\":\"\",\"width_medium\":\"1-3\"},\"children\":[{\"name\":\"\",\"type\":\"headline\",\"props\":{\"title_element\":\"h3\",\"title_color\":\"primary\",\"text_align\":\"center\",\"text_align_breakpoint\":\"m\",\"text_align_fallback\":\"center\",\"content\":\"Iscriviti alla Newsletter\",\"class\":\"imghomedesktop\"}},{\"name\":\"\",\"type\":\"text\",\"props\":{\"margin\":\"\",\"column_breakpoint\":\"m\",\"content\":\"\n\n<div style=\\\"font-size: 12px; text-align: justify; padding: 0 5%;\\\">\\n\n\n<h3 style=\\\"text-align: left;\\\">Iscriviti alla newsletter e ricevi in regalo il mio libro \\\"Tutti in cucina\\\"<\\\/h3>\\n[contact-form-7 id=\\\"10673\\\" title=\\\"ISCRIZIONE BLOG\\\"]<\\\/div>\",\"class\":\"\"}}]}]}]}],\"version\":\"2.3.29\"} --><\/h3>\n<\/div>\n<p><\/span><\/span><\/span><\/span><\/h4>\n<\/div>\n<p><\/span><\/h3><\/p>\n","protected":false},"excerpt":{"rendered":"<p>\u00e8 sempre mezzogiorno I miei dolci in tv Tutti i venerd\u00ec su Rai1, dolci facili e buoni tutte le ricette Dolci per mille occasioni LIBRI Il mio ultimo libro! SCOPRI DI PI\u00d9 Merende gustose Tante ricette semplici per dolci, torte e biscotti. ricette per la merenda Cerca tra le mie ricette Cerca Ricette in tv [&hellip;]<\/p>\n","protected":false},"author":1,"featured_media":0,"parent":0,"menu_order":0,"comment_status":"closed","ping_status":"closed","template":"","meta":{"wprm-recipe-roundup-name":"","wprm-recipe-roundup-description":"","_vp_format_video_url":"","_vp_image_focal_point":[],"footnotes":""},"class_list":["post-12620","page","type-page","status-publish","hentry"],"_links":{"self":[{"href":"https:\/\/tempodicottura.it\/wp-json\/wp\/v2\/pages\/12620","targetHints":{"allow":["GET"]}}],"collection":[{"href":"https:\/\/tempodicottura.it\/wp-json\/wp\/v2\/pages"}],"about":[{"href":"https:\/\/tempodicottura.it\/wp-json\/wp\/v2\/types\/page"}],"author":[{"embeddable":true,"href":"https:\/\/tempodicottura.it\/wp-json\/wp\/v2\/users\/1"}],"replies":[{"embeddable":true,"href":"https:\/\/tempodicottura.it\/wp-json\/wp\/v2\/comments?post=12620"}],"version-history":[{"count":545,"href":"https:\/\/tempodicottura.it\/wp-json\/wp\/v2\/pages\/12620\/revisions"}],"predecessor-version":[{"id":32989,"href":"https:\/\/tempodicottura.it\/wp-json\/wp\/v2\/pages\/12620\/revisions\/32989"}],"wp:attachment":[{"href":"https:\/\/tempodicottura.it\/wp-json\/wp\/v2\/media?parent=12620"}],"curies":[{"name":"wp","href":"https:\/\/api.w.org\/{rel}","templated":true}]}}