
{"id":28626,"date":"2026-07-10T10:40:21","date_gmt":"2026-07-10T08:40:21","guid":{"rendered":"https:\/\/ms-vocento.srv.vocento.in\/vocentocom\/?page_id=28626"},"modified":"2026-07-14T15:40:15","modified_gmt":"2026-07-14T13:40:15","slug":"politica-de-privacidad-2026","status":"publish","type":"page","link":"https:\/\/www.vocento.com\/politica-privacidad","title":{"rendered":"Pol\u00edtica de Privacidad"},"content":{"rendered":"<h4 style=\"font-weight: bold; padding-top: 20px; line-height: 24px;\"><a href=\"#uno\"><strong><span class=\"s4\">1. Identificaci\u00f3n y datos de co<\/span><span class=\"s4\">n<\/span><span class=\"s4\">tacto de los Corresponsables del tratamiento.<\/span><\/strong><\/a><\/h4>\n<h4 style=\"font-weight: bold; padding-top: 20px; line-height: 24px;\"><a href=\"#dos\"><strong><span class=\"s5\">2. Informaci\u00f3n general: descripci\u00f3n de la informaci\u00f3n contenida en la pol\u00edtica de privacidad.<\/span><\/strong><\/a><\/h4>\n<h4 style=\"font-weight: bold; padding-top: 20px; line-height: 24px;\"><a href=\"#tres\"><strong><span class=\"s5\">3. Informaci\u00f3n necesaria y actualizada.<\/span><\/strong><\/a><\/h4>\n<h4 style=\"font-weight: bold; padding-top: 20px; line-height: 24px;\"><a href=\"#cuatro\"><strong><span class=\"s5\">4. Ejercicio de tus derechos.<\/span><\/strong><\/a><\/h4>\n<h4 style=\"font-weight: bold; padding-top: 20px; line-height: 24px;\"><a href=\"#cinco\"><strong><span class=\"s5\">5. Informaci\u00f3n detallada de los tratamientos realizados por servicio.<\/span><\/strong><\/a><\/h4>\n<h4 style=\"font-weight: bold; padding-top: 20px; padding-left: 20px; line-height: 24px;\"><strong><a href=\"#cincouno\"><span class=\"s5\">5.1. Registro de usuario.<\/span><\/a><\/strong><\/h4>\n<h4 style=\"font-weight: bold; padding-top: 20px; padding-left: 20px; line-height: 24px;\"><strong><a href=\"#cincodos\"><span class=\"s5\">5.2. Suscripciones On+ y ABC Premium.<\/span><\/a><\/strong><\/h4>\n<h4 style=\"font-weight: bold; padding-top: 20px; padding-left: 20px; line-height: 24px;\"><strong><a href=\"#cincotres\"><span class=\"s5\">5.3. Otros registros y suscripciones.<\/span><\/a><\/strong><\/h4>\n<h4 style=\"font-weight: bold; padding-top: 20px; padding-left: 20px; line-height: 24px;\"><strong><a href=\"#cincocuatro\"><span class=\"s5\">5.4. Reclamaci\u00f3n de deudas.<\/span><\/a><\/strong><\/h4>\n<h4 style=\"font-weight: bold; padding-top: 20px; padding-left: 20px; line-height: 24px;\"><strong><a href=\"#cincocinco\"><span class=\"s5\">5.5. Perfilado y comunicaciones comerciales.<\/span><\/a><\/strong><\/h4>\n<h4 style=\"font-weight: bold; padding-top: 20px; padding-left: 20px; line-height: 24px;\"><strong><a href=\"#cincoseis\"><span class=\"s5\">5.6. Perfilado por geolocalizaci\u00f3n en Apps.<\/span><\/a><\/strong><\/h4>\n<h4 style=\"font-weight: bold; padding-top: 20px; padding-left: 20px; line-height: 24px;\"><strong><a href=\"#cincosiete\"><span class=\"s5\">5.7. Eventos.<\/span><\/a><\/strong><\/h4>\n<h4 style=\"font-weight: bold; padding-top: 20px; padding-left: 20px; line-height: 24px;\"><strong><a href=\"#cincoocho\"><span class=\"s5\">5.8. Perfilado, usos publicitarios e investigaci\u00f3n de mercados<\/span><\/a><\/strong><\/h4>\n<h4 style=\"font-weight: bold; padding-top: 20px; padding-left: 20px; line-height: 24px;\"><strong><a href=\"#cinconueve\"><span class=\"s4\">5.<\/span><span class=\"s4\">9<\/span><span class=\"s4\">. <\/span><span class=\"s4\">Reclamaciones, consultas y solicitudes de informaci\u00f3n.<\/span><\/a><\/strong><\/h4>\n<h4 style=\"font-weight: bold; padding-top: 20px; padding-left: 20px; line-height: 24px;\"><strong><a href=\"#cincodiez\"><span class=\"s5\">5.<\/span><span class=\"s5\">10<\/span><span class=\"s5\"> Publicaci\u00f3n de informaci\u00f3n period\u00edstica<\/span><\/a><\/strong><\/h4>\n<h4 style=\"font-weight: bold; padding-top: 20px; padding-left: 20px; line-height: 24px;\"><strong><a href=\"#cincoonce\"><span class=\"s5\">5.1<\/span><span class=\"s5\">1<\/span><span class=\"s5\"> Contentpass<\/span><\/a><\/strong><\/h4>\n<h4 style=\"font-weight: bold; padding-top: 20px; line-height: 24px;\"><a href=\"#seis\"><strong><span class=\"s5\">6. Seguridad.<\/span><\/strong><\/a><\/h4>\n<h4 style=\"font-weight: bold; padding-top: 20px; line-height: 24px;\"><a href=\"#siete\"><strong><span class=\"s5\">7. Confidencialidad.<\/span><\/strong><\/a><\/h4>\n<h4 style=\"font-weight: bold; padding-top: 20px; line-height: 24px;\"><a href=\"#ocho\"><strong><span class=\"s5\">8. Menores.<\/span><\/strong><\/a><\/h4>\n<h4 style=\"font-weight: bold; padding-top: 20px; line-height: 24px;\"><a href=\"#nueve\"><strong><span class=\"s5\">9. Enlaces de terceros<\/span><\/strong><\/a><\/h4>\n<h4 style=\"font-weight: bold; padding-top: 20px; line-height: 24px;\"><a href=\"#diez\"><strong><span class=\"s5\">10. Car\u00e1cter Subsidiario de esta Pol\u00edtica de Privacidad<\/span><\/strong><\/a><\/h4>\n<h4 style=\"font-weight: bold; padding-top: 20px; line-height: 24px;\"><a href=\"#once\"><strong><span class=\"s5\">11<\/span><span class=\"s5\">. Actualizaci\u00f3n de la pol\u00edtica de privacidad.<\/span><\/strong><\/a><\/h4>\n<h4 id=\"uno\" style=\"font-weight: bold; color: #016bc1; padding-top: 20px; line-height: 24px;\"><strong><span class=\"s2\">1.\u00a0Identificaci\u00f3n y datos de contacto de los Corresponsables del tratamiento.<\/span><\/strong><\/h4>\n<p class=\"s8\">Los datos personales que facilites a trav\u00e9s de este\u00a0<span class=\"s2\">Servicio<\/span>\u00a0(p\u00e1gina web o app), son responsabilidad de los siguientes\u00a0<span class=\"s2\">Corresponsables<\/span>:<\/p>\n<ul style=\"padding-left: 40px;\">\n<li class=\"s10\">La sociedad responsable de este servicio, debidamente identificada en el Aviso Legal (en adelante, la \u201c<span class=\"s2\">Sociedad<\/span>\u201d), como entidad editora de la cabecera y<\/li>\n<li class=\"s10\">Vocento Gesti\u00f3n de Medios y Servicios, S.L.U., con domicilio en C\/ Josefa Valc\u00e1rcel, 40 bis, Madrid, con NIF B82462813 (en adelante, \u201c<span class=\"s2\">VGMS<\/span>\u201d) como entidad corresponsable de la comercializaci\u00f3n, explotaci\u00f3n y distribuci\u00f3n de los servicios de las editoras, as\u00ed como otras sociedades del <a href=\"http:\/\/www.vocento.com\/\"><span class=\"s11\">grupo Vocento<\/span><span class=\"s11\">.<\/span><\/a><\/li>\n<\/ul>\n<p class=\"s8\">En la presente Pol\u00edtica se facilita la informaci\u00f3n sobre el uso de los datos personales que realizar\u00e1n los Corresponsables y sobre los derechos que asisten al Usuario en virtud del Reglamento General de Protecci\u00f3n de Datos (\u201c<span class=\"s2\">RGPD<\/span>\u201d) en el propio sitio web, en sus redes sociales y aplicaciones m\u00f3viles.<\/p>\n<p class=\"s8\">De igual forma, el tratamiento de los datos personales de navegaci\u00f3n provenientes de la instalaci\u00f3n de cookies bajo tu consentimiento o de otras bases de legitimaci\u00f3n, ser\u00e1n gobernados por la Pol\u00edtica de Cookies y complementariamente por la presente pol\u00edtica.<\/p>\n<p class=\"s8\">Si tienes cualquier duda relativa al tratamiento de tus datos personales, contacta con la Sociedad o con VGMS en la direcci\u00f3n correspondiente que encontrar\u00e1s\u00a0<a href=\"http:\/\/www.vocento.com\/arco\"><span class=\"s11\">aqu\u00ed<\/span><\/a>.<\/p>\n<p class=\"s8\">Igualmente, te informamos de que el grupo Vocento (al cual pertenecen los Corresponsables) cuenta con un Delegado de Protecci\u00f3n de Datos designado a nivel de Grupo, con quien te podr\u00e1s poner en contacto y solicitar informaci\u00f3n a trav\u00e9s de\u00a0<a href=\"mailto:dpo@vocento.com\"><span class=\"s11\">esta direcci\u00f3n<\/span><\/a>.<\/p>\n<p class=\"s8\">Sin perjuicio de todo lo anterior,\u00a0<span class=\"s2\">la Sociedad es responsable independiente<\/span>\u00a0con respecto al tratamiento de los datos personales incluidos en las noticias con fines informativos y period\u00edsticos<\/p>\n<h4 id=\"dos\" style=\"font-weight: bold; color: #016bc1; padding-top: 20px; line-height: 24px;\"><strong><span class=\"s2\">2. Informaci\u00f3n general: descripci\u00f3n de la informaci\u00f3n contenida en la Pol\u00edtica de Privacidad.<\/span><\/strong><\/h4>\n<p class=\"s8\" style=\"padding-left: 20px; font-weight: normal;\">En la presente Pol\u00edtica de Privacidad se te informar\u00e1 sobre:<\/p>\n<ul style=\"padding-left: 40px;\">\n<li class=\"s10\">Las finalidades del tratamiento de tus datos personales, esto es, el motivo por el cual los Corresponsables tratan tus datos personales.<\/li>\n<li class=\"s10\">Las bases legales que permiten, legitiman y justifican el tratamiento de datos por parte de los Corresponsables para cada una de las finalidades indicadas.<\/li>\n<li class=\"s10\">La posible comunicaci\u00f3n de tus datos a terceros, as\u00ed como la causa de dicha comunicaci\u00f3n. A estos efectos, te informamos de que no cedemos tus datos personales a terceros salvo cuando exista una obligaci\u00f3n legal (Hacienda P\u00fablica, Jueces y Tribunales, Fuerzas y Cuerpos de Seguridad, etc.) o expresamente lo indiquemos en el apartado 5. Por otra parte, podr\u00e1n tener acceso a tus datos personales los encargados del tratamiento de la Sociedad y\/o VGMS, es decir, los prestadores de servicios que para el desarrollo de sus funciones tengan que acceder a tus datos personales. Dichos prestadores de servicios, con car\u00e1cter general, se dedican a los sectores de la tecnolog\u00eda y los servicios (anal\u00edticos, de geolocalizaci\u00f3n, de pago, de recobro, log\u00edsticos, postales, mensajer\u00eda, call center, etc.). Te informamos de que puedes solicitar mayor detalle respecto de los destinatarios de tus datos enviando un correo electr\u00f3nico a la direcci\u00f3n correspondiente que aparece\u00a0<a href=\"http:\/\/www.vocento.com\/arco\"><span class=\"s11\">aqu\u00ed<\/span><\/a>, indicando el tratamiento concreto sobre cuyos destinatarios quieres informaci\u00f3n.<\/li>\n<li class=\"s10\">La existencia, en su caso, de potenciales transferencias internacionales de datos fuera del Espacio Econ\u00f3mico Europeo.<\/li>\n<li class=\"s10\">El plazo de tratamiento conservaci\u00f3n de tus datos personales. Con car\u00e1cter general,te informamos que trataremos tus datos personales durante el plazo necesario para llevar a cabo el tratamiento de los datos o hasta que, ejercidos tus derechos, el tratamiento deba finalizar. Asimismo, te informamos de que, una vez superado dicho plazo, tus datos permanecer\u00e1n bloqueados para la atenci\u00f3n de reclamaciones judiciales, administrativas o fiscales, por los plazos que legalmente determine la normativa que resulte de aplicaci\u00f3n en cada casoprocediendo, entonces, a la supresi\u00f3n definitiva.<\/li>\n<\/ul>\n<h4 id=\"tres\" style=\"font-weight: bold; color: #016bc1; padding-top: 20px; line-height: 24px;\"><strong><span class=\"s2\">3. Informaci\u00f3n necesaria y actualizada<\/span><\/strong><\/h4>\n<p class=\"s8\" style=\"padding-left: 20px; font-weight: normal;\">Todos los campos que aparezcan se\u00f1alados con un asterisco (*) en los formularios que se te faciliten ser\u00e1n de obligada cumplimentaci\u00f3n, de tal modo que la omisi\u00f3n de alguno de ellos podr\u00eda comportar la imposibilidad de que se te puedan facilitar los servicios solicitados. Deber\u00e1s proporcionar informaci\u00f3n ver\u00eddica, quedando prohibido el uso de alias o medios para ocultar su identidad, con excepci\u00f3n de los casos en que el mismo formulario te solicite de manera expresa la creaci\u00f3n de un nombre de usuario, <span class=\"s12\">nick<\/span><span class=\"s12\">name<\/span>o alias.<\/p>\n<p class=\"s8\" style=\"padding-left: 20px; font-weight: normal;\">No podr\u00e1s, a la hora de crear nombres de usuario o claves de acceso, o de facilitar cualesquiera datos que se te puedan pedir en los diferentes formularios existentes, elegir expresiones o conjuntos gr\u00e1fico-denominativos malsonantes, injuriosos, coincidentes con marcas, nombres comerciales, r\u00f3tulos de establecimientos, denominaciones sociales, expresiones publicitarias, nombres o pseud\u00f3nimos de personajes de relevancia p\u00fablica o famosos para cuya utilizaci\u00f3n no est\u00e9s autorizado, y, en general, contrarios a la ley o a las exigencias de la moral y las buenas costumbres generalmente aceptadas.<\/p>\n<p class=\"s8\" style=\"padding-left: 20px; font-weight: normal;\">Es indispensable que resguardes en todo momento los n\u00fameros de referencia, contrase\u00f1as y c\u00f3digos de acceso que crees o te sean provistos. Ser\u00e1s el \u00fanico responsable en caso del uso, autorizado o no, de tu cuenta personal, y en este sentido te comprometes a hacer un uso diligente de dicha informaci\u00f3n, a no ponerla a disposici\u00f3n de terceros, y a comunicar su p\u00e9rdida o robo.<\/p>\n<p class=\"s8\" style=\"padding-left: 20px; font-weight: normal;\">Para que la informaci\u00f3n facilitada est\u00e9 siempre actualizada y no contenga errores, deber\u00e1s comunicar a la Sociedad y\/o a VGMS, a la mayor brevedad posible, las modificaciones y rectificaciones de tus datos de car\u00e1cter personal que se vayan produciendo a trav\u00e9s de un correo electr\u00f3nico a la direcci\u00f3n correspondiente que figura\u00a0<a href=\"http:\/\/www.vocento.com\/arco\"><span class=\"s11\">aqu\u00ed<\/span><\/a>. Asimismo, si est\u00e1s registrado con usuario y contrase\u00f1a, podr\u00e1s actualizar tus datos personales a trav\u00e9s de tu \u00e1rea privada en el Servicio.<\/p>\n<p class=\"s8\" style=\"padding-left: 20px; font-weight: normal;\">De igual forma, al hacer \u201cclick\u201d en el bot\u00f3n \u201cAcepto\u201d (o equivalente) incorporado en los citados formularios, declaras que la informaci\u00f3n y los datos que en ellos has facilitado son exactos, veraces y actualizados.<\/p>\n<h4 id=\"cuatro\" style=\"font-weight: bold; color: #016bc1; padding-top: 20px; line-height: 24px;\"><strong><span class=\"s2\">4. Ejercicio de tus derechos<\/span><\/strong><\/h4>\n<p><b style=\"padding-left: 20px; font-weight: normal;\"><strong>Te informamos de que podr\u00e1s ejercer los siguientes derechos:<\/strong><\/b><\/p>\n<ol style=\"padding-left: 40px;\">\n<li class=\"s10\" style=\"padding-top: 20px;\"><span class=\"s13\">Derecho de acceso<\/span>\u00a0a tus datos personales para saber cu\u00e1les est\u00e1n siendo objeto de tratamiento y las operaciones de tratamiento llevadas a cabo con ellos;<\/li>\n<li class=\"s10\" style=\"padding-top: 20px;\"><span class=\"s13\">Derecho de rectificaci\u00f3n<\/span>\u00a0de cualquier dato personal inexacto;<\/li>\n<li class=\"s10\" style=\"padding-top: 20px;\"><span class=\"s13\">Derecho de supresi\u00f3n<\/span>\u00a0de tus datos personales, cuando esto sea posible;<\/li>\n<li class=\"s10\" style=\"padding-top: 20px;\"><span class=\"s13\">Derecho a solicitar la limitaci\u00f3n del tratamiento<\/span>\u00a0de tus datos personales cuando la exactitud, la legalidad o la necesidad del tratamiento de los datos resulte dudosa, en cuyo caso, podremos conservar los datos conservarlos para el ejercicio o la defensa de reclamaciones.<\/li>\n<li class=\"s10\" style=\"padding-top: 20px;\"><span class=\"s13\">Derecho de oposici\u00f3n<\/span>\u00a0al tratamiento de tus datos personales, cuando la base legal que nos habilite para su tratamiento sea el inter\u00e9s leg\u00edtimo o el cumplimiento de una misi\u00f3n de inter\u00e9s p\u00fablico. Los Corresponsables dejar\u00e1n de tratar tus datos salvo que tenga un inter\u00e9s leg\u00edtimo imperioso o para la formulaci\u00f3n, el ejercicio o la defensa de reclamaciones.<\/li>\n<li class=\"s10\" style=\"padding-top: 20px;\"><span class=\"s13\">Derecho a la portabilidad de tus datos<\/span>, cuando la base legal que nos habilite para su tratamiento sea la existencia de una relaci\u00f3n contractual o tu consentimiento.<\/li>\n<li class=\"s10\" style=\"padding-top: 20px;\"><span class=\"s13\">Derecho a revocar el consentimiento<\/span>\u00a0otorgado a los Corresponsables.<\/li>\n<\/ol>\n<p><b style=\"padding-left: 20px; font-weight: normal;\"><strong>Podr\u00e1s ejercitar tus derechos en cualquier momento y de forma gratuita de las siguientes formas:<\/strong><\/b><\/p>\n<ol style=\"padding-left: 40px;\">\n<li class=\"s14\">Dirigiendo un correo electr\u00f3nico a la direcci\u00f3n correspondiente que figura <a href=\"http:\/\/www.vocento.com\/arco\"><span class=\"s11\">aqu\u00ed,<\/span><\/a>\u00a0indicando el derecho que deseas ejercitar y tus datos identificativos.<\/li>\n<li class=\"s14\" style=\"padding-top: 20px;\">Dirigiendo una solicitud escrita a la direcci\u00f3n postal correspondiente que figura <a href=\"http:\/\/www.vocento.com\/arco\"><span class=\"s11\">aqu\u00ed,<\/span><\/a>\u00a0indicando el derecho que deseas ejercitar y tus datos identificativos.<\/li>\n<li class=\"s14\" style=\"padding-top: 20px;\">De acuerdo con lo descrito m\u00e1s abajo desde tu \u00e1rea privada en el Servicio, podr\u00e1s gestionar directamente los consentimientos m\u00e1s importantes y oponerte a los principales tratamientos basados en el inter\u00e9s leg\u00edtimo.\u00a0 Dispones de m\u00e1s informaci\u00f3n en los p\u00e1rrafos siguientes relativos al panel disponible en tu \u00e1rea privada.<\/li>\n<li class=\"s14\" style=\"padding-top: 20px;\">En el caso de las Apps y los datos sobre geolocalizaci\u00f3n, te recomendamos que modifiques tus preferencias desde la configuraci\u00f3n de la App.<\/li>\n<li class=\"s14\" style=\"padding-top: 20px;\">Por otra parte, te informamos que puedes elevar cualquier cuesti\u00f3n o reclamaci\u00f3n en la materia ante nuestro Delegado de Protecci\u00f3n de Datos del grupo Vocento a trav\u00e9s de\u00a0<a href=\"mailto:dpo@vocento.com\"><span class=\"s11\">esta direcci\u00f3n<\/span><\/a> o ante la Agencia Espa\u00f1ola de Protecci\u00f3n de Datos (<a href=\"http:\/\/www.aepd.es\/\"><span class=\"s11\">www.aepd.es<\/span><\/a>)<\/li>\n<li class=\"s14\" style=\"padding-top: 20px;\">Los medios aqu\u00ed descritos podr\u00e1n ser utilizados para el ejercicio de derechos en cualquier iniciativa de corresponsabilidad en las que participen los Corresponsables incluso con terceras entidades.<\/li>\n<\/ol>\n<p><b style=\"padding-left: 20px; font-weight: normal;\"><strong>Panel de gesti\u00f3n <span class=\"s2\">de Consentimientos y Legitimaciones<\/span><\/strong><\/b><\/p>\n<p class=\"s16\" style=\"padding-left: 20px; font-weight: normal;\">Como complemento de lo anterior y sin perjuicio de la gesti\u00f3n que de las cookies puedes realizar a trav\u00e9s de bot\u00f3n de M\u00e1s Informaci\u00f3n disponible en nuestra Pol\u00edtica de Cookies, ponemos a disposici\u00f3n de los usuarios a los que se requiera un registro <span class=\"s12\">on line <\/span>un panel de control para gestionar los consentimientos y oponerse a los tratamientos m\u00e1s importantes. Dicho panel se podr\u00e1 visualizar a trav\u00e9s del bot\u00f3n Configurar en el momento del registro o en \u00e1rea privada del usuario ya registrado.<\/p>\n<p class=\"s16\" style=\"padding-left: 20px; font-weight: normal;\">Para poder utilizarlo es importante que comprendas el concepto <span class=\"s2\">\u00a8Tu Informaci\u00f3n\u00a8<\/span>. El contenido material Tu Informaci\u00f3n se compone de los datos personales necesarios para tu registro, de la informaci\u00f3n derivada de la contrataci\u00f3n y disfrute de nuestros productos y servicios, as\u00ed como de los datos que -v\u00eda otras bases de legitimaci\u00f3n, como tu consentimiento- se sumen a la misma. En este sentido, queremos resaltar la incorporaci\u00f3n de los datos de navegaci\u00f3n provenientes de <span class=\"s12\">cookies <\/span>de acuerdo con nuestra Pol\u00edtica de Cookies as\u00ed como de los provenientes de tu interacci\u00f3n con los Corresponsables en redes sociales<\/p>\n<p><b style=\"padding-left: 20px; font-weight: normal;\"><strong>En la columna de la izquierda del panel se disponen los tratamientos principales para los cuales es necesario el consentimiento:<\/strong><\/b><\/p>\n<ol style=\"padding-left: 40px;\">\n<li class=\"s16\"><span class=\"s13\">Rec\u00edprocamente cruzarla con la de las empresas del <\/span><a href=\"http:\/\/www.vocento.com\/\"><span class=\"s11\">grupo Vocento<\/span><\/a><span class=\"s13\"> con finalidades promocionales y de marketing (incluidas las comunicaciones<\/span><span class=\"s13\">comerciales<\/span><span class=\"s13\">)<\/span>.- Si das este consentimiento activar\u00e1s la posibilidad de que cada una de las empresas que integramos el <a href=\"https:\/\/www.vocento.com\/arcop\"><span class=\"s11\">grupo Vocento<\/span><\/a> podamos conocer y utilizar de forma conjunta o por separado Tu Informaci\u00f3n con finalidades comerciales y de publicidadde forma an\u00e1loga a como lo hace ya la Sociedad. Este proceso se realizar\u00eda mediante mecanismos de identificaci\u00f3n como el correo electr\u00f3nico o, de haber aceptado su instalaci\u00f3n, identificadores \u00fanicos como la cookie de Adobe.<\/li>\n<li class=\"s16\" style=\"padding-top: 20px;\"><span class=\"s13\">Enriquecerla con datos provenientes de otras entidades<\/span>.- Dando este consentimiento habilitas la posibilidad de que podamos enriquecer Tu Informaci\u00f3ncon informaci\u00f3n que leg\u00edtimamente nos haya sido traslada por terceros y que no pudiera estar contenida en la definici\u00f3n de su contenido descrita m\u00e1s arriba.<\/li>\n<li class=\"s16\" style=\"padding-top: 20px;\"><span class=\"s13\">Enviarte comunicaciones comerciales de otras entidades<\/span>.- Mediante este permiso declaras tu voluntad para que podamos utilizar Tu Informaci\u00f3n para enviarte a trav\u00e9s de tus datos de contacto (principalmente e-mail) comunicaciones comerciales de otras personas f\u00edsicas o jur\u00eddicas distintas de la Sociedad sobre productos y servicios de inter\u00e9s.<\/li>\n<li class=\"s16\" style=\"padding-top: 20px;\"><span class=\"s13\">Compartirla con otras entidades<\/span> <span class=\"s13\">para usos publicitarios<\/span>.- Dando este consentimiento nos permites compartir Tu informaci\u00f3n total o parcialmente con otras entidades para que \u00e9stas puedan utilizarla para sus usos publicitarios y comerciales (incluida la realizaci\u00f3n de comunicaciones comerciales).<\/li>\n<li class=\"s16\" style=\"padding-top: 20px;\"><span class=\"s13\">Compartirla con otras entidades utilizando un identificador comercial<\/span> .- Similar al anterior, pero a\u00f1adiendo una capa de pseudoanonimizaci\u00f3n por la cual \u00fanicamente los receptores que dispusieran de los medios leg\u00edtimos para ello podr\u00e1n reidentificarte para usos publicitarios y comerciales.<\/li>\n<li class=\"s16\" style=\"padding-top: 20px;\"><span class=\"s13\">Enviarte Publicidad Pol\u00edtica<\/span>.- De acuerdo con la Ley, deber\u00e1s marcar este consentimiento si deseas que usemos Tu Informaci\u00f3n para enviarte comunicaciones de contenido pol\u00edtico.<\/li>\n<\/ol>\n<p><b style=\"padding-left: 20px; font-weight: normal;\"><strong>Por otro lado, a trav\u00e9s de la columna de la derecha del panel podr\u00e1s expresar tu oposici\u00f3n al uso de Tu Informaci\u00f3n a los principales tratamientos que realizamos en los que no es preciso el consentimiento y pueda realizarse la oposici\u00f3n a los mismos:<\/strong><\/b><\/p>\n<ol style=\"padding-left: 40px;\">\n<li class=\"s16\"><span class=\"s17\">Newsletter<\/span><span class=\"s13\"> de nuestros contenidos<\/span>.- En tu \u00e1rea de usuario, podr\u00e1s suspender esta parte del servicio editorial consistente en la recepci\u00f3n de nuestra newsletter general.(Disponible solo en el \u00e1rea privada).<\/li>\n<li class=\"s16\" style=\"padding-top: 20px;\"><span class=\"s13\">Comunicaciones comerciales propias<\/span>.- seleccionando esta casilla dejar\u00e1s de recibir comunicaciones comerciales propias para las que no se haya recogido tu consentimiento expreso.<\/li>\n<li class=\"s16\" style=\"padding-top: 20px;\"><span class=\"s13\">Analizar tu perfil para nuestras actividades de promocionales y de marketing<\/span>.- \u00a0a trav\u00e9s de esta casilla dejaremos de utilizar Tu Informaci\u00f3n para actividades de investigaci\u00f3n de mercados o realizar comunicaciones comerciales propias que se basen en valoraciones sobre tu perfil. Si quieres dejar de recibir cualquier tipo comunicaci\u00f3n comercial propias de la sociedad deber\u00e1s seleccionar la casilla anterior.<br \/>\nEs importante recordarte que el perfilado se realiza principalmente sobre los datos de navegaci\u00f3n provenientes, principalmente, de las cookies.<\/li>\n<li class=\"s16\" style=\"padding-top: 20px;\"><span class=\"s13\">Sin compartir Tu Informaci\u00f3n, usarla de forma agregada para investigaci\u00f3n y marketing de otras entidades<\/span>. Clicando en esta casilla, dejaremos de agregar Tu Informaci\u00f3n con la de otros usuarios para los usos de investigaci\u00f3n y de mercados que realicen directamente terceros.<\/li>\n<\/ol>\n<h4 id=\"cinco\" style=\"font-weight: bold; color: #016bc1; padding-top: 20px; line-height: 24px;\"><strong><span class=\"s2\">5. Informaci\u00f3n detallada de los tratamientos realizados por servicio<\/span><\/strong><\/h4>\n<h5 id=\"cincouno\" style=\"padding-left: 20px; font-weight: bold; padding-top: 20px;\"><strong><span class=\"s2\">5.1.\u00a0Registro de usuario<\/span><\/strong><\/h5>\n<ul style=\"padding-left: 40px;\">\n<li class=\"s8\"><span class=\"s2\">Descripci\u00f3n:<\/span><span class=\"s2\"><br \/>\n<\/span>Al registrarte como usuario en el sistema de registro de Vocento, tus datos, incluidos los de navegaci\u00f3n, ser\u00e1n tratados de acuerdo con tus preferencias para el disfrute del Club responsabilidad de los Corresponsables y cuyas principales ventajas (con sus tratamientos asociados) son las siguientes:<\/li>\n<li class=\"s8\" style=\"padding-top: 20px;\">Participaci\u00f3n en concursos y ofertas exclusivas.<\/li>\n<li class=\"s8\" style=\"padding-top: 20px;\">Acceso directo a informaci\u00f3n sobre las noticias m\u00e1s destacadas del d\u00eda mediante la recepci\u00f3n de una <span class=\"s12\">newsletter<\/span> diaria, as\u00ed como sobre noticias asociadas a hechos de especial relevancia informativa.<\/li>\n<li class=\"s8\" style=\"padding-top: 20px;\">Adaptar c\u00f3mo se sirven nuestros contenidos para ajustarla a tus intereses.<\/li>\n<li class=\"s8\" style=\"padding-top: 20px;\">Acceso a informaci\u00f3n sobre novedades editoriales de la Sociedad.<\/li>\n<li class=\"s8\" style=\"padding-top: 20px;\">Obtenci\u00f3n de descuentos.<\/li>\n<li class=\"s8\" style=\"padding-top: 20px;\"><span class=\"s2\">Base legal:<\/span><span class=\"s2\"><br \/>\n<\/span>Gesti\u00f3n de la relaci\u00f3n contractual: gesti\u00f3n del registro como usuario que nos hayas solicitado.<\/li>\n<li class=\"s8\" style=\"padding-top: 20px;\"><span class=\"s2\">Destinatarios:<\/span><span class=\"s2\"><br \/>\n<\/span>No se ceder\u00e1n tus datos personales a ning\u00fan tercero, salvo que nos hayas dado tu consentimiento o cuando hagas uso de funciones que, por su naturaleza, impliquen una publicaci\u00f3n de tus datos (p.e. publicaciones en foros o comentarios en noticias; en este sentido recomendamos no introducir datos sensibles propios o de terceros en los comentarios) o se disponga expresamente en las bases legales de los concursos en los que participes.<\/li>\n<li class=\"s10\" style=\"padding-top: 20px;\"><span class=\"s2\">Transferencias internacionales:<\/span><\/li>\n<li class=\"s14\" style=\"padding-top: 20px;\">Se podr\u00e1n realizar transferencias internacionales de tus datos personales a prestadores de servicios de los Corresponsables. Estos prestadores pueden estar ubicados en estados fuera del Espacio Econ\u00f3mico Europeo. Cuando no se haya declarado que cuentan con un nivel de protecci\u00f3n equivalente al europeo, los Corresponsables exigir\u00e1n al destinatario las correspondientes garant\u00edas adecuadas de protecci\u00f3n de datos, tales como la firma de cl\u00e1usulas contractuales tipo o la adhesi\u00f3n a c\u00f3digos de conducta u otros marcos reconocidos por la Uni\u00f3n Europea.<\/li>\n<li class=\"s10\" style=\"padding-top: 20px;\"><span class=\"s2\">Plazo de conservaci\u00f3n:<\/span><\/li>\n<li class=\"s14\" style=\"padding-top: 20px;\">Sin perjuicio de los tratamientos comerciales derivados descritos en el punto 5.5 y 5.8, durante la relaci\u00f3n contractual.<\/li>\n<\/ul>\n<div><\/div>\n<h5 id=\"cincodos\" style=\"padding-left: 20px; font-weight: bold; padding-top: 20px;\"><strong><span class=\"s2\">5.2.\u00a0Suscripciones On+ y ABC Premium<\/span><\/strong><\/h5>\n<ul style=\"padding-left: 40px;\">\n<li class=\"s8\"><span class=\"s2\">Descripci\u00f3n:<\/span><span class=\"s2\"><br \/>\n<\/span>Sumados a los servicios que disfrutan los usuarios registrados, al suscribirte en un servicio de pago como On+ y ABC Premium, tus datos, incluidos los de navegaci\u00f3n,ser\u00e1n tratados para gestionar el acceso y disfrute de los contenidos contratados, incluyendo:<\/li>\n<li class=\"s8\" style=\"padding-top: 20px;\">Acceso a contenido informativo y period\u00edstico exclusivo.<\/li>\n<li class=\"s8\" style=\"padding-top: 20px;\">Recepci\u00f3n de boletines informativos y period\u00edsticos.<\/li>\n<li class=\"s8\" style=\"padding-top: 20px;\">Participaci\u00f3n en concursos y ofertas exclusivas para suscriptores de pago.<\/li>\n<li class=\"s8\" style=\"padding-top: 20px;\">Obtenci\u00f3n de descuentos exclusivos para suscriptores de pago.<\/li>\n<li class=\"s8\" style=\"padding-top: 20px;\">Disfrute del asistente IA a la navegaci\u00f3n.<\/li>\n<li class=\"s10\" style=\"padding-top: 20px;\"><span class=\"s2\">Base legal:<\/span><\/li>\n<\/ul>\n<ul style=\"padding-left: 40px;\">\n<li style=\"list-style-type: none;\"><b style=\"ont-weight: normal;\"><strong>Gesti\u00f3n de la relaci\u00f3n contractual.<\/strong><\/b><\/li>\n<li class=\"s8\" style=\"padding-top: 20px;\"><span class=\"s2\">Destinatarios:<\/span><span class=\"s2\"><br \/>\n<\/span>No se ceder\u00e1n tus datos personales a terceros, salvo que nos hayas dado tu consentimiento o se compartan con las empresas gestoras de servicios de pago, pasarelas de pago y entidades bancarias para el cobro de los servicios contratados.<\/li>\n<li class=\"s10\" style=\"padding-top: 20px;\"><span class=\"s2\">Transferencias internacionales:<\/span><br \/>\nSe podr\u00e1n realizar transferencias internacionales de tus datos personales a prestadores de servicios de los Corresponsables. Estos prestadores pueden estar ubicados en estados fuera del Espacio Econ\u00f3mico Europeo. Cuando no se haya declarado que cuentan con un nivel de protecci\u00f3n equivalente al europeo, los Corresponsables exigir\u00e1n al destinatario las correspondientes garant\u00edas adecuadas de protecci\u00f3n de datos, tales como la firma de cl\u00e1usulas contractuales tipo o la adhesi\u00f3n a c\u00f3digos de conducta u otros marcos reconocidos por la Uni\u00f3n Europea.<\/li>\n<li class=\"s14\" style=\"padding-top: 20px;\"><span class=\"s2\">Plazo de conservaci\u00f3n:<\/span><br \/>\nSin perjuicio de los tratamientos comerciales derivados descritos en el punto 5.5 y 5.8, durante la relaci\u00f3n contractual.<\/li>\n<\/ul>\n<h5 id=\"cincotres\" style=\"padding-left: 20px; font-weight: bold; padding-top: 20px;\"><strong><span class=\"s2\">5.3. Otros registros y suscripciones<\/span><\/strong><\/h5>\n<ul style=\"padding-left: 40px;\">\n<li class=\"s8\"><span class=\"s2\">Descripci\u00f3n:<\/span><br \/>\nAdicionalmente a los registros y suscripciones anteriores, podr\u00e1s registrarte o suscribirte a otros servicios ofrecidos por los Corresponsables, tales como Oferplan, Tarjeta Oro, Tarjeta Platino, ABC Gourmet, Esquelas, Tienda Diario Vasco, suscripciones a trav\u00e9s de Kiosko y M\u00e1s, suscripciones papel, Pidecita, Promociones, etc. En estos casos, tus datos ser\u00e1n tratados por los Corresponsables para gestionar los servicios asociados a cada producto solicitado, entre otros, gestionar el cobro del producto, env\u00edo de los peri\u00f3dicos o productos adquiridos, o gesti\u00f3n de la participaci\u00f3n en acciones promocionales.<\/li>\n<li class=\"s8\" style=\"padding-top: 20px;\"><span class=\"s2\">Base legal:<\/span><span class=\"s2\"><br \/>\n<\/span>Gesti\u00f3n de la relaci\u00f3n contractual: la prestaci\u00f3n de los servicios solicitados constituye una relaci\u00f3n de prestaci\u00f3n de servicios, aun cuando los mismos sean gratuitos.<\/li>\n<li class=\"s8\" style=\"padding-top: 20px;\"><span class=\"s2\">Destinatarios:<\/span><span class=\"s2\"><br \/>\n<\/span>No se ceder\u00e1n tus datos personales a terceros, salvo que nos hayas dado tu consentimiento o en los siguientes supuestos:<\/li>\n<li class=\"s14\" style=\"padding-top: 20px;\">Oferplan: se ceder\u00e1n tus datos a la entidad prestadora del servicio correspondiente al cup\u00f3n contratado para la correcta prestaci\u00f3n de dicho servicio, cuando ello sea necesario.<\/li>\n<li class=\"s14\" style=\"padding-top: 20px;\">Servicios de pago: se ceder\u00e1n tus datos a las empresas gestoras de servicios de pago, pasarelas de pago y entidades bancarias para el cobro de los servicios contratados.<\/li>\n<li class=\"s8\" style=\"padding-top: 20px;\"><span class=\"s2\">Transferencias internacionales:<\/span><span class=\"s2\"><br \/>\n<\/span>Se podr\u00e1n realizar transferencias internacionales de tus datos personales a prestadores de servicios de los Corresponsables. Estos prestadores pueden estar ubicados en estados fuera del Espacio Econ\u00f3mico Europeo. Cuando no se haya declarado que cuentan con un nivel de protecci\u00f3n equivalente al europeo, los Corresponsables exigir\u00e1n al destinatario las correspondientes garant\u00edas adecuadas de protecci\u00f3n de datos, tales como la firma de cl\u00e1usulas contractuales tipo o la adhesi\u00f3n a c\u00f3digos de conducta u otros marcos reconocidos por la Uni\u00f3n Europea.<\/li>\n<li class=\"s10\" style=\"padding-top: 20px;\"><span class=\"s2\">Plazo de conservaci\u00f3n:<\/span><\/li>\n<li class=\"s14\" style=\"padding-top: 20px;\">Sin perjuicio de los tratamientos comerciales derivados descritos en el punto 5.5 y 5.8, durante la relaci\u00f3n contractual.<\/li>\n<\/ul>\n<h5 id=\"cincocuatro\" style=\"padding-left: 20px; font-weight: bold; padding-top: 20px;\"><strong><span class=\"s2\">5.4.\u00a0Reclamaci\u00f3n de deudas<\/span><\/strong><\/h5>\n<ul style=\"padding-left: 40px;\">\n<li class=\"s8\"><span class=\"s2\">Descripci\u00f3n:<\/span><br \/>\nEn caso de que no atiendas los pagos acordados en las suscripciones o servicios de pago y se genere una deuda cierta, vencida y exigible, la Sociedad y\/o VGMS tratar\u00e1n tus datos para reclamarte las cantidades impagadas.<\/li>\n<li class=\"s10\" style=\"padding-top: 20px;\"><span class=\"s2\">Base legal:<\/span><\/li>\n<li class=\"s14\" style=\"padding-top: 20px;\">La propia gesti\u00f3n contractual y el inter\u00e9s leg\u00edtimo de la Sociedad y\/o VGMS en iniciar las acciones necesarias para el recobro de las cantidades adeudadas.<\/li>\n<li class=\"s8\" style=\"padding-top: 20px;\"><span class=\"s2\">Destinatarios:<\/span><span class=\"s2\"><br \/>\n<\/span>No se ceder\u00e1n tus datos personales a ning\u00fan tercero salvo, en caso de impago tras la reclamaci\u00f3n de la deuda, a sistemas de informaci\u00f3n crediticia.<\/li>\n<li class=\"s10\" style=\"padding-top: 20px;\"><span class=\"s2\">Transferencias internacionales:<\/span><\/li>\n<li class=\"s14\" style=\"padding-top: 20px;\">Se podr\u00e1n realizar transferencias internacionales de tus datos personales a prestadores de servicios de los Corresponsables. Estos prestadores pueden estar ubicados en estados fuera del Espacio Econ\u00f3mico Europeo. Cuando no se haya declarado que cuentan con un nivel de protecci\u00f3n equivalente al europeo, los Corresponsables exigir\u00e1n al destinatario las correspondientes garant\u00edas adecuadas de protecci\u00f3n de datos, tales como la firma de cl\u00e1usulas contractuales tipo o la adhesi\u00f3n a c\u00f3digos de conducta u otros marcos reconocidos por la Uni\u00f3n Europea.<\/li>\n<li class=\"s10\" style=\"padding-top: 20px;\"><span class=\"s2\">Plazo de conservaci\u00f3n:<\/span><\/li>\n<li class=\"s14\" style=\"padding-top: 20px;\">Hasta el pago de la deuda.<\/li>\n<\/ul>\n<h5 id=\"cincocinco\" style=\"padding-left: 20px; font-weight: bold; padding-top: 20px;\"><strong><span class=\"s2\">5.5. Perfilado y comunicaciones comerciales<\/span><\/strong><\/h5>\n<ul style=\"padding-left: 40px;\">\n<li class=\"s8\"><span class=\"s2\">Descripci\u00f3n:<\/span><span class=\"s2\"><br \/>\n<\/span>En funci\u00f3n de tus preferencias sobre comunicaciones comerciales y tus preferencias en el uso de Tu Informaci\u00f3n, los Corresponsables te enviar\u00e1n las siguientes comunicaciones:<\/li>\n<li class=\"s14\" style=\"padding-top: 20px;\">Informaci\u00f3n comercial, ya sea gen\u00e9rica o acorde a tus preferencias y\/o perfil sociodemogr\u00e1fico, sobre productos, servicios, promociones, encuestas o eventos, propios de la Sociedad y\/o de VGMS, relativos al sector editorial, de los medios de comunicaci\u00f3n y otros sectores afines.<\/li>\n<li class=\"s14\" style=\"padding-top: 20px;\">Informaci\u00f3n comercial, ya sea gen\u00e9rica o acorde a tus preferencias y\/o perfil sociodemogr\u00e1fico, sobre productos, servicios, promociones, encuestas o eventos de terceros pertenecientes a diversos sectores de actividad, tales como: empleo y formaci\u00f3n, inform\u00e1tica y tecnolog\u00eda, ocio y diversi\u00f3n, gastronom\u00eda y alimentaci\u00f3n, muebles y electrodom\u00e9sticos, antig\u00fcedades, decoraci\u00f3n de interiores, organizaci\u00f3n y asociaciones, subastas, bricolaje, mascotas, servicios financieros y seguros, ofertas inmobiliarias, motor y automoci\u00f3n, art\u00edculos para hombre\/mujer, viajes y turismo, productos infantiles o m\u00fasica y libros.<span class=\"s2\"><br \/>\n<\/span><span class=\"s2\"><br \/>\n<\/span>Estas comunicaciones se enviar\u00e1n por cualquier medio de contacto facilitado, incluido por medios electr\u00f3nicos, y especialmente por correo electr\u00f3nico. Cuando se env\u00eden por correo electr\u00f3nico, la herramienta utilizada para ello, incluir\u00e1 enlaces e im\u00e1genes diminutas y transparentes que estar\u00e1n asociadas a tu direcci\u00f3n de correo electr\u00f3nico. De esta forma, cuando se descarga una de estas im\u00e1genes o se accede a los enlaces contenidos en el correo electr\u00f3nico, podremos saber a efectos estad\u00edsticos si lo has abierto o si has accedido a alguno de los enlaces que contiene y mejorar nuestros siguientes env\u00edos. Podr\u00e1s impedir estos usos configurando tu gestor o sistema de correo electr\u00f3nico para impedir la descarga automatizada de im\u00e1genes, as\u00ed como no accediendo a los enlaces incluidos en los correos electr\u00f3nicos que recibas.<\/li>\n<li class=\"s10\" style=\"padding-top: 20px;\"><span class=\"s2\">Base legal:<\/span><\/li>\n<li class=\"s14\" style=\"padding-top: 20px;\">Estas comunicaciones estar\u00e1n basadas en:<\/li>\n<li class=\"s14\" style=\"padding-top: 20px;\">Tu consentimiento, prestado mediante la marcaci\u00f3n de las casillas correspondientes que figuran en los formularios de la p\u00e1gina web. Este consentimiento ser\u00e1 revocable en todo momento.<\/li>\n<li class=\"s14\" style=\"padding-top: 20px;\">El inter\u00e9s leg\u00edtimo de la Sociedad y\/o VGMS para enviarte informaci\u00f3n comercial propia, basado en la existencia de una relaci\u00f3n contractual previa como cliente o usuario de los servicios de la Sociedad y\/o VGMS. En estos casos, tendr\u00e1s el derecho a oponerte a dicho inter\u00e9s leg\u00edtimo en todo momento.<\/li>\n<li class=\"s8\" style=\"padding-top: 20px;\"><span class=\"s2\">Destinatarios:<\/span><span class=\"s2\"><br \/>\n<\/span>No se ceder\u00e1n tus datos personales a ning\u00fan tercero salvo que hayas dado tu consentimiento.<\/li>\n<li class=\"s10\" style=\"padding-top: 20px;\"><span class=\"s9\">T<\/span><span class=\"s2\">ransferencias internacionales:<\/span><\/li>\n<li class=\"s14\" style=\"padding-top: 20px;\">Se podr\u00e1n realizar transferencias internacionales de tus datos personales a prestadores de servicios de los Corresponsables. Estos prestadores pueden estar ubicados en estados fuera del Espacio Econ\u00f3mico Europeo. Cuando no se haya declarado que cuentan con un nivel de protecci\u00f3n equivalente al europeo, los Corresponsables exigir\u00e1n al destinatario las correspondientes garant\u00edas adecuadas de protecci\u00f3n de datos, tales como la firma de cl\u00e1usulas contractuales tipo o la adhesi\u00f3n a c\u00f3digos de conducta u otros marcos reconocidos por la Uni\u00f3n Europea.<\/li>\n<li class=\"s10\" style=\"padding-top: 20px;\"><span class=\"s2\">Plazo de conservaci\u00f3n:<\/span><\/li>\n<li class=\"s14\" style=\"padding-top: 20px;\">Los tratamientos. salvo lo expresado en la Pol\u00edtica de Cookies, tendr\u00e1n como m\u00e1ximo una duraci\u00f3n de 2 a\u00f1os desde la finalizaci\u00f3n del contrato, hasta que revoques el consentimiento prestado (en su caso) o ejerzas tus derechos de oposici\u00f3n y\/o supresi\u00f3n de datos personales.<\/li>\n<\/ul>\n<div><\/div>\n<h5 id=\"cincoseis\" style=\"padding-left: 20px; font-weight: bold; padding-top: 20px;\"><strong><span class=\"s2\">5.6. Perfilado por geolocalizaci\u00f3n en Apps<\/span><\/strong><\/h5>\n<ul style=\"padding-left: 40px;\">\n<li class=\"s8\"><span class=\"s2\">Descripci\u00f3n:<\/span><br \/>\nSi eres usuario de una App de los Corresponsables y autorizas el uso de geolocalizaci\u00f3n a trav\u00e9s de a App, la informaci\u00f3n que se recoger\u00e1 ser\u00e1 relativa a tu localizaci\u00f3n geogr\u00e1fica durante el uso o ejecuci\u00f3n en segundo plano de la App. Esta informaci\u00f3n se asociar\u00e1 a un c\u00f3digo \u00fanico que ser\u00e1 asignado a tu dispositivo. Este c\u00f3digo, junto con la informaci\u00f3n sobre tu geolocalizaci\u00f3n, se utilizar\u00e1 con el fin de realizar un an\u00e1lisis y perfilado derivado de tus ubicaciones geogr\u00e1ficas. Con ello, la Sociedad y VGMS podr\u00e1n conocerte mejor, inferir tus preferencias y as\u00ed ofrecerte informaci\u00f3n comercial que pueda ser de tu inter\u00e9s. Esta informaci\u00f3n comercial se te podr\u00e1 ofrecer a trav\u00e9s de anuncios en sitios webs y Apps, notificaciones de la App, o, en caso de haberlo autorizado, mediante informaci\u00f3n comercial a trav\u00e9s de correo electr\u00f3nico. El perfilado en ning\u00fan caso tendr\u00e1 efectos jur\u00eddicos ni similares.<\/li>\n<li class=\"s8\" style=\"padding-top: 20px;\"><span class=\"s2\">Base legal:<\/span><br \/>\nConsentimiento: mediante la marcaci\u00f3n de las opciones de geolocalizaci\u00f3n que aparecen al acceder a la App por primera vez, as\u00ed como a trav\u00e9s de la configuraci\u00f3n de la App, autorizar\u00e1s a la Sociedad y a VGMS el uso del servicio de geolocalizaci\u00f3n conforme a lo indicado en el punto anterior. Te informamos de que en cualquier momento puedes cerrar la App para evitar ser geolocalizado en un momento concreto.<br \/>\nAsimismo, a trav\u00e9s de la configuraci\u00f3n de la App tendr\u00e1s una opci\u00f3n para revocar tu consentimiento.<br \/>\nPor \u00faltimo, puedes modificar los permisos de geolocalizaci\u00f3n a trav\u00e9s de la configuraci\u00f3n del sistema operativo de tu dispositivo. Si necesitas m\u00e1s informaci\u00f3n, consulta los siguientes enlaces:<br \/>\n\u2013 Android:\u00a0<a href=\"https:\/\/support.google.com\/pixelphone\/answer\/6179507\"><span class=\"s11\">https:\/\/support.google.com\/pixelphone\/answer\/6179507<\/span><\/a><br \/>\n\u2013 IOS:\u00a0<a href=\"https:\/\/support.apple.com\/es-es\/HT203033\"><span class=\"s11\">https:\/\/support.apple.com\/es-es\/HT203033<\/span><\/a><\/li>\n<li class=\"s8\" style=\"padding-top: 20px;\"><span class=\"s2\">Destinatarios:<\/span><br \/>\nNo se ceder\u00e1n tus datos personales a ning\u00fan tercero salvo que nos hayas dado tu consentimiento.<\/li>\n<li class=\"s8\" style=\"padding-top: 20px;\"><span class=\"s2\">Transferencias internacionales:<\/span><br \/>\nSe podr\u00e1n realizar transferencias internacionales de tus datos personales a prestadores de servicios de los Corresponsables. Estos prestadores pueden estar ubicados en estados fuera del Espacio Econ\u00f3mico Europeo. Cuando no se haya declarado que cuentan con un nivel de protecci\u00f3n equivalente al europeo, los Corresponsables exigir\u00e1n al destinatario las correspondientes garant\u00edas adecuadas de protecci\u00f3n de datos, tales como la firma de cl\u00e1usulas contractuales tipo o la adhesi\u00f3n a c\u00f3digos de conducta u otros marcos reconocidos por la Uni\u00f3n Europea.<\/li>\n<li class=\"s10\" style=\"padding-top: 20px;\"><span class=\"s2\">Plazo de conservaci\u00f3n:<\/span><br \/>\nLos tratamientos. salvo lo expresado en la Pol\u00edtica de Cookies, tendr\u00e1n como m\u00e1ximo una duraci\u00f3n de 2 a\u00f1os desde la finalizaci\u00f3n del contrato o ejerzas tus derechos de oposici\u00f3n y\/o supresi\u00f3n de datos personales.<\/li>\n<\/ul>\n<h5 id=\"cincosiete\" style=\"padding-left: 20px; font-weight: bold; padding-top: 20px;\"><strong><span class=\"s2\">5.7. Eventos<\/span><\/strong><\/h5>\n<ul style=\"padding-left: 40px;\">\n<li class=\"s8\"><span class=\"s2\">Descripci\u00f3n:<\/span><br \/>\nSi eres usuario de una App de los Corresponsables y autorizas el uso de geolocalizaci\u00f3n a trav\u00e9s de a App, la informaci\u00f3n que se recoger\u00e1 ser\u00e1 relativa a tu localizaci\u00f3n geogr\u00e1fica durante el uso o ejecuci\u00f3n en segundo plano de la App. Esta informaci\u00f3n se asociar\u00e1 a un c\u00f3digo \u00fanico que ser\u00e1 asignado a tu dispositivo. Este c\u00f3digo, junto con la informaci\u00f3n sobre tu geolocalizaci\u00f3n, se utilizar\u00e1 con el fin de realizar un an\u00e1lisis y perfilado derivado de tus ubicaciones geogr\u00e1ficas. Con ello, la Sociedad y VGMS podr\u00e1n conocerte mejor, inferir tus preferencias y as\u00ed ofrecerte informaci\u00f3n comercial que pueda ser de tu inter\u00e9s. Esta informaci\u00f3n comercial se te podr\u00e1 ofrecer a trav\u00e9s de anuncios en sitios webs y Apps, notificaciones de la App, o, en caso de haberlo autorizado, mediante informaci\u00f3n comercial a trav\u00e9s de correo electr\u00f3nico. El perfilado en ning\u00fan caso tendr\u00e1 efectos jur\u00eddicos ni similares.<\/li>\n<li class=\"s8\" style=\"padding-top: 20px;\"><span class=\"s2\">Base legal:<\/span><br \/>\nConsentimiento: mediante la marcaci\u00f3n de las opciones de geolocalizaci\u00f3n que aparecen al acceder a la App por primera vez, as\u00ed como a trav\u00e9s de la configuraci\u00f3n de la App, autorizar\u00e1s a la Sociedad y a VGMS el uso del servicio de geolocalizaci\u00f3n conforme a lo indicado en el punto anterior. Te informamos de que en cualquier momento puedes cerrar la App para evitar ser geolocalizado en un momento concreto.<br \/>\nAsimismo, a trav\u00e9s de la configuraci\u00f3n de la App tendr\u00e1s una opci\u00f3n para revocar tu consentimiento.<br \/>\nPor \u00faltimo, puedes modificar los permisos de geolocalizaci\u00f3n a trav\u00e9s de la configuraci\u00f3n del sistema operativo de tu dispositivo. Si necesitas m\u00e1s informaci\u00f3n, consulta los siguientes enlaces:<br \/>\n\u2013 Android:\u00a0<a href=\"https:\/\/support.google.com\/pixelphone\/answer\/6179507\"><span class=\"s11\">https:\/\/support.google.com\/pixelphone\/answer\/6179507<\/span><\/a><br \/>\n\u2013 IOS:\u00a0<a href=\"https:\/\/support.apple.com\/es-es\/HT203033\"><span class=\"s11\">https:\/\/support.apple.com\/es-es\/HT203033<\/span><\/a><\/li>\n<li class=\"s8\" style=\"padding-top: 20px;\"><span class=\"s2\">Destinatarios:<\/span><br \/>\nNo se ceder\u00e1n tus datos personales a ning\u00fan tercero salvo que nos hayas dado tu consentimiento.<\/li>\n<li class=\"s8\" style=\"padding-top: 20px;\"><span class=\"s2\">Transferencias internacionales:<\/span><br \/>\nSe podr\u00e1n realizar transferencias internacionales de tus datos personales a prestadores de servicios de los Corresponsables. Estos prestadores pueden estar ubicados en estados fuera del Espacio Econ\u00f3mico Europeo. Cuando no se haya declarado que cuentan con un nivel de protecci\u00f3n equivalente al europeo, los Corresponsables exigir\u00e1n al destinatario las correspondientes garant\u00edas adecuadas de protecci\u00f3n de datos, tales como la firma de cl\u00e1usulas contractuales tipo o la adhesi\u00f3n a c\u00f3digos de conducta u otros marcos reconocidos por la Uni\u00f3n Europea.<\/li>\n<li class=\"s10\" style=\"padding-top: 20px;\"><span class=\"s2\">Plazo de conservaci\u00f3n:<\/span><br \/>\nLos tratamientos. salvo lo expresado en la Pol\u00edtica de Cookies, tendr\u00e1n como m\u00e1ximo una duraci\u00f3n de 2 a\u00f1os desde la finalizaci\u00f3n del contrato o ejerzas tus derechos de oposici\u00f3n y\/o supresi\u00f3n de datos personales.<\/li>\n<\/ul>\n<ul style=\"padding-left: 40px;\">\n<li class=\"s8\"><span class=\"s2\">Descripci\u00f3n:<\/span><br \/>\nSi te inscribes o participas en eventos organizados por la Sociedad y\/o VGMS, tus datos identificativos y de contacto ser\u00e1n tratados para gestionar tu inscripci\u00f3n y participaci\u00f3n en los mismos, as\u00ed como para controlar el acceso al evento.<\/li>\n<li class=\"s8\" style=\"padding-top: 20px;\"><span class=\"s2\">Base legal:<\/span><br \/>\nGesti\u00f3n de la relaci\u00f3n contractual en la que consiste el evento y la posibilidad dedisfrutar del mismo84. En otros casos, operar\u00e1 el consentimiento manifestado en el momento en que te inscribes en el evento o promoci\u00f3n de la Sociedad y\/o VGMS.<\/li>\n<li class=\"s8\" style=\"padding-top: 20px;\"><span class=\"s2\">Destinatarios:<\/span><br \/>\n&gt;En su caso, se ceder\u00e1n tus datos identificativos y de contacto a aquellas entidades quecoorganicen el evento como corresponsables del tratamiento o que aparezcan indicadas en el formulario correspondiente de recogida de datos, en general con el fin de gestionar el control y acceso al evento, a la promoci\u00f3n del mismo as\u00ed como de sus respectivosproductos y servicios.<br \/>\nEn el caso de eventos online con control de acceso a trav\u00e9s de plataformas de terceros, ser\u00e1 necesario que tus datos sean comunicados a las empresas gestoras de dichas plataformas.<\/li>\n<li class=\"s10\" style=\"padding-top: 20px;\"><span class=\"s2\">Transferencias internacionales:<\/span><br \/>\nNo se realizar\u00e1n transferencias internacionales de tus datos personales, salvo en eventos online con control de acceso a trav\u00e9s de plataformas de terceros que est\u00e9n ubicados en pa\u00edses fuera de la Uni\u00f3n Europea cuyas legislaciones no garanticen un nivel adecuado de protecci\u00f3n de datos. En estos casos, deber\u00e1s aceptar que tus datos sean tratados por dichos terceros para poder acceder al evento.<\/li>\n<li class=\"s10\" style=\"padding-top: 20px;\"><span class=\"s2\">Plazo de conservaci\u00f3n:<\/span><br \/>\nDurante el plazo necesario para la gesti\u00f3n del evento y tu participaci\u00f3n en el mismo.<\/li>\n<\/ul>\n<h5 id=\"cincoocho\" style=\"padding-left: 20px; font-weight: bold; padding-top: 20px;\"><strong><span class=\"s2\">5.<\/span><span class=\"s2\">8<\/span><span class=\"s2\">. Perfilado<\/span><span class=\"s2\">, usos publicitarios e investigaci\u00f3n de mercados<\/span><\/strong><\/h5>\n<ul style=\"padding-left: 40px;\">\n<li class=\"s8\"><span class=\"s2\">Descripci\u00f3n:<\/span><br \/>\nEn funci\u00f3n de tus preferencias sobre el uso de Tu Informaci\u00f3n, los Corresponsables podr\u00e1n utilizarla para emplazamientos publicitarios en la web, prospecci\u00f3n comercial y, de forma agregada para la investigaci\u00f3n de mercados.<\/li>\n<li class=\"s10\" style=\"padding-top: 20px;\"><span class=\"s2\">Base legal:<\/span><br \/>\nEstos tratamientos estar\u00e1n basados en:<\/p>\n<p class=\"s14\">Tu consentimiento, prestado mediante la marcaci\u00f3n de las casillas correspondientes que figuran en los formularios de la p\u00e1gina web. Ya sea a trav\u00e9s de los mecanismos para la recogida y cruce de informaci\u00f3n de nuestras bases de datos de nuestra Pol\u00edtica de Cookies o a trav\u00e9s del \u00e1rea de privada del usuario. Este consentimiento ser\u00e1 revocable en todo momento.<\/p>\n<p class=\"s14\">En los casos en los que no se requiera del consentimiento, por ejemplo, para servir publicidad gen\u00e9rica y contextual b\u00e1sica o realizar prospecciones publicitarias, la base de legitimaci\u00f3n ser\u00e1 inter\u00e9s leg\u00edtimo de la Sociedad y\/o VGMS. En estos casos, tendr\u00e1s el derecho a oponerte a dicho inter\u00e9s leg\u00edtimo en todo momento.<\/p>\n<\/li>\n<li class=\"s8\" style=\"padding-top: 20px;\"><span class=\"s2\">Destinatarios:<\/span><br \/>\nNo se ceder\u00e1n tus datos personales a ning\u00fan tercero salvo que hayas dado tu consentimiento.<\/li>\n<li class=\"s10\" style=\"padding-top: 20px;\"><span class=\"s2\">Transferencias internacionales:<\/span><br \/>\nSe podr\u00e1n realizar transferencias internacionales de tus datos personales a prestadores de servicios de los Corresponsables. Estos prestadores pueden estar ubicados en estados fuera del Espacio Econ\u00f3mico Europeo. Cuando no se haya declarado que cuentan con un nivel de protecci\u00f3n equivalente al europeo, los Corresponsables exigir\u00e1n al destinatario las correspondientes garant\u00edas adecuadas de protecci\u00f3n de datos, tales como la firma de cl\u00e1usulas contractuales tipo o la adhesi\u00f3n a c\u00f3digos de conducta u otros marcos reconocidos por la Uni\u00f3n Europea.<\/li>\n<li class=\"s10\" style=\"padding-top: 20px;\"><span class=\"s2\">Plazo de conservaci\u00f3n:<\/span><br \/>\nLos tratamientos. salvo lo expresado en la Pol\u00edtica de Cookies, tendr\u00e1n como m\u00e1ximo una duraci\u00f3n de 2 a\u00f1os desde la finalizaci\u00f3n del contrato, hasta que revoques el consentimiento prestado (en su caso) o ejerzas tus derechos de oposici\u00f3n y\/o supresi\u00f3n de datos personales.<\/li>\n<\/ul>\n<h5 id=\"cinconueve\" style=\"padding-left: 20px; font-weight: bold; padding-top: 20px;\"><strong><span class=\"s2\">5.<\/span><span class=\"s2\">9<\/span><span class=\"s2\">. Reclamaciones, consultas y solicitudes de informaci\u00f3n<\/span><\/strong><\/h5>\n<ul style=\"padding-left: 40px;\">\n<li class=\"s8\"><span class=\"s2\">Descripci\u00f3n:<\/span><br \/>\nComo usuario de los Servicios tienes derecho a poner reclamaciones, as\u00ed como a realizar consultas o contactar para solicitar informaci\u00f3n. En tal caso, tus datos identificativos y de contacto ser\u00e1n tratados para atender tu reclamaci\u00f3n, consulta o solicitud.<\/li>\n<li class=\"s10\" style=\"padding-top: 20px;\"><span class=\"s2\">Base legal:<\/span><br \/>\nLa gesti\u00f3n contractual o precontractual y, en su caso, el consentimiento prestado al enviar tu reclamaci\u00f3n, consulta o solicitud.<\/li>\n<li class=\"s8\" style=\"padding-top: 20px;\"><span class=\"s2\">Destinatarios:<\/span><br \/>\nNo se ceder\u00e1n tus datos personales a ning\u00fan tercero, salvo que resultase imprescindible para poder atender adecuadamente tu reclamaci\u00f3n, consulta o solicitud.<\/li>\n<li class=\"s10\" style=\"padding-top: 20px;\"><span class=\"s2\">Transferencias internacionales:<\/span><br \/>\nNo se realizar\u00e1n transferencias internacionales de tus datos personales sin mediarmecanismos de garant\u00eda y adecuaci\u00f3n de acuerdo con la normativa.<\/li>\n<li class=\"s10\" style=\"padding-top: 20px;\"><span class=\"s2\">Plazo de conservaci\u00f3n:<\/span><br \/>\nSin menosprecio de lo indicado en el punto 5.5 y 5.8, \u00a0hasta la finalizaci\u00f3n tu relaci\u00f3n con nosotros.<\/li>\n<\/ul>\n<h5 id=\"cincodiez\" style=\"padding-left: 20px; font-weight: bold; padding-top: 20px;\"><strong><span class=\"s2\">5.<\/span><span class=\"s2\">10<\/span><span class=\"s2\">. Publicaci\u00f3n de informaci\u00f3n period\u00edstica<\/span><\/strong><\/h5>\n<ul style=\"padding-left: 40px;\">\n<li class=\"s8\"><span class=\"s2\">Descripci\u00f3n:<\/span><br \/>\nLas noticias, informaciones y contenidos publicados en este Servicio o en cualquiera de los formatos en los que se distribuye (por ejemplo, edici\u00f3n cl\u00e1sica en papel,<span class=\"s12\"> newsletters<\/span>o formatos t\u00e9cnicos espec\u00edficos para determinados usuarios) pueden incluir datos personales de sujetos noticiables por ser de personas de relevancia p\u00fablica, personas con notoriedad p\u00fablica, o, circunstancialmente, por protagonizar o participar en hechos de inter\u00e9s p\u00fablico.<br \/>\nPrincipalmente, los datos personales publicados ser\u00e1n datos identificativos, tales como nombre, apellido, im\u00e1genes y\/o audios; no obstante, en funci\u00f3n del tipo de noticia, y de cara a informar a la opini\u00f3n p\u00fablica de aspectos relevantes de la misma, puede ser pertinente revelar otro tipo de datos, incluyendo en su caso informaci\u00f3n especialmente sensible. Esta informaci\u00f3n procede del ejercicio de la actividad period\u00edstica de la Sociedad y\/o entidades colaboradoras.<\/li>\n<li class=\"s10\" style=\"padding-top: 20px;\"><span class=\"s2\">Base legal:<\/span><br \/>\nCumplimiento de una misi\u00f3n de inter\u00e9s p\u00fablico, esencial para el ejercicio del derecho constitucional a comunicar y recibir libremente informaci\u00f3n veraz as\u00ed como el inter\u00e9s leg\u00edtimo tanto del editor como del usuario a que se produzca esta comunicaci\u00f3n.<\/li>\n<li class=\"s8\" style=\"padding-top: 20px;\"><span class=\"s2\">Destinatarios:<\/span><br \/>\nLos datos publicados tendr\u00e1n por destinatarios a todos los usuarios de este Servicio. Las categor\u00edas de usuarios son por su naturaleza ilimitadas. Desde un usuario particular a entidades de todo tipo. En aras de la claridad, se se\u00f1ala que los tratamientos y los mecanismos utilizados por estos (incluidas las tecnolog\u00edas disruptivas -como la IA- de las que puedan servirse) son ajenos a los Corresponsables y aquellos devendr\u00e1n, en su caso, responsables del tratamiento independientes.<\/li>\n<li class=\"s10\" style=\"padding-top: 20px;\"><span class=\"s2\">Transferencias internacionales:<\/span><br \/>\nSalvo en los contenidos finalmente publicados, no se prev\u00e9n transferencias internacionales espec\u00edficas de estos datos personales. En consecuencia, los datos publicados podr\u00e1n ser accesibles desde cualquier pa\u00eds del mundo de acuerdo con la l\u00f3gica de los servicios period\u00edsticos.<\/li>\n<li class=\"s10\" style=\"padding-top: 20px;\"><span class=\"s2\">Plazo de conservaci\u00f3n:<\/span><br \/>\nLos datos ser\u00e1n tratados de forma indefinida en el tiempo con los l\u00edmites marcados por el ejercicio de derechos en materia de protecci\u00f3n de datos y las mejores pr\u00e1cticas period\u00edsticas.<\/li>\n<\/ul>\n<h5 id=\"cincoonce\" style=\"padding-left: 20px; font-weight: bold; padding-top: 20px;\"><strong><span class=\"s2\">5.1<\/span><span class=\"s2\">1<\/span><span class=\"s2\">. Contentpass<\/span><\/strong><\/h5>\n<p style=\"padding-left: 20px;\">En algunos de nuestros sitios web le ofrecemos un servicio de acceso sin publicidad ni t\u00e9cnicas de seguimiento. Este servicio se llama contentpass y lo ofrece Content Pass GmbH, Wolfswerder 58, 14532 Kleinmachnow, Alemania. Al suscribirse al servicio, \u00e9ste lo contratar\u00e1 directamente con contentpass. Puede encontrar m\u00e1s informaci\u00f3n sobre este servicio en\u00a0<a href=\"https:\/\/contentpass.net\/%20\/t%20_blank\"><span class=\"s11\">contentpass.net<\/span><\/a>. Por favor, haga clic en los siguientes enlaces\u00a0<a href=\"https:\/\/www.contentpass.net\/privacy%20\/t%20_blank\"><span class=\"s11\">para obtener m\u00e1s informaci\u00f3n sobre la protecci\u00f3n de datos en contentpass<\/span><\/a>, para\u00a0<a href=\"https:\/\/www.contentpass.net\/login\/%20\/t%20_blank\"><span class=\"s11\">iniciar sesi\u00f3n en su cuenta de contentpass<\/span><\/a>, o para\u00a0<a href=\"https:\/\/www.contentpass.net\/register\/\"><span class=\"s11\">registrarse en contentpass<\/span><\/a>.<\/p>\n<h4 id=\"seis\" style=\"font-weight: bold; color: #016bc1; padding-top: 20px; line-height: 24px;\"><strong><span class=\"s2\">6.<\/span> <span class=\"s2\">Seguridad<\/span><\/strong><\/h4>\n<p class=\"s8\">La Sociedad y VGMS han implementado y mantienen los niveles de seguridad exigidos por el RGPD para proteger los datos de car\u00e1cter personal de los usuarios frente a p\u00e9rdidas fortuitas y a accesos, tratamientos o revelaciones no autorizados, habida cuenta del estado de la tecnolog\u00eda, la naturaleza de los datos almacenados y los riesgos a que est\u00e1n expuestos. No obstante, la transmisi\u00f3n de informaci\u00f3n a trav\u00e9s de Internet no es totalmente segura; por ello, y a pesar de que la Sociedad y VGMS realizan sus mejores esfuerzos para proteger los datos de los usuarios, no puede garantizar la seguridad de los mismos durante el tr\u00e1nsito hasta el Servicio. Por tanto, toda la informaci\u00f3n que facilites, se enviar\u00e1 por tu cuenta y riesgo. Una vez recibidos tus datos, la Sociedad y VGMS utilizar\u00e1 rigurosos procedimientos y funciones de seguridad para impedir cualquier acceso no autorizado.<\/p>\n<h4 id=\"siete\" style=\"font-weight: bold; color: #016bc1; padding-top: 20px; line-height: 24px;\"><strong><span class=\"s2\">7. Confidencialidad<\/span><\/strong><\/h4>\n<p class=\"s8\">Los datos personales que podamos recabar a trav\u00e9s del Servicio o por medio de las distintas comunicaciones que mantengamos contigo ser\u00e1n tratados con confidencialidad, comprometi\u00e9ndonos a guardar secreto respecto de los mismos de acuerdo con lo establecido en la legislaci\u00f3n aplicable.<\/p>\n<p class=\"s8\">Salvo en los casos en los que haya mediado tu consentimiento u otra base de legitimaci\u00f3n como responsables de los tratamientos de datos personales no utilizaremos para entrenar modelos de inteligencia artificial de terceros.<\/p>\n<h4 id=\"ocho\" style=\"font-weight: bold; color: #016bc1; padding-top: 20px; line-height: 24px;\"><strong><span class=\"s2\">8. Menores<\/span><\/strong><\/h4>\n<p class=\"s8\">Los menores de 14 a\u00f1os no podr\u00e1n usar los servicios disponibles a trav\u00e9s del Servicio sin la previa autorizaci\u00f3n de sus padres, tutores o representantes legales, quienes ser\u00e1n los \u00fanicos responsables de todos los actos realizados a trav\u00e9s del Servicio por los menores a su cargo, incluyendo la cumplimentaci\u00f3n de los formularios con los datos personales de dichos menores y la marcaci\u00f3n, en su caso, de las casillas que los acompa\u00f1an. En este sentido, y en la medida en que la Sociedad y VGMS no tienen capacidad para controlar si los usuarios son o no menores de edad, se advierte de que deber\u00e1n ser los padres y tutores quienes habiliten los mecanismos necesarios para evitar que los menores accedan al Servicio y\/o faciliten datos de car\u00e1cter personal sin su supervisi\u00f3n, no admitiendo los Corresponsables responsabilidad alguna al respecto.<\/p>\n<h4 id=\"nueve\" style=\"font-weight: bold; color: #016bc1; padding-top: 20px; line-height: 24px;\"><strong><span class=\"s2\">9. <\/span><span class=\"s2\">Enlaces de t<\/span><span class=\"s2\">erceros<\/span><\/strong><\/h4>\n<p class=\"s8\">Nuestros sitios web, aplicaciones m\u00f3viles y servicios pueden contener enlaces a p\u00e1ginas web, formularios o servicios gestionados por terceros. Esta Pol\u00edtica de Privacidad no se aplica a ellos. Dado que los Corresponsables no tienen control sobre estos sitios externos, te recomendamos revisar sus propias pol\u00edticas de privacidad antes de hacer clic en ellos o utilizarlos.<\/p>\n<p class=\"s8\"><span class=\"s12\">Plugins<\/span> de redes sociales: Si utilizas los botones o <span class=\"s12\">plugins<\/span> de redes sociales disponibles en nuestra plataforma (como Facebook o X), ten en cuenta que son operados directamente por dichas redes. Por tanto, el tratamiento de tus datos estar\u00e1 sujeto exclusivamente a sus propios t\u00e9rminos de uso, pol\u00edticas de privacidad y de cookies.<\/p>\n<h4 id=\"diez\" style=\"font-weight: bold; color: #016bc1; padding-top: 20px; line-height: 24px;\"><strong><span class=\"s2\">10. <\/span><span class=\"s2\">Car\u00e1cter Subsidiario de esta Pol\u00edtica de Privacidad<\/span><\/strong><\/h4>\n<p class=\"s8\">Con los l\u00edmites marcados por la Ley y salvo que se indique lo contrario en el momento de captaci\u00f3n de los datos o a posteriori, la presente Pol\u00edtica de Privacidad ser\u00e1 de aplicaci\u00f3n directa o, en su caso, subsidiaria en lo que no fuera contrario a los t\u00e9rminos y condiciones espec\u00edficas de cualquier tratamiento realizado por los Corresponsablesconjunta o separadamente.<\/p>\n<h4 id=\"once\" style=\"font-weight: bold; color: #016bc1; padding-top: 20px; line-height: 24px;\"><strong><span class=\"s2\">1<\/span><span class=\"s2\">1<\/span><span class=\"s2\">.<\/span> <span class=\"s2\">Actualizaci\u00f3n de la Pol\u00edtica de Privacidad<\/span><\/strong><\/h4>\n<p class=\"s8\">Es posible que se deba actualizar esta Pol\u00edtica de Privacidad; por ello es necesario que revises esta Pol\u00edtica peri\u00f3dicamente, y especialmente si vas a hacer uso de alg\u00fan servicio o funcionalidad que no hayas utilizado todav\u00eda, con el objetivo de estar adecuadamente informado sobre el tipo de informaci\u00f3n recopilada y su tratamiento. Puedes encontrar la Pol\u00edtica de Privacidad al pie del Servicio. No obstante, lo anterior, te comunicaremos cualquier modificaci\u00f3n de la presente Pol\u00edtica de Privacidad que afecte al tratamiento de tus datos personales.<\/p>\n","protected":false},"excerpt":{"rendered":"<p>1. Identificaci\u00f3n y datos de contacto de los Corresponsables del tratamiento. 2. Informaci\u00f3n general: descripci\u00f3n de la informaci\u00f3n contenida en la pol\u00edtica de privacidad. 3. Informaci\u00f3n necesaria y actualizada. 4. Ejercicio de tus derechos. 5. Informaci\u00f3n detallada de los tratamientos realizados por servicio. 5.1. Registro de usuario. 5.2. Suscripciones On+ y ABC Premium. 5.3. Otros [&hellip;]<\/p>\n","protected":false},"author":1,"featured_media":0,"parent":0,"menu_order":0,"comment_status":"closed","ping_status":"closed","template":"","meta":{"_et_pb_use_builder":"off","_et_pb_old_content":"","_et_gb_content_width":"","inline_featured_image":false},"acf":[],"_links":{"self":[{"href":"https:\/\/www.vocento.com\/wp-json\/wp\/v2\/pages\/28626"}],"collection":[{"href":"https:\/\/www.vocento.com\/wp-json\/wp\/v2\/pages"}],"about":[{"href":"https:\/\/www.vocento.com\/wp-json\/wp\/v2\/types\/page"}],"author":[{"embeddable":true,"href":"https:\/\/www.vocento.com\/wp-json\/wp\/v2\/users\/1"}],"replies":[{"embeddable":true,"href":"https:\/\/www.vocento.com\/wp-json\/wp\/v2\/comments?post=28626"}],"version-history":[{"count":10,"href":"https:\/\/www.vocento.com\/wp-json\/wp\/v2\/pages\/28626\/revisions"}],"predecessor-version":[{"id":28656,"href":"https:\/\/www.vocento.com\/wp-json\/wp\/v2\/pages\/28626\/revisions\/28656"}],"wp:attachment":[{"href":"https:\/\/www.vocento.com\/wp-json\/wp\/v2\/media?parent=28626"}],"curies":[{"name":"wp","href":"https:\/\/api.w.org\/{rel}","templated":true}]}}