{"id":172,"date":"2015-09-01T10:53:44","date_gmt":"2015-09-01T10:53:44","guid":{"rendered":"http:\/\/server.shqiperiamarketing.com\/beauty-wp\/?page_id=172"},"modified":"2026-02-18T15:07:21","modified_gmt":"2026-02-18T13:07:21","slug":"home-page","status":"publish","type":"page","link":"https:\/\/firr.org.pl\/","title":{"rendered":"Cze\u015b\u0107!"},"content":{"rendered":"\n<h2 class=\"wp-block-heading\">Cze\u015b\u0107!<\/h2>\n\n\n\n<figure class=\"wp-block-image\"><img loading=\"lazy\" decoding=\"async\" width=\"446\" height=\"165\" src=\"\/wp-content\/uploads\/2024\/04\/baner-2024-2-446x165.jpg\" alt=\"\" class=\"wp-image-14989\" srcset=\"https:\/\/firr.org.pl\/wp-content\/uploads\/2024\/04\/baner-2024-2-446x165.jpg 446w, https:\/\/firr.org.pl\/wp-content\/uploads\/2024\/04\/baner-2024-2-893x330.jpg 893w, https:\/\/firr.org.pl\/wp-content\/uploads\/2024\/04\/baner-2024-2-1536x568.jpg 1536w, https:\/\/firr.org.pl\/wp-content\/uploads\/2024\/04\/baner-2024-2-2048x758.jpg 2048w, https:\/\/firr.org.pl\/wp-content\/uploads\/2024\/04\/baner-2024-2-1320x488.jpg 1320w\" sizes=\"auto, (max-width: 446px) 100vw, 446px\" \/><\/figure>\n\n\n\n<p class=\"wp-block-paragraph\"><\/p>\n\n\n\n<p class=\"wp-block-paragraph\">Jeste\u015bmy grup\u0105 entuzjast\u00f3w, kt\u00f3rym na sercu le\u017cy dobro ka\u017cdego cz\u0142owieka. Zapa\u0142 do pracy skutkuje licznymi szkoleniami i projektami, kt\u00f3re pomagaj\u0105 coraz wi\u0119kszej liczbie os\u00f3b z niepe\u0142nosprawno\u015bciami.<\/p>\n\n\n\n<p class=\"wp-block-paragraph\">Chcesz nas pozna\u0107 jeszcze bli\u017cej? W takim razie zosta\u0144 z nami d\u0142u\u017cej, poniewa\u017c na bie\u017c\u0105co informujemy, co u nas s\u0142ycha\u0107.<\/p>\n\n\n\n<p class=\"wp-block-paragraph\">Masz pytania? Napisz na <a href=\"mailto:biuro@firr.org.pl\">biuro@firr.org.pl<\/a><\/p>\n\n\n\n<p class=\"wp-block-paragraph\">A tymczasem\u2026 rozgo\u015b\u0107 si\u0119 \ud83d\ude09<\/p>\n","protected":false},"excerpt":{"rendered":"<p>Cze\u015b\u0107! Jeste\u015bmy grup\u0105 entuzjast\u00f3w, kt\u00f3rym na sercu le\u017cy dobro ka\u017cdego cz\u0142owieka. Zapa\u0142 do pracy skutkuje licznymi szkoleniami i projektami, kt\u00f3re pomagaj\u0105 coraz wi\u0119kszej liczbie os\u00f3b z niepe\u0142nosprawno\u015bciami. Chcesz nas pozna\u0107 jeszcze bli\u017cej? W takim razie zosta\u0144 z nami d\u0142u\u017cej, poniewa\u017c na bie\u017c\u0105co informujemy, co u nas s\u0142ycha\u0107. Masz pytania? Napisz na biuro@firr.org.pl A tymczasem\u2026 rozgo\u015b\u0107 [&hellip;]<\/p>\n","protected":false},"author":3,"featured_media":0,"parent":0,"menu_order":0,"comment_status":"closed","ping_status":"closed","template":"","meta":{"_monsterinsights_skip_tracking":false,"footnotes":""},"class_list":["post-172","page","type-page","status-publish","hentry","clearfix"],"aioseo_notices":[],"aioseo_head":"\n\t\t<!-- All in One SEO 5.0.1.1 - aioseo.com -->\n\t<meta name=\"description\" content=\"Cze\u015b\u0107! Jeste\u015bmy grup\u0105 entuzjast\u00f3w, kt\u00f3rym na sercu le\u017cy dobro ka\u017cdego cz\u0142owieka. Zapa\u0142 do pracy skutkuje licznymi szkoleniami i projektami, kt\u00f3re pomagaj\u0105 coraz wi\u0119kszej liczbie os\u00f3b z niepe\u0142nosprawno\u015bciami. Chcesz nas pozna\u0107 jeszcze bli\u017cej? W takim razie zosta\u0144 z nami d\u0142u\u017cej, poniewa\u017c na bie\u017c\u0105co informujemy, co u nas s\u0142ycha\u0107. Masz pytania? Napisz na biuro@firr.org.pl A tymczasem\u2026 rozgo\u015b\u0107\" \/>\n\t<meta name=\"robots\" content=\"max-image-preview:large\" \/>\n\t<link rel=\"canonical\" href=\"https:\/\/firr.org.pl\/\" \/>\n\t<meta name=\"generator\" content=\"All in One SEO (AIOSEO) 5.0.1.1\" \/>\n\t\t<meta property=\"og:locale\" content=\"pl_PL\" \/>\n\t\t<meta property=\"og:site_name\" content=\"Fundacja Instytut Rozwoju Regionalnego - Strona g\u0142\u00f3wna firr.org.pl\" \/>\n\t\t<meta property=\"og:type\" content=\"article\" \/>\n\t\t<meta property=\"og:title\" content=\"Fundacja Instytut Rozwoju Regionalnego\" \/>\n\t\t<meta property=\"og:description\" content=\"Cze\u015b\u0107! Jeste\u015bmy grup\u0105 entuzjast\u00f3w, kt\u00f3rym na sercu le\u017cy dobro ka\u017cdego cz\u0142owieka. Zapa\u0142 do pracy skutkuje licznymi szkoleniami i projektami, kt\u00f3re pomagaj\u0105 coraz wi\u0119kszej liczbie os\u00f3b z niepe\u0142nosprawno\u015bciami. Chcesz nas pozna\u0107 jeszcze bli\u017cej? W takim razie zosta\u0144 z nami d\u0142u\u017cej, poniewa\u017c na bie\u017c\u0105co informujemy, co u nas s\u0142ycha\u0107. Masz pytania? Napisz na biuro@firr.org.pl A tymczasem\u2026 rozgo\u015b\u0107\" \/>\n\t\t<meta property=\"og:url\" content=\"https:\/\/firr.org.pl\/\" \/>\n\t\t<meta property=\"article:published_time\" content=\"2015-09-01T10:53:44+00:00\" \/>\n\t\t<meta property=\"article:modified_time\" content=\"2026-02-18T13:07:21+00:00\" \/>\n\t\t<meta name=\"twitter:card\" content=\"summary_large_image\" \/>\n\t\t<meta name=\"twitter:title\" content=\"Fundacja Instytut Rozwoju Regionalnego\" \/>\n\t\t<meta name=\"twitter:description\" content=\"Cze\u015b\u0107! Jeste\u015bmy grup\u0105 entuzjast\u00f3w, kt\u00f3rym na sercu le\u017cy dobro ka\u017cdego cz\u0142owieka. Zapa\u0142 do pracy skutkuje licznymi szkoleniami i projektami, kt\u00f3re pomagaj\u0105 coraz wi\u0119kszej liczbie os\u00f3b z niepe\u0142nosprawno\u015bciami. Chcesz nas pozna\u0107 jeszcze bli\u017cej? W takim razie zosta\u0144 z nami d\u0142u\u017cej, poniewa\u017c na bie\u017c\u0105co informujemy, co u nas s\u0142ycha\u0107. Masz pytania? Napisz na biuro@firr.org.pl A tymczasem\u2026 rozgo\u015b\u0107\" \/>\n\t\t<script type=\"application\/ld+json\" class=\"aioseo-schema\">\n\t\t\t{\"@context\":\"https:\\\/\\\/schema.org\",\"@graph\":[{\"@type\":\"BreadcrumbList\",\"@id\":\"https:\\\/\\\/firr.org.pl\\\/#breadcrumblist\",\"itemListElement\":[{\"@type\":\"ListItem\",\"@id\":\"https:\\\/\\\/firr.org.pl#listItem\",\"position\":1,\"name\":\"Home\",\"item\":\"https:\\\/\\\/firr.org.pl\",\"nextItem\":{\"@type\":\"ListItem\",\"@id\":\"https:\\\/\\\/firr.org.pl\\\/#listItem\",\"name\":\"Cze\\u015b\\u0107!\"}},{\"@type\":\"ListItem\",\"@id\":\"https:\\\/\\\/firr.org.pl\\\/#listItem\",\"position\":2,\"name\":\"Cze\\u015b\\u0107!\",\"previousItem\":{\"@type\":\"ListItem\",\"@id\":\"https:\\\/\\\/firr.org.pl#listItem\",\"name\":\"Home\"}}]},{\"@type\":\"Organization\",\"@id\":\"https:\\\/\\\/firr.org.pl\\\/#organization\",\"name\":\"Fundacja Instytut Rozwoju Regionalnego\",\"description\":\"Strona g\\u0142\\u00f3wna firr.org.pl\",\"url\":\"https:\\\/\\\/firr.org.pl\\\/\"},{\"@type\":\"WebPage\",\"@id\":\"https:\\\/\\\/firr.org.pl\\\/#webpage\",\"url\":\"https:\\\/\\\/firr.org.pl\\\/\",\"name\":\"Fundacja Instytut Rozwoju Regionalnego\",\"description\":\"Cze\\u015b\\u0107! Jeste\\u015bmy grup\\u0105 entuzjast\\u00f3w, kt\\u00f3rym na sercu le\\u017cy dobro ka\\u017cdego cz\\u0142owieka. Zapa\\u0142 do pracy skutkuje licznymi szkoleniami i projektami, kt\\u00f3re pomagaj\\u0105 coraz wi\\u0119kszej liczbie os\\u00f3b z niepe\\u0142nosprawno\\u015bciami. Chcesz nas pozna\\u0107 jeszcze bli\\u017cej? W takim razie zosta\\u0144 z nami d\\u0142u\\u017cej, poniewa\\u017c na bie\\u017c\\u0105co informujemy, co u nas s\\u0142ycha\\u0107. Masz pytania? Napisz na biuro@firr.org.pl A tymczasem\\u2026 rozgo\\u015b\\u0107\",\"inLanguage\":\"pl-PL\",\"isPartOf\":{\"@id\":\"https:\\\/\\\/firr.org.pl\\\/#website\"},\"breadcrumb\":{\"@id\":\"https:\\\/\\\/firr.org.pl\\\/#breadcrumblist\"},\"datePublished\":\"2015-09-01T10:53:44+02:00\",\"dateModified\":\"2026-02-18T15:07:21+02:00\"},{\"@type\":\"WebSite\",\"@id\":\"https:\\\/\\\/firr.org.pl\\\/#website\",\"url\":\"https:\\\/\\\/firr.org.pl\\\/\",\"name\":\"Fundacja Instytut Rozwoju Regionalnego\",\"description\":\"Strona g\\u0142\\u00f3wna firr.org.pl\",\"inLanguage\":\"pl-PL\",\"publisher\":{\"@id\":\"https:\\\/\\\/firr.org.pl\\\/#organization\"}}]}\n\t\t<\/script>\n\t\t<!-- All in One SEO -->\n\n","aioseo_head_json":{"title":"Fundacja Instytut Rozwoju Regionalnego","description":"Cze\u015b\u0107! Jeste\u015bmy grup\u0105 entuzjast\u00f3w, kt\u00f3rym na sercu le\u017cy dobro ka\u017cdego cz\u0142owieka. Zapa\u0142 do pracy skutkuje licznymi szkoleniami i projektami, kt\u00f3re pomagaj\u0105 coraz wi\u0119kszej liczbie os\u00f3b z niepe\u0142nosprawno\u015bciami. Chcesz nas pozna\u0107 jeszcze bli\u017cej? W takim razie zosta\u0144 z nami d\u0142u\u017cej, poniewa\u017c na bie\u017c\u0105co informujemy, co u nas s\u0142ycha\u0107. Masz pytania? Napisz na biuro@firr.org.pl A tymczasem\u2026 rozgo\u015b\u0107","canonical_url":"https:\/\/firr.org.pl\/","robots":"max-image-preview:large","keywords":"","webmasterTools":{"miscellaneous":""},"schema":{"@context":"https:\/\/schema.org","@graph":[{"@type":"BreadcrumbList","@id":"https:\/\/firr.org.pl\/#breadcrumblist","itemListElement":[{"@type":"ListItem","@id":"https:\/\/firr.org.pl#listItem","position":1,"name":"Home","item":"https:\/\/firr.org.pl","nextItem":{"@type":"ListItem","@id":"https:\/\/firr.org.pl\/#listItem","name":"Cze\u015b\u0107!"}},{"@type":"ListItem","@id":"https:\/\/firr.org.pl\/#listItem","position":2,"name":"Cze\u015b\u0107!","previousItem":{"@type":"ListItem","@id":"https:\/\/firr.org.pl#listItem","name":"Home"}}]},{"@type":"Organization","@id":"https:\/\/firr.org.pl\/#organization","name":"Fundacja Instytut Rozwoju Regionalnego","description":"Strona g\u0142\u00f3wna firr.org.pl","url":"https:\/\/firr.org.pl\/"},{"@type":"WebPage","@id":"https:\/\/firr.org.pl\/#webpage","url":"https:\/\/firr.org.pl\/","name":"Fundacja Instytut Rozwoju Regionalnego","description":"Cze\u015b\u0107! Jeste\u015bmy grup\u0105 entuzjast\u00f3w, kt\u00f3rym na sercu le\u017cy dobro ka\u017cdego cz\u0142owieka. Zapa\u0142 do pracy skutkuje licznymi szkoleniami i projektami, kt\u00f3re pomagaj\u0105 coraz wi\u0119kszej liczbie os\u00f3b z niepe\u0142nosprawno\u015bciami. Chcesz nas pozna\u0107 jeszcze bli\u017cej? W takim razie zosta\u0144 z nami d\u0142u\u017cej, poniewa\u017c na bie\u017c\u0105co informujemy, co u nas s\u0142ycha\u0107. Masz pytania? Napisz na biuro@firr.org.pl A tymczasem\u2026 rozgo\u015b\u0107","inLanguage":"pl-PL","isPartOf":{"@id":"https:\/\/firr.org.pl\/#website"},"breadcrumb":{"@id":"https:\/\/firr.org.pl\/#breadcrumblist"},"datePublished":"2015-09-01T10:53:44+02:00","dateModified":"2026-02-18T15:07:21+02:00"},{"@type":"WebSite","@id":"https:\/\/firr.org.pl\/#website","url":"https:\/\/firr.org.pl\/","name":"Fundacja Instytut Rozwoju Regionalnego","description":"Strona g\u0142\u00f3wna firr.org.pl","inLanguage":"pl-PL","publisher":{"@id":"https:\/\/firr.org.pl\/#organization"}}]},"og:locale":"pl_PL","og:site_name":"Fundacja Instytut Rozwoju Regionalnego - Strona g\u0142\u00f3wna firr.org.pl","og:type":"article","og:title":"Fundacja Instytut Rozwoju Regionalnego","og:description":"Cze\u015b\u0107! Jeste\u015bmy grup\u0105 entuzjast\u00f3w, kt\u00f3rym na sercu le\u017cy dobro ka\u017cdego cz\u0142owieka. Zapa\u0142 do pracy skutkuje licznymi szkoleniami i projektami, kt\u00f3re pomagaj\u0105 coraz wi\u0119kszej liczbie os\u00f3b z niepe\u0142nosprawno\u015bciami. Chcesz nas pozna\u0107 jeszcze bli\u017cej? W takim razie zosta\u0144 z nami d\u0142u\u017cej, poniewa\u017c na bie\u017c\u0105co informujemy, co u nas s\u0142ycha\u0107. Masz pytania? Napisz na biuro@firr.org.pl A tymczasem\u2026 rozgo\u015b\u0107","og:url":"https:\/\/firr.org.pl\/","article:published_time":"2015-09-01T10:53:44+00:00","article:modified_time":"2026-02-18T13:07:21+00:00","twitter:card":"summary_large_image","twitter:title":"Fundacja Instytut Rozwoju Regionalnego","twitter:description":"Cze\u015b\u0107! Jeste\u015bmy grup\u0105 entuzjast\u00f3w, kt\u00f3rym na sercu le\u017cy dobro ka\u017cdego cz\u0142owieka. Zapa\u0142 do pracy skutkuje licznymi szkoleniami i projektami, kt\u00f3re pomagaj\u0105 coraz wi\u0119kszej liczbie os\u00f3b z niepe\u0142nosprawno\u015bciami. Chcesz nas pozna\u0107 jeszcze bli\u017cej? W takim razie zosta\u0144 z nami d\u0142u\u017cej, poniewa\u017c na bie\u017c\u0105co informujemy, co u nas s\u0142ycha\u0107. Masz pytania? Napisz na biuro@firr.org.pl A tymczasem\u2026 rozgo\u015b\u0107"},"aioseo_meta_data":{"post_id":"172","title":"#site_title","description":null,"keywords":null,"keyphrases":{"focus":{"keyphrase":"","score":0,"analysis":{"keyphraseInTitle":{"score":0,"maxScore":9,"error":1}}},"additional":[]},"primary_term":null,"canonical_url":null,"og_title":null,"og_description":null,"og_object_type":"default","og_image_type":"default","og_image_url":null,"og_image_width":null,"og_image_height":null,"og_image_custom_url":null,"og_image_custom_fields":null,"og_video":"","og_custom_url":null,"og_article_section":null,"og_article_tags":null,"twitter_use_og":false,"twitter_card":"default","twitter_image_type":"default","twitter_image_url":null,"twitter_image_custom_url":null,"twitter_image_custom_fields":null,"twitter_title":null,"twitter_description":null,"schema":{"blockGraphs":[],"customGraphs":[],"default":{"data":{"Article":[],"Course":[],"Dataset":[],"FAQPage":[],"Movie":[],"Person":[],"Product":[],"ProductReview":[],"Car":[],"Recipe":[],"Service":[],"SoftwareApplication":[],"WebPage":[]},"graphName":"WebPage","isEnabled":true},"graphs":[]},"schema_type":"default","schema_type_options":null,"pillar_content":false,"robots_default":true,"robots_noindex":false,"robots_noarchive":false,"robots_nosnippet":false,"robots_nofollow":false,"robots_noimageindex":false,"robots_noodp":false,"robots_notranslate":false,"robots_max_snippet":"-1","robots_max_videopreview":"-1","robots_max_imagepreview":"large","priority":null,"frequency":"default","local_seo":null,"breadcrumb_settings":null,"limit_modified_date":false,"ai":{"faqs":[],"keyPoints":[],"titles":[],"descriptions":[],"socialPosts":{"email":[],"linkedin":[],"twitter":[],"facebook":[],"instagram":[]}},"created":"2024-03-21 17:26:06","updated":"2026-02-18 13:11:44","seo_analyzer_scan_date":null,"focus_keyword":null,"additional_keywords":null,"truseo_locale":null},"aioseo_breadcrumb":"<div class=\"aioseo-breadcrumbs\"><span class=\"aioseo-breadcrumb\">\n\t\t\t<a href=\"https:\/\/firr.org.pl\" title=\"Home\">Home<\/a>\n\t\t<\/span><span class=\"aioseo-breadcrumb-separator\">&raquo;<\/span><span class=\"aioseo-breadcrumb\">\n\t\t\tCze\u015b\u0107!\n\t\t<\/span><\/div>","aioseo_breadcrumb_json":[{"label":"Home","link":"https:\/\/firr.org.pl"},{"label":"Cze\u015b\u0107!","link":"https:\/\/firr.org.pl\/"}],"amp_enabled":false,"_links":{"self":[{"href":"https:\/\/firr.org.pl\/wp-json\/wp\/v2\/pages\/172","targetHints":{"allow":["GET"]}}],"collection":[{"href":"https:\/\/firr.org.pl\/wp-json\/wp\/v2\/pages"}],"about":[{"href":"https:\/\/firr.org.pl\/wp-json\/wp\/v2\/types\/page"}],"author":[{"embeddable":true,"href":"https:\/\/firr.org.pl\/wp-json\/wp\/v2\/users\/3"}],"replies":[{"embeddable":true,"href":"https:\/\/firr.org.pl\/wp-json\/wp\/v2\/comments?post=172"}],"version-history":[{"count":22,"href":"https:\/\/firr.org.pl\/wp-json\/wp\/v2\/pages\/172\/revisions"}],"predecessor-version":[{"id":17003,"href":"https:\/\/firr.org.pl\/wp-json\/wp\/v2\/pages\/172\/revisions\/17003"}],"wp:attachment":[{"href":"https:\/\/firr.org.pl\/wp-json\/wp\/v2\/media?parent=172"}],"curies":[{"name":"wp","href":"https:\/\/api.w.org\/{rel}","templated":true}]}}